{"id":346,"date":"2018-04-18T13:21:18","date_gmt":"2018-04-18T16:21:18","guid":{"rendered":"http:\/\/www.terapiasdeavanzada.org\/web\/?post_type=al_product&#038;p=346"},"modified":"2019-10-09T16:01:29","modified_gmt":"2019-10-09T19:01:29","slug":"avalos-antonio-dr","status":"publish","type":"al_product","link":"https:\/\/www.terapiasdeavanzada.org\/web\/products\/avalos-antonio-dr\/","title":{"rendered":"Avalos, Antonio \u2013 Dr."},"content":{"rendered":"<div class=\"wpbdp-field-display wpbdp-field wpbdp-field-value field-display field-value wpbdp-field-nombre wpbdp-field-title wpbdp-field-type-textfield wpbdp-field-association-title \"><span style=\"font-family: helvetica, arial, sans-serif;\"><label>Nombre:<\/label><span class=\"value\"><a href=\"http:\/\/www.terapiasdeavanzada.org\/listado-terapeutas\/avalos-antonio-dr\/\" target=\"_self\">Avalos, Antonio \u2013 Dr.<\/a><\/span><\/span><\/div>\n<div class=\"wpbdp-field-display wpbdp-field wpbdp-field-value field-display field-value wpbdp-field-pais wpbdp-field-meta wpbdp-field-type-select wpbdp-field-association-meta \"><span style=\"font-family: helvetica, arial, sans-serif;\"><label>Pa\u00eds:<\/label><span class=\"value\">Argentina<\/span><\/span><\/div>\n<div class=\"wpbdp-field-display wpbdp-field wpbdp-field-value field-display field-value wpbdp-field-provincia wpbdp-field-category wpbdp-field-type-select wpbdp-field-association-category \"><span style=\"font-family: helvetica, arial, sans-serif;\"><label>Provincia:<\/label><span class=\"value\"><a href=\"http:\/\/www.terapiasdeavanzada.org\/listado-terapeutas\/terapeuta-tipo\/cordoba\/\" rel=\"tag\">C\u00f3rdoba<\/a><\/span><\/span><\/div>\n<div class=\"wpbdp-field-display wpbdp-field wpbdp-field-value field-display field-value wpbdp-field-localidad_o_ciudad wpbdp-field-meta wpbdp-field-type-textfield wpbdp-field-association-meta \"><span style=\"font-family: helvetica, arial, sans-serif;\"><label>Ciudad:\u00a0<\/label><span class=\"value\">C\u00f3rdoba<\/span><\/span><\/div>\n<div class=\"wpbdp-field-display wpbdp-field wpbdp-field-value field-display field-value wpbdp-field-tipo_de_tecnica wpbdp-field-meta wpbdp-field-type-multiselect wpbdp-field-association-meta \"><span style=\"font-family: helvetica, arial, sans-serif;\"><label>Tipo de T\u00e9cnica:<\/label><span class=\"value\">EMDR, TIC, EFT, CROMOTERAPIA<\/span><\/span><\/div>\n<div class=\"wpbdp-field-display wpbdp-field wpbdp-field-value field-display field-value wpbdp-field-telefono wpbdp-field-meta wpbdp-field-type-textfield wpbdp-field-association-meta \"><span style=\"font-family: helvetica, arial, sans-serif;\"><label>Tel\u00e9fono:<\/label><span class=\"value\">(03543) 427-957<\/span><\/span><\/div>\n<div class=\"wpbdp-field-display wpbdp-field wpbdp-field-value field-display field-value wpbdp-field-otro_telefono wpbdp-field-meta wpbdp-field-type-textfield wpbdp-field-association-meta \"><span style=\"font-family: helvetica, arial, sans-serif;\"><label>Otro tel\u00e9fono:<\/label><span class=\"value\">(0351) 156-806-535<\/span><\/span><\/div>\n<div class=\"wpbdp-field-display wpbdp-field wpbdp-field-value field-display field-value wpbdp-field-especialidad wpbdp-field-meta wpbdp-field-type-textfield wpbdp-field-association-meta \"><span style=\"font-family: helvetica, arial, sans-serif;\"><label>Especialidad:<\/label><span class=\"value\">Psicoterapia, Psicof\u00e1rmaco terapia, j\u00f3venes y adultos, Trastornos de Ansiedad y Depresi\u00f3n<\/span><\/span><\/div>\n<div class=\"wpbdp-field-display wpbdp-field wpbdp-field-value field-display field-value wpbdp-field-cv wpbdp-field-content wpbdp-field-type-textarea wpbdp-field-association-content \"><span style=\"font-family: helvetica, arial, sans-serif;\"><label>CV:<br \/>\n<\/label>M\u00e9dico MP: 20844 ME.8820<\/span><br \/>\n<span style=\"font-family: helvetica, arial, sans-serif;\">Especialista en Psiquiatr\u00eda \u2013 U.N.C.<\/span><br \/>\n<span style=\"font-family: helvetica, arial, sans-serif;\">Especialista en Medicina Legal \u2013 U.N.C.<\/span><br \/>\n<span style=\"font-family: helvetica, arial, sans-serif;\">Docente Universitario en Medicina \u2013 U.N.C.<\/span><br \/>\n<span style=\"font-family: helvetica, arial, sans-serif;\">Mag\u00edster en Psiquiatr\u00eda Forense \u2013 U.N.L.P.<\/span><br \/>\n<span style=\"font-family: helvetica, arial, sans-serif;\">Doctor en Medicina y Cirug\u00eda \u2013 U.N.C.<\/span><br \/>\n<span style=\"font-family: helvetica, arial, sans-serif;\">Terapeuta en TIC (T\u00e9cnicas de Integraci\u00f3n Cerebral) T\u00e9cnica de los Anteojos Hemisf\u00e9ricos y T\u00e9cnica de Un Ojo por Vez<\/span><br \/>\n<span style=\"font-family: helvetica, arial, sans-serif;\">Terapeuta en EFT<\/span><br \/>\n<span style=\"font-family: helvetica, arial, sans-serif;\">Terapeuta en Cromo-TIC<\/span><br \/>\n<span style=\"font-family: helvetica, arial, sans-serif;\">Terapeuta en EMDR (Desensibilizaci\u00f3n y reprocesamiento por el movimiento ocular)Funciones Actuales:<\/span><br \/>\n<span style=\"font-family: helvetica, arial, sans-serif;\">Docente Postgrado Medicina Laboral \u2013 U.N.C.<\/span><br \/>\n<span style=\"font-family: helvetica, arial, sans-serif;\">Docente Postgrado Medicina Legal \u2013 U.N.C.<\/span><br \/>\n<span style=\"font-family: helvetica, arial, sans-serif;\">Coordinador Servicio de Psiquiatr\u00eda Forense T.S.J. de la Provincia de C\u00f3rdoba.<\/span><br \/>\n<span style=\"font-family: helvetica, arial, sans-serif;\">Miembro Consejo Acad\u00e9mico de la Especialidad en Psiquiatr\u00eda U.N.C.Antecedentes:<br \/>\n<\/span><span style=\"font-family: helvetica, arial, sans-serif;\">Ex Docente C\u00e1tedra de Medicina Psicosocial \u2013 U.N.C.<br \/>\n<\/span><span style=\"font-family: helvetica, arial, sans-serif;\">Ex Docente C\u00e1tedra de Cl\u00ednica Psiqui\u00e1trica \u2013 U.N.C.<br \/>\n<\/span><span style=\"font-family: helvetica, arial, sans-serif;\">Ex Docente C\u00e1tedra de Cl\u00ednica Psiqui\u00e1trica \u2013 U.N.C.<br \/>\n<\/span><span style=\"font-family: helvetica, arial, sans-serif;\">Ex Docente Postgrado de Psiquiatr\u00eda Hospital Emilio Vidal Abal De Oliva.<br \/>\n<\/span><span style=\"font-family: helvetica, arial, sans-serif;\">Ex Docente Postgrado de Psiquiatr\u00eda Hospital Neuropsiqui\u00e1trico Provincial.<\/span><\/div>\n","protected":false},"excerpt":{"rendered":"<p>Nombre:Avalos, Antonio \u2013 Dr. Pa\u00eds:Argentina Provincia:C\u00f3rdoba Ciudad:\u00a0C\u00f3rdoba Tipo de T\u00e9cnica:EMDR, TIC, EFT, CROMOTERAPIA Tel\u00e9fono:(03543) 427-957 Otro tel\u00e9fono:(0351) 156-806-535 Especialidad:Psicoterapia, Psicof\u00e1rmaco terapia, j\u00f3venes y adultos, Trastornos de Ansiedad y Depresi\u00f3n CV: M\u00e9dico MP: 20844 ME.8820 Especialista en Psiquiatr\u00eda \u2013 U.N.C. Especialista en Medicina Legal \u2013 U.N.C. Docente Universitario en Medicina \u2013 U.N.C. Mag\u00edster en Psiquiatr\u00eda Forense &hellip;<\/p>\n<p class=\"read-more\"> <a class=\"\" href=\"https:\/\/www.terapiasdeavanzada.org\/web\/products\/avalos-antonio-dr\/\"> <span class=\"screen-reader-text\">Avalos, Antonio \u2013 Dr.<\/span> Leer m\u00e1s &raquo;<\/a><\/p>\n","protected":false},"featured_media":1416,"template":"","meta":{"site-sidebar-layout":"default","site-content-layout":"default","ast-global-header-display":"","ast-banner-title-visibility":"","ast-main-header-display":"","ast-hfb-above-header-display":"","ast-hfb-below-header-display":"","ast-hfb-mobile-header-display":"","site-post-title":"","ast-breadcrumbs-content":"","ast-featured-img":"","footer-sml-layout":"","theme-transparent-header-meta":"","adv-header-id-meta":"","stick-header-meta":"","header-above-stick-meta":"","header-main-stick-meta":"","header-below-stick-meta":""},"al_product-cat":[90,163,164],"_links":{"self":[{"href":"https:\/\/www.terapiasdeavanzada.org\/web\/wp-json\/wp\/v2\/al_product\/346"}],"collection":[{"href":"https:\/\/www.terapiasdeavanzada.org\/web\/wp-json\/wp\/v2\/al_product"}],"about":[{"href":"https:\/\/www.terapiasdeavanzada.org\/web\/wp-json\/wp\/v2\/types\/al_product"}],"wp:featuredmedia":[{"embeddable":true,"href":"https:\/\/www.terapiasdeavanzada.org\/web\/wp-json\/wp\/v2\/media\/1416"}],"wp:attachment":[{"href":"https:\/\/www.terapiasdeavanzada.org\/web\/wp-json\/wp\/v2\/media?parent=346"}],"wp:term":[{"taxonomy":"al_product-cat","embeddable":true,"href":"https:\/\/www.terapiasdeavanzada.org\/web\/wp-json\/wp\/v2\/al_product-cat?post=346"}],"curies":[{"name":"wp","href":"https:\/\/api.w.org\/{rel}","templated":true}]}}