{"id":840,"date":"2018-08-08T18:28:26","date_gmt":"2018-08-08T21:28:26","guid":{"rendered":"http:\/\/www.terapiasdeavanzada.org\/web\/?post_type=al_product&#038;p=840"},"modified":"2021-03-07T20:29:38","modified_gmt":"2021-03-07T23:29:38","slug":"buscaglia-susana-dra","status":"publish","type":"al_product","link":"https:\/\/www.terapiasdeavanzada.org\/web\/products\/buscaglia-susana-dra\/","title":{"rendered":"Buscaglia, Susana \u2013 Dra."},"content":{"rendered":"<div class=\"wpbdp-field-display wpbdp-field wpbdp-field-value field-display field-value wpbdp-field-nombre wpbdp-field-title wpbdp-field-type-textfield wpbdp-field-association-title \"><span style=\"font-family: helvetica, arial, sans-serif;\"><label>Nombre:\u00a0<\/label><span class=\"value\"><a href=\"http:\/\/www.terapiasdeavanzada.org\/listado-terapeutas\/buscaglia-susana-dra\/\" target=\"_self\">Buscaglia, Susana \u2013 Dra.<\/a><\/span><\/span><\/div>\n<div class=\"wpbdp-field-display wpbdp-field wpbdp-field-value field-display field-value wpbdp-field-pais wpbdp-field-meta wpbdp-field-type-select wpbdp-field-association-meta \"><span style=\"font-family: helvetica, arial, sans-serif;\"><label>Pa\u00eds:\u00a0<\/label><span class=\"value\">Argentina<\/span><\/span><\/div>\n<div class=\"wpbdp-field-display wpbdp-field wpbdp-field-value field-display field-value wpbdp-field-provincia wpbdp-field-category wpbdp-field-type-select wpbdp-field-association-category \"><span style=\"font-family: helvetica, arial, sans-serif;\"><label>Provincia:\u00a0<\/label><span class=\"value\"><a href=\"http:\/\/www.terapiasdeavanzada.org\/listado-terapeutas\/terapeuta-tipo\/capital-federal\/\" rel=\"tag\">Capital Federal<\/a><\/span><\/span><\/div>\n<div class=\"wpbdp-field-display wpbdp-field wpbdp-field-value field-display field-value wpbdp-field-localidad_o_ciudad wpbdp-field-meta wpbdp-field-type-textfield wpbdp-field-association-meta \"><span style=\"font-family: helvetica, arial, sans-serif;\"><label>Localidad o Ciudad:\u00a0<\/label><span class=\"value\">Recoleta<\/span><\/span><\/div>\n<div class=\"wpbdp-field-display wpbdp-field wpbdp-field-value field-display field-value wpbdp-field-tipo_de_tecnica wpbdp-field-meta wpbdp-field-type-multiselect wpbdp-field-association-meta \"><span style=\"font-family: helvetica, arial, sans-serif;\"><label>Tipo de T\u00e9cnica:\u00a0<\/label><span class=\"value\">EMDR, TIC, EFT, TOUCH FOR HEALTH, TREE, BRAIN GYM, PERFILES DE ORGANIZACI\u00d3N CEREBRAL, HIPNOSIS ERICKSONIANA Y TERAPIAS BREVES.\/ CROMO-TIC<\/span><\/span><\/div>\n<div class=\"wpbdp-field-display wpbdp-field wpbdp-field-value field-display field-value wpbdp-field-telefono wpbdp-field-meta wpbdp-field-type-textfield wpbdp-field-association-meta \"><span style=\"font-family: helvetica, arial, sans-serif;\"><label>Tel\u00e9fono:\u00a0 +54 9 11 6423-4847<\/label><\/span><\/div>\n<div class=\"wpbdp-field-display wpbdp-field wpbdp-field-value field-display field-value wpbdp-field-especialidad wpbdp-field-meta wpbdp-field-type-textfield wpbdp-field-association-meta \"><span style=\"font-family: helvetica, arial, sans-serif;\"><label>Especialidad:\u00a0<\/label><span class=\"value\">Ni\u00f1os &#8211; Adolescentes &#8211; Adultos<\/span><\/span><\/div>\n<div class=\"wpbdp-field-display wpbdp-field wpbdp-field-value field-display field-value wpbdp-field-web wpbdp-field-meta wpbdp-field-type-url wpbdp-field-association-meta \"><span style=\"font-family: helvetica, arial, sans-serif;\"><label>Web:<\/label><span class=\"value\"><a title=\"www.susanabuscaglia.com\" href=\"http:\/\/www.susanabuscaglia.com\/\" target=\"_blank\" rel=\"noopener\">www.susanabuscaglia.com<\/a><\/span><\/span><\/div>\n<div><b style=\"font-family: helvetica, arial, sans-serif;\"><br \/>\n<\/b><span style=\"font-family: helvetica, arial, sans-serif;\">Dra. en Psicolog\u00eda &#8211; UMSA<\/span><b style=\"font-family: helvetica, arial, sans-serif;\"><br \/>\n<\/b><span style=\"font-family: helvetica, arial, sans-serif;\">Facilitadora de EMDR del EMDR Institute, Inc. USA<\/span><br \/>\n<span style=\"font-family: helvetica, arial, sans-serif;\">Terapeuta Certificada en TIC \/ TREE \/ EFT \/ PET \/ ESCENA FUNDANTE \/ TAT \/ CROMO-TIC<\/span><br \/>\n<span style=\"font-family: helvetica, arial, sans-serif;\">Instructora Internacional de Brain Gym\u00ae\u00a0 y de Touch for Health\u00ae<\/span><br \/>\n<span style=\"font-family: helvetica, arial, sans-serif;\">Terapeuta Familiar Sist\u00e9mica<\/span><br \/>\n<span style=\"font-family: helvetica, arial, sans-serif;\">Mediadora familiar &#8211; Institut de Formation et d\u00b4application des Therapies de la Comunication Saint Etienne, Francia &#8211; Institut des Sciences de la Flle Universite Catholique de Lyon, Francia<\/span><br \/>\n<span style=\"font-family: helvetica, arial, sans-serif;\">Hipnoterapeuta Ericksoniana<\/span><br \/>\n<span style=\"font-family: helvetica, arial, sans-serif;\">Ex Profesora Titular del Doctorado en Psicolog\u00eda Social <\/span><br \/>\n<span style=\"font-family: helvetica, arial, sans-serif;\">Ex. Profesora Titular en el Curso de Post Grado en la Especializaci\u00f3n en Cl\u00ednica de la Universidad J.F. Kennedy. C\u00e1tedra de Grupos. Familia y Pareja<\/span><br \/>\n<span style=\"font-family: helvetica, arial, sans-serif;\">Faculty Member para Argentina de Brain Gym\u00ae Internacional.<\/span><br \/>\n<span style=\"font-family: helvetica, arial, sans-serif;\">Co-autora de Terapias de Avanzada \u2013 Vol 1, Vol. 2, Vol. 3, y Vol. 4. TdeA Ed.- Bs As. 2008<\/span><br \/>\n<span style=\"font-family: helvetica, arial, sans-serif;\">Actual Presidente Emdria Latinoam\u00e9rica Asoc.Civil<\/span><\/div>\n<div><span style=\"font-family: helvetica, arial, sans-serif;\">Directora Acad\u00e9mica de Terapias de Avanzada\u00ae<\/span><\/div>\n","protected":false},"excerpt":{"rendered":"<p>Nombre:\u00a0Buscaglia, Susana \u2013 Dra. Pa\u00eds:\u00a0Argentina Provincia:\u00a0Capital Federal Localidad o Ciudad:\u00a0Recoleta Tipo de T\u00e9cnica:\u00a0EMDR, TIC, EFT, TOUCH FOR HEALTH, TREE, BRAIN GYM, PERFILES DE ORGANIZACI\u00d3N CEREBRAL, HIPNOSIS ERICKSONIANA Y TERAPIAS BREVES.\/ CROMO-TIC Tel\u00e9fono:\u00a0 +54 9 11 6423-4847 Especialidad:\u00a0Ni\u00f1os &#8211; Adolescentes &#8211; Adultos Web:www.susanabuscaglia.com Dra. en Psicolog\u00eda &#8211; UMSA Facilitadora de EMDR del EMDR Institute, Inc. USA &hellip;<\/p>\n<p class=\"read-more\"> <a class=\"\" href=\"https:\/\/www.terapiasdeavanzada.org\/web\/products\/buscaglia-susana-dra\/\"> <span class=\"screen-reader-text\">Buscaglia, Susana \u2013 Dra.<\/span> Leer m\u00e1s &raquo;<\/a><\/p>\n","protected":false},"featured_media":1401,"template":"","meta":{"site-sidebar-layout":"default","site-content-layout":"default","ast-global-header-display":"","ast-banner-title-visibility":"","ast-main-header-display":"","ast-hfb-above-header-display":"","ast-hfb-below-header-display":"","ast-hfb-mobile-header-display":"","site-post-title":"","ast-breadcrumbs-content":"","ast-featured-img":"","footer-sml-layout":"","theme-transparent-header-meta":"","adv-header-id-meta":"","stick-header-meta":"","header-above-stick-meta":"","header-main-stick-meta":"","header-below-stick-meta":""},"al_product-cat":[90,152,160],"_links":{"self":[{"href":"https:\/\/www.terapiasdeavanzada.org\/web\/wp-json\/wp\/v2\/al_product\/840"}],"collection":[{"href":"https:\/\/www.terapiasdeavanzada.org\/web\/wp-json\/wp\/v2\/al_product"}],"about":[{"href":"https:\/\/www.terapiasdeavanzada.org\/web\/wp-json\/wp\/v2\/types\/al_product"}],"wp:featuredmedia":[{"embeddable":true,"href":"https:\/\/www.terapiasdeavanzada.org\/web\/wp-json\/wp\/v2\/media\/1401"}],"wp:attachment":[{"href":"https:\/\/www.terapiasdeavanzada.org\/web\/wp-json\/wp\/v2\/media?parent=840"}],"wp:term":[{"taxonomy":"al_product-cat","embeddable":true,"href":"https:\/\/www.terapiasdeavanzada.org\/web\/wp-json\/wp\/v2\/al_product-cat?post=840"}],"curies":[{"name":"wp","href":"https:\/\/api.w.org\/{rel}","templated":true}]}}