{"id":1545,"date":"2021-06-28T09:59:04","date_gmt":"2021-06-28T12:59:04","guid":{"rendered":"http:\/\/www.terapiasdeavanzada.org\/web\/?page_id=1545"},"modified":"2025-10-08T17:06:45","modified_gmt":"2025-10-08T20:06:45","slug":"cursos-online-2021","status":"publish","type":"page","link":"https:\/\/www.terapiasdeavanzada.org\/web\/cursos-online-2021\/","title":{"rendered":"CURSOS ONLINE"},"content":{"rendered":"\n<p style=\"text-align: left;\"><strong>Para m\u00e1s informaci\u00f3n e inscripci\u00f3n a nuestros cursos agradeceremos nos escriba a<br><a href=\"mailto:terapiasdeavanzada@gmail.com\">terapiasdeavanzada@gmail.com<\/a>&nbsp;<br>Por favor inf\u00f3rmenos desde que Pa\u00eds nos escribe.<\/strong><br><br><\/p>\n\n\n\n<h3><span style=\"color: #ff0000;\"><img decoding=\"async\" loading=\"lazy\" class=\"wp-image-2706 alignleft\" src=\"http:\/\/www.terapiasdeavanzada.org\/web\/wp-content\/uploads\/2025\/10\/TRASTORNO-DE-APEGO-OCTUBRE-2025-300x285.jpg\" alt=\"\" width=\"440\" height=\"418\" srcset=\"https:\/\/www.terapiasdeavanzada.org\/web\/wp-content\/uploads\/2025\/10\/TRASTORNO-DE-APEGO-OCTUBRE-2025-300x285.jpg 300w, https:\/\/www.terapiasdeavanzada.org\/web\/wp-content\/uploads\/2025\/10\/TRASTORNO-DE-APEGO-OCTUBRE-2025-600x570.jpg 600w, https:\/\/www.terapiasdeavanzada.org\/web\/wp-content\/uploads\/2025\/10\/TRASTORNO-DE-APEGO-OCTUBRE-2025-168x160.jpg 168w, https:\/\/www.terapiasdeavanzada.org\/web\/wp-content\/uploads\/2025\/10\/TRASTORNO-DE-APEGO-OCTUBRE-2025.jpg 756w\" sizes=\"(max-width: 440px) 100vw, 440px\" \/>Trastornos de Apego<br><\/span>10 y 11 de Octubre de 2025<\/h3>\n<p>Docente:<br>Dra. Raquel C. Ferrazzano de Solvey<br><br>Un espacio de formaci\u00f3n para comprender los v\u00ednculos tempranos, su impacto en el desarrollo emocional y las consecuencias cl\u00ednicas de los trastornos de apego&nbsp;<br><br>Viernes 10 de 13:00 a 18:00 hs<br>S\u00e1bado 11 de 9:00 a 13:00 hs&nbsp;<br>(Hora de Argentina)&nbsp; &nbsp; &nbsp; &nbsp; &nbsp; &nbsp; &nbsp; &nbsp;<br>Modalidad: Online v\u00eda ZOOM<\/p>\n<p>&nbsp;<\/p>\n<p><\/p>\n\n\n\n<h3><span style=\"color: #ff0000;\"><img decoding=\"async\" loading=\"lazy\" class=\" wp-image-2708 alignleft\" src=\"http:\/\/www.terapiasdeavanzada.org\/web\/wp-content\/uploads\/2025\/10\/cuestionarios-diagnosticos-269x300.jpg\" alt=\"\" width=\"424\" height=\"472\" srcset=\"https:\/\/www.terapiasdeavanzada.org\/web\/wp-content\/uploads\/2025\/10\/cuestionarios-diagnosticos-269x300.jpg 269w, https:\/\/www.terapiasdeavanzada.org\/web\/wp-content\/uploads\/2025\/10\/cuestionarios-diagnosticos-143x160.jpg 143w, https:\/\/www.terapiasdeavanzada.org\/web\/wp-content\/uploads\/2025\/10\/cuestionarios-diagnosticos.jpg 576w\" sizes=\"(max-width: 424px) 100vw, 424px\" \/>Cuestionarios Diagn\u00f3sticos<br><\/span>Aplicaci\u00f3n y Evaluaci\u00f3n<br><br>17 de octubre de 2025<\/h3>\n<p>Docente:<br>Lic. Prof. Rosana Romano<u>&nbsp;<br><\/u><u>&nbsp;<\/u>Un encuentro pr\u00e1ctico y especializado para aprender a aplicar y evaluar cuestionarios diagn\u00f3sticos en el \u00e1mbito cl\u00ednico y terap\u00e9utico.<\/p>\n<p>Para Profesionales de la salud mental<u><br><\/u><u><\/u>Terapeutas, Psicoterapeutas, <br>Estudiantes Avanzados<br><br>Modalidad: Online v\u00eda ZOOM<br><br><\/p>\n<p>&nbsp;<\/p>\n\n\n\n<h3><span style=\"color: #ff0000;\"><img decoding=\"async\" loading=\"lazy\" class=\" wp-image-2719 alignleft\" src=\"http:\/\/www.terapiasdeavanzada.org\/web\/wp-content\/uploads\/2025\/10\/cromo-200x300.jpg\" alt=\"\" width=\"406\" height=\"610\" srcset=\"https:\/\/www.terapiasdeavanzada.org\/web\/wp-content\/uploads\/2025\/10\/cromo-200x300.jpg 200w, https:\/\/www.terapiasdeavanzada.org\/web\/wp-content\/uploads\/2025\/10\/cromo-683x1024.jpg 683w, https:\/\/www.terapiasdeavanzada.org\/web\/wp-content\/uploads\/2025\/10\/cromo-768x1152.jpg 768w, https:\/\/www.terapiasdeavanzada.org\/web\/wp-content\/uploads\/2025\/10\/cromo-400x600.jpg 400w, https:\/\/www.terapiasdeavanzada.org\/web\/wp-content\/uploads\/2025\/10\/cromo-107x160.jpg 107w, https:\/\/www.terapiasdeavanzada.org\/web\/wp-content\/uploads\/2025\/10\/cromo.jpg 1024w\" sizes=\"(max-width: 406px) 100vw, 406px\" \/>CromoTIC<br \/><\/span>18 de Octubre de 2025<\/h3>\n<p>Entrenadora:<br \/>Dra. Raquel C Ferrazzano De Solvey<\/p>\n<p>CromoTIC, es una novedosa t\u00e9cnica psicoterap\u00e9utica desarrollada por los Dres. Daniel As\u00eds y Pablo y Raquel Solvey, basada en la combinaci\u00f3n de cromoterapia y estimulaci\u00f3n sonora bilateral.<\/p>\n<p>Se fundamenta en la acci\u00f3n que tienen los colores sobre el organismo tanto en el plano f\u00edsico como mental, focalizando en la situaci\u00f3n traum\u00e1tica las longitudes de onda de los diferentes colores del arco iris combinados con los sonidos correspondientes a esos colores crean una sinergia terap\u00e9utica muy potente que va produciendo cambios en las emociones disfuncionales hasta modificarlas positivamente y volverlas adaptativas. Esto se acompa\u00f1a de una reestructuraci\u00f3n cognitiva profunda.<\/p>\n<p>Con estos nuevos desarrollos se logra acelerar y potenciar los efectos terap\u00e9uticos y obtener resultados m\u00e1s veloces en los tratamientos de los distintos cuadros tales como los trastornos de ansiedad, ataques de p\u00e1nico, fobias, trastorno obsesivo-compulsivo, estr\u00e9s postraum\u00e1tico, depresiones, trastornos disociativos y condiciones som\u00e1ticas.<\/p>\n<p>Puede ser utilizada dentro de cualquier esquema terap\u00e9utico: Cognitivo, Psicodin\u00e1mico, Conductual, Gest\u00e1ltico, EMDR, Transpersonal, Sist\u00e9mico, etc.<\/p>\n\n\n\n\n\n<h3><span style=\"color: #ff0000;\"><img decoding=\"async\" loading=\"lazy\" class=\" wp-image-2722 alignleft\" src=\"http:\/\/www.terapiasdeavanzada.org\/web\/wp-content\/uploads\/2025\/10\/TREE-200x300.jpg\" alt=\"\" width=\"439\" height=\"659\" srcset=\"https:\/\/www.terapiasdeavanzada.org\/web\/wp-content\/uploads\/2025\/10\/TREE-200x300.jpg 200w, https:\/\/www.terapiasdeavanzada.org\/web\/wp-content\/uploads\/2025\/10\/TREE-683x1024.jpg 683w, https:\/\/www.terapiasdeavanzada.org\/web\/wp-content\/uploads\/2025\/10\/TREE-768x1152.jpg 768w, https:\/\/www.terapiasdeavanzada.org\/web\/wp-content\/uploads\/2025\/10\/TREE-400x600.jpg 400w, https:\/\/www.terapiasdeavanzada.org\/web\/wp-content\/uploads\/2025\/10\/TREE-107x160.jpg 107w, https:\/\/www.terapiasdeavanzada.org\/web\/wp-content\/uploads\/2025\/10\/TREE.jpg 1024w\" sizes=\"(max-width: 439px) 100vw, 439px\" \/>TREE<sup>\u00ae<\/sup> &#8211; Nivel 1 B\u00e1sico<br \/><\/span><strong>T\u00e9cnica de Reprogramaci\u00f3n Energ\u00e9tica Emocional<br \/><\/strong>Viernes 31 de Octubre y S\u00e1bado 1\u00ba de Noviembre\u00a0de 2025<\/h3>\n<p>Entrenadora:<br \/>Dra. Raquel C. Ferrazzano de Solvey<br \/><br \/>Conjunto de t\u00e9cnicas usadas para la liberaci\u00f3n del estr\u00e9s emocional y f\u00edsico, tomadas de distintos m\u00e9todos de tratamiento, desarrollados en EE UU por m\u00e9dicos psiquiatras y quiropr\u00e1cticos.<br \/><br \/>En estas t\u00e9cnicas se usa como m\u00e9todo de diagn\u00f3stico el Test de Respuesta Muscular, para detectar y disolver los bloqueos que producen las emociones negativas en el flujo de la energ\u00eda vital y sus s\u00edntomas permitiendo a las personas corregir los patrones negativos, resultantes de experiencias del pasado y al alcanzar un mayor grado de libertad de elecci\u00f3n para el presente y el futuro<br \/>Se pueden tratar alteraciones tanto emocionales como f\u00edsicas, ansiedades, fobias, obsesiones, depresiones, adicciones, alergias, enfermedades f\u00edsicas y trastornos som\u00e1ticos.<br \/>Se puede usar solo o en combinaci\u00f3n con cualquier otra t\u00e9cnica terap\u00e9utica, para acelerar sus resultados.<br \/><br \/>Modalidad: Entrenamiento PRESENCIAL<\/p>\n\n\n\n<div class=\"x1xegmmw\">\n<div class=\"\">\u00a0<\/div>\n<\/div>\n<div class=\"html-div xdj266r x14z9mp xat24cr x1lziwak xexx8yu xyri2b x18d9i69 x1c1uobl x9f619 xjbqb8w x78zum5 x15mokao x1ga7v0g x16uus16 xbiv7yw x1uhb9sk x1plvlek xryxfnj x1iyjqo2 x2lwn1j xeuugli x1q0g3np xqjyukv x1qjc9v5 x1oa3qoh x1nhvcw1\">\n<div class=\"html-div xdj266r x14z9mp xat24cr x1lziwak xexx8yu xyri2b x18d9i69 x1c1uobl x9f619 xjbqb8w x78zum5 x15mokao x1ga7v0g x16uus16 xbiv7yw x1uhb9sk x1plvlek xryxfnj x1iyjqo2 x2lwn1j xeuugli xdt5ytf xqjyukv x1qjc9v5 x1oa3qoh x1nhvcw1\">\n<div class=\"html-div xdj266r x14z9mp xat24cr x1lziwak xexx8yu xyri2b x18d9i69 x1c1uobl x9f619 xjbqb8w x78zum5 x15mokao x1ga7v0g x16uus16 xbiv7yw x1uhb9sk x1plvlek xryxfnj x1c4vz4f x2lah0s xdt5ytf xqjyukv x1qjc9v5 x1oa3qoh x1nhvcw1\">\n<div class=\"html-div xdj266r x14z9mp xat24cr x1lziwak xexx8yu xyri2b x18d9i69 x1c1uobl x9f619 xjbqb8w x78zum5 x15mokao x1ga7v0g x16uus16 xbiv7yw x1uhb9sk x1plvlek xryxfnj x1c4vz4f x2lah0s x1q0g3np xqjyukv x1qjc9v5 x1oa3qoh x1nhvcw1\">\n<div>\n<div class=\"html-div xdj266r x14z9mp xat24cr x1lziwak xexx8yu xyri2b x18d9i69 x1c1uobl x9f619 xjbqb8w x1rg5ohu x15mokao x1ga7v0g x16uus16 xbiv7yw x1uhb9sk x1plvlek xryxfnj x1c4vz4f x2lah0s x1oa3qoh\">\n<div class=\"html-div xdj266r x14z9mp xat24cr x1lziwak xexx8yu xyri2b x18d9i69 x1c1uobl x9f619 xjbqb8w x78zum5 x15mokao x1ga7v0g x16uus16 xbiv7yw x1n2onr6 x1plvlek xryxfnj x1c4vz4f x2lah0s x1q0g3np xqjyukv x6s0dn4 x1oa3qoh x1nhvcw1\" style=\"text-align: center;\"><img decoding=\"async\" loading=\"lazy\" class=\" wp-image-2701 alignleft\" src=\"http:\/\/www.terapiasdeavanzada.org\/web\/wp-content\/uploads\/2025\/09\/EMDR-1-SEPTIEMBRE-12-254x300.jpg\" alt=\"\" width=\"426\" height=\"503\" srcset=\"https:\/\/www.terapiasdeavanzada.org\/web\/wp-content\/uploads\/2025\/09\/EMDR-1-SEPTIEMBRE-12-254x300.jpg 254w, https:\/\/www.terapiasdeavanzada.org\/web\/wp-content\/uploads\/2025\/09\/EMDR-1-SEPTIEMBRE-12-508x600.jpg 508w, https:\/\/www.terapiasdeavanzada.org\/web\/wp-content\/uploads\/2025\/09\/EMDR-1-SEPTIEMBRE-12-136x160.jpg 136w, https:\/\/www.terapiasdeavanzada.org\/web\/wp-content\/uploads\/2025\/09\/EMDR-1-SEPTIEMBRE-12.jpg 576w\" sizes=\"(max-width: 426px) 100vw, 426px\" \/><span style=\"color: #ff0000; font-size: 1.375rem; font-weight: bold;\">Entrenamiento: TdeA-EMDR\u00ae&#xfe0f; Nivel 1<br \/><br \/><\/span><strong style=\"color: #282727; font-size: 1.375rem;\"><span style=\"color: #ff0000;\">12, 13, 19 y 20 de Septiembre de 2025<\/span><\/strong><\/div>\n<\/div>\n<\/div>\n<div class=\"html-div xdj266r x14z9mp xat24cr x1lziwak xexx8yu xyri2b x18d9i69 x1c1uobl x9f619 xjbqb8w x78zum5 x15mokao x1ga7v0g x16uus16 xbiv7yw x1uhb9sk x1plvlek xryxfnj x1c4vz4f x2lah0s xdt5ytf xqjyukv x1qjc9v5 x1oa3qoh x1nhvcw1\" style=\"text-align: center;\"><span class=\"x193iq5w xeuugli x13faqbe x1vvkbs xt0psk2 x1i0vuye xvs91rp xo1l8bm x5n08af x10wh9bi xpm28yp x8viiok x1o7cslx x126k92a\">Una t\u00e9cnica innovadora, r\u00e1pida y efectiva para el abordaje de:<br \/>Trastornos de ansiedad<br \/>Traumas<br \/>Fobias<br \/>S\u00edntomas f\u00edsicos<\/span><\/div>\n<div>\u00a0<\/div>\n<div class=\"html-div xdj266r x14z9mp xat24cr x1lziwak xexx8yu xyri2b x18d9i69 x1c1uobl x9f619 xjbqb8w x78zum5 x15mokao x1ga7v0g x16uus16 xbiv7yw x1uhb9sk x1plvlek xryxfnj x1c4vz4f x2lah0s xdt5ytf xqjyukv x1qjc9v5 x1oa3qoh x1nhvcw1\" style=\"text-align: center;\"><span class=\"x193iq5w xeuugli x13faqbe x1vvkbs xt0psk2 x1i0vuye xvs91rp xo1l8bm x5n08af x10wh9bi xpm28yp x8viiok x1o7cslx x126k92a\">Entrenadoras:<br \/>Dra. Raquel C. Ferrazzano de Solvey<br \/>Prof. Lic. Rosana Romano<br \/><br \/>Certificado emitido por Terapias de Avanzada\u00ae<br \/><br \/>Modalidad: Entrenamiento virtual v\u00eda ZOOM<br \/><br \/>Horarios<br \/>* Viernes 12 y 19 de septiembre \u2014 de 13:00 a 18:00 hs<br \/>* S\u00e1bados 13 y 20 de septiembre \u2014 de 9:00 a 13:00 hs y de 14:30 a 19:00 hs<\/span><\/div>\n<div style=\"text-align: center;\">Informes e inscripci\u00f3n: <a href=\"mailto:terapiasdeavanzada@gmail.com\">terapiasdeavanzada@gmail.com<\/a><\/div>\n<div>Indicar desde donde nos escribe<\/div>\n<div>\u00a0<\/div>\n<\/div>\n<\/div>\n<\/div>\n<\/div>\n\n\n\n<h3><strong><span style=\"color: #ff0000;\"><img decoding=\"async\" loading=\"lazy\" class=\" wp-image-2702 alignleft\" src=\"http:\/\/www.terapiasdeavanzada.org\/web\/wp-content\/uploads\/2025\/09\/PET-SEPTIEMBRE-2025-300x300.jpg\" alt=\"\" width=\"425\" height=\"425\" srcset=\"https:\/\/www.terapiasdeavanzada.org\/web\/wp-content\/uploads\/2025\/09\/PET-SEPTIEMBRE-2025-300x300.jpg 300w, https:\/\/www.terapiasdeavanzada.org\/web\/wp-content\/uploads\/2025\/09\/PET-SEPTIEMBRE-2025-150x150.jpg 150w, https:\/\/www.terapiasdeavanzada.org\/web\/wp-content\/uploads\/2025\/09\/PET-SEPTIEMBRE-2025-160x160.jpg 160w, https:\/\/www.terapiasdeavanzada.org\/web\/wp-content\/uploads\/2025\/09\/PET-SEPTIEMBRE-2025.jpg 576w\" sizes=\"(max-width: 425px) 100vw, 425px\" \/>PET (Pain Erasing Technique): Borrado del dolor y m\u00e1s all\u00e1&#8230;&nbsp;<\/span><\/strong><br><span style=\"color: #ff0000;\">S\u00e1bado 27 de Septiembre de2025<\/span><\/h3>\n<p style=\"text-align: center;\">Entrenadoras:<br>Dra. Raquel C. Ferrazzano de Solvey<br>Lic. Prof. Rosana Romano<br><br>Una t\u00e9cnica \u00fanica y transformadora para abordar el dolor f\u00edsico y emocional de manera profunda y eficaz .<br>Ideal para tratar:<br>Dolores f\u00edsicos y emocionales<br>Traumas<br>Bloqueos emocionales<br>Horario:<br>S\u00e1bado 27 de septiembre de| 9:00 a 13:00 hs<br>(Horario de Argentina)<br>Modalidad: Online v\u00eda ZOOM<br>Informes e inscripci\u00f3n: terapiasdeavanzada@gmail.com<br>Indicar desde qu\u00e9 pa\u00eds nos escriben<\/p>\n\n\n\n<h3 style=\"text-align: center;\"><span style=\"color: #ff0000;\">Desarrollo del Cerebro Infantil bajo Estr\u00e9s y Trauma<\/span><\/h3>\n<p><strong><span style=\"font-size: 1rem; color: #ff0000;\"><span style=\"color: #808080;\"><img decoding=\"async\" loading=\"lazy\" class=\"wp-image-2688 alignleft\" src=\"http:\/\/www.terapiasdeavanzada.org\/web\/wp-content\/uploads\/2025\/07\/DESARROLLO-DEL-CEREBRO-INFANTIL-300x300.jpg\" alt=\"\" width=\"364\" height=\"364\" srcset=\"https:\/\/www.terapiasdeavanzada.org\/web\/wp-content\/uploads\/2025\/07\/DESARROLLO-DEL-CEREBRO-INFANTIL-300x300.jpg 300w, https:\/\/www.terapiasdeavanzada.org\/web\/wp-content\/uploads\/2025\/07\/DESARROLLO-DEL-CEREBRO-INFANTIL-150x150.jpg 150w, https:\/\/www.terapiasdeavanzada.org\/web\/wp-content\/uploads\/2025\/07\/DESARROLLO-DEL-CEREBRO-INFANTIL-160x160.jpg 160w, https:\/\/www.terapiasdeavanzada.org\/web\/wp-content\/uploads\/2025\/07\/DESARROLLO-DEL-CEREBRO-INFANTIL.jpg 576w\" sizes=\"(max-width: 364px) 100vw, 364px\" \/>Viernes 1\u00ba de Agosto de 2025<br><\/span><\/span><\/strong><strong><span style=\"font-size: 1rem; color: #ff0000;\"><span style=\"color: #808080;\">Un seminario te\u00f3rico imprescindible para comprender c\u00f3mo el estr\u00e9s y el trauma afectan el desarrollo cerebral en la<\/span> <span style=\"color: #808080;\">infancia y c\u00f3mo intervenir desde un enfoque actualizado y basado en neurociencias.<\/span><br><span style=\"color: #808080;\">Dirigido a profesionales de la salud mental, terapeutas y educadores.<\/span><br><span style=\"color: #808080;\">Horario: 13:00 a 16:00 hs (Hora Argentina)<\/span><br><span style=\"color: #808080;\">Modalidad: Virtual v\u00eda ZOOM<\/span><br><span style=\"color: #808080;\"><br>Para inscripciones o consultas, escribinos a: terapiasdeavanzada@gmail.com<\/span><br><span style=\"color: #808080;\">Indicar desde qu\u00e9 pa\u00eds nos escriben.<\/span><\/span><span style=\"font-size: 1rem; color: #ff0000;\"><br><\/span><span style=\"font-size: 1rem; color: #ff0000;\"><br><\/span><\/strong><\/p>\n\n\n\n<h2 style=\"text-align: center;\"><span style=\"color: #ff0000;\">ENTRENAMIENTOS Y SEMINARIOS 2025<\/span><\/h2>\n\n\n\n<h3 style=\"text-align: center;\"><span style=\"color: #ff0000;\">Curaci\u00f3n Remota: \u00bfPor qu\u00e9 funciona la curaci\u00f3n a distancia?<\/span><\/h3>\n<p><img decoding=\"async\" loading=\"lazy\" class=\" wp-image-2690 alignleft\" src=\"http:\/\/www.terapiasdeavanzada.org\/web\/wp-content\/uploads\/2025\/07\/CURACION-REMOTA-AGOSTO-300x300.jpg\" alt=\"\" width=\"352\" height=\"352\" srcset=\"https:\/\/www.terapiasdeavanzada.org\/web\/wp-content\/uploads\/2025\/07\/CURACION-REMOTA-AGOSTO-300x300.jpg 300w, https:\/\/www.terapiasdeavanzada.org\/web\/wp-content\/uploads\/2025\/07\/CURACION-REMOTA-AGOSTO-150x150.jpg 150w, https:\/\/www.terapiasdeavanzada.org\/web\/wp-content\/uploads\/2025\/07\/CURACION-REMOTA-AGOSTO-160x160.jpg 160w, https:\/\/www.terapiasdeavanzada.org\/web\/wp-content\/uploads\/2025\/07\/CURACION-REMOTA-AGOSTO.jpg 576w\" sizes=\"(max-width: 352px) 100vw, 352px\" \/>Viernes 8 de Agosto de 2025<\/p>\n<p>Un espacio te\u00f3rico para comprender desde un enfoque integrador por qu\u00e9 y c\u00f3mo funcionan los procesos de curaci\u00f3n a distancia, cada vez m\u00e1s presentes en la pr\u00e1ctica terap\u00e9utica actual.<\/p>\n<p><br \/>Dirigido a profesionales de la salud mental, terapeutas y personas interesadas en profundizar en esta tem\u00e1tica.<\/p>\n<p><br \/>Horario: 13:00 a 18:00 hs (Hora Argentina)<br \/>Modalidad: Seminario Virtual v\u00eda ZOOM<\/p>\n<p style=\"text-align: center;\">Para mas informacion escribir a <a href=\"mailto:terapiasdeavanzada@gmail.com\">terapiasdeavanzada@gmail.com<\/a><\/p>\n\n\n\n<h3 style=\"text-align: center;\"><span style=\"color: #ff0000;\"><img decoding=\"async\" loading=\"lazy\" class=\" wp-image-2692 alignleft\" src=\"http:\/\/www.terapiasdeavanzada.org\/web\/wp-content\/uploads\/2025\/07\/TAT-NIVEL-2-agosto-2025-300x300.jpg\" alt=\"\" width=\"363\" height=\"363\" srcset=\"https:\/\/www.terapiasdeavanzada.org\/web\/wp-content\/uploads\/2025\/07\/TAT-NIVEL-2-agosto-2025-300x300.jpg 300w, https:\/\/www.terapiasdeavanzada.org\/web\/wp-content\/uploads\/2025\/07\/TAT-NIVEL-2-agosto-2025-150x150.jpg 150w, https:\/\/www.terapiasdeavanzada.org\/web\/wp-content\/uploads\/2025\/07\/TAT-NIVEL-2-agosto-2025-160x160.jpg 160w, https:\/\/www.terapiasdeavanzada.org\/web\/wp-content\/uploads\/2025\/07\/TAT-NIVEL-2-agosto-2025.jpg 576w\" sizes=\"(max-width: 363px) 100vw, 363px\" \/>TAT Nivel 2&nbsp; &#8211; T\u00e9cnica de Acupresi\u00f3n de Tapas<\/span><\/h3>\n<p>S\u00e1bado 9 de Agosto de 2025<\/p>\n<p style=\"text-align: left;\">Continuamos profundizando en esta poderosa t\u00e9cnica de desbloqueo emocional y reducci\u00f3n de estr\u00e9s que trabaja sobre el campo energ\u00e9tico y los patrones de pensamiento limitantes.<br>Dirigido a quienes hayan realizado el Nivel 1.<br>Horario: de 9:00 a 13:00 hs (Hora Argentina)<br>Modalidad: Entrenamiento Virtual v\u00eda ZOOM<br>&nbsp;Para inscripciones o consultas, escribinos a: terapiasdeavanzada@gmail.com<br>Indicar desde qu\u00e9 pa\u00eds nos escriben<\/p>\n<p>&nbsp;<\/p>\n\n\n\n<h3><img decoding=\"async\" loading=\"lazy\" class=\" wp-image-2694 alignleft\" src=\"http:\/\/www.terapiasdeavanzada.org\/web\/wp-content\/uploads\/2025\/07\/TREE-269x300.jpg\" alt=\"\" width=\"356\" height=\"397\" srcset=\"https:\/\/www.terapiasdeavanzada.org\/web\/wp-content\/uploads\/2025\/07\/TREE-269x300.jpg 269w, https:\/\/www.terapiasdeavanzada.org\/web\/wp-content\/uploads\/2025\/07\/TREE-537x600.jpg 537w, https:\/\/www.terapiasdeavanzada.org\/web\/wp-content\/uploads\/2025\/07\/TREE-143x160.jpg 143w, https:\/\/www.terapiasdeavanzada.org\/web\/wp-content\/uploads\/2025\/07\/TREE.jpg 576w\" sizes=\"(max-width: 356px) 100vw, 356px\" \/><span style=\"color: #ff0000;\">TREE &#8211; Nivel 1 B\u00e1sico&nbsp; (T\u00e9cnica de Reprogramaci\u00f3n Energ\u00e9tica Emocional)&nbsp;<\/span><\/h3>\n<p>Viernes 15 y S\u00e1bado 16 de Agosto de 2025<br>Una poderosa herramienta para liberar bloqueos emocionales, restaurar la energ\u00eda vital y favorecer el bienestar integral de las personas.<br><br>Horarios: Viernes de 9:00 a 13:00 hs y S\u00e1bado de 14:30 a 17:00 hs<br>Modalidad: Entrenamiento PRESENCIAL<br>Para inscripciones o consultas, escribinos a: <a href=\"mailto:terapiasdeavanzada@gmail.com\">terapiasdeavanzada@gmail.com<\/a><br>Indicar desde qu\u00e9 pa\u00eds nos escriben<br><br><\/p>\n<p>&nbsp;<\/p>\n\n\n\n<h3 style=\"text-align: center;\"><span style=\"color: #ff0000;\"><img decoding=\"async\" loading=\"lazy\" class=\" wp-image-2696 alignleft\" src=\"http:\/\/www.terapiasdeavanzada.org\/web\/wp-content\/uploads\/2025\/07\/TIC-AGOSTO-1-300x300.jpg\" alt=\"\" width=\"416\" height=\"416\" srcset=\"https:\/\/www.terapiasdeavanzada.org\/web\/wp-content\/uploads\/2025\/07\/TIC-AGOSTO-1-300x300.jpg 300w, https:\/\/www.terapiasdeavanzada.org\/web\/wp-content\/uploads\/2025\/07\/TIC-AGOSTO-1-150x150.jpg 150w, https:\/\/www.terapiasdeavanzada.org\/web\/wp-content\/uploads\/2025\/07\/TIC-AGOSTO-1-160x160.jpg 160w, https:\/\/www.terapiasdeavanzada.org\/web\/wp-content\/uploads\/2025\/07\/TIC-AGOSTO-1.jpg 576w\" sizes=\"(max-width: 416px) 100vw, 416px\" \/>TIC\u00ae Nivel 1&nbsp;<\/span><br><span style=\"color: #ff0000;\">(T\u00e9cnicas de Integraci\u00f3n Cerebral)<\/span><br><span style=\"color: #ff0000;\">Un Ojo x Vez\u00ae y Anteojos Hemisf\u00e9ricos\u00ae<\/span><\/h3>\n<p>&nbsp;<\/p>\n<p style=\"text-align: left;\">29, 30 y 31 de Agosto de 2025<br>Una t\u00e9cnica innovadora, r\u00e1pida y efectiva para la integraci\u00f3n cerebral y el abordaje de traumas, estr\u00e9s, trastornos de ansiedad, fobias y s\u00edntomas f\u00edsicos.&nbsp;<br><br>Para todo tipo de Trastornos de ansiedad, Traumas, Fobias y S\u00edntomas f\u00edsicos.<br>Fechas y horarios: Viernes 29: 13:00 a 18:00 hs \/ S\u00e1bado 30 de 9:00 a 13:00 hs y 14:30 a 19:00 hs y Domingo 31 de&nbsp; 9:00 a 13:00 hs<\/p>\n<p style=\"text-align: center;\">Modalidad: Entrenamiento virtual v\u00eda ZOOM<br>Para inscripciones o consultas, escribinos a: <br><a href=\"mailto:terapiasdeavanzada@gmail.com\">terapiasdeavanzada@gmail.com<\/a><br>Indicar desde qu\u00e9 pa\u00eds nos escriben.<br><br><\/p>\n\n\n\n<h3 style=\"text-align: center;\"><img decoding=\"async\" loading=\"lazy\" class=\" wp-image-2671 alignleft\" src=\"http:\/\/www.terapiasdeavanzada.org\/web\/wp-content\/uploads\/2025\/05\/TRASTORNOS-DE-ANSIEDAD-JUNIO-6-254x300.jpg\" alt=\"\" width=\"359\" height=\"424\" srcset=\"https:\/\/www.terapiasdeavanzada.org\/web\/wp-content\/uploads\/2025\/05\/TRASTORNOS-DE-ANSIEDAD-JUNIO-6-254x300.jpg 254w, https:\/\/www.terapiasdeavanzada.org\/web\/wp-content\/uploads\/2025\/05\/TRASTORNOS-DE-ANSIEDAD-JUNIO-6-508x600.jpg 508w, https:\/\/www.terapiasdeavanzada.org\/web\/wp-content\/uploads\/2025\/05\/TRASTORNOS-DE-ANSIEDAD-JUNIO-6-136x160.jpg 136w, https:\/\/www.terapiasdeavanzada.org\/web\/wp-content\/uploads\/2025\/05\/TRASTORNOS-DE-ANSIEDAD-JUNIO-6.jpg 576w\" sizes=\"(max-width: 359px) 100vw, 359px\" \/><span style=\"color: #ff0000;\">Trastornos de Ansiedad<\/span>&nbsp;<br><br><\/h3>\n<p style=\"text-align: center;\">Un seminario virtual para profundizar en los trastornos de ansiedad. Ideal para profesionales que buscan actualizar sus conocimientos y herramientas de abordaje.&nbsp;<br><br>Docente:&nbsp;<br><strong>Dra. Raquel C. Ferrazzano de Solvey<\/strong><br><br>Viernes 6 de Junio de 2025<br>de 9:30 a 13:30 y 15:00 a 18:00hs.<br>(Horario de Argentina)<br><br>&#x1f4bb; Modalidad: Online<br><br>Para mas informacion escribir a <a href=\"mailto:terapiasdeavanzada@gmail.com\">terapiasdeavanzada@gmail.com<\/a><br><br><\/p>\n\n\n\n<h3 style=\"text-align: center;\"><span style=\"color: #ff0000;\"><img decoding=\"async\" loading=\"lazy\" class=\"wp-image-2677 alignleft\" src=\"http:\/\/www.terapiasdeavanzada.org\/web\/wp-content\/uploads\/2025\/05\/los-5-cerebros-JUNIO-7-254x300.jpg\" alt=\"\" width=\"378\" height=\"446\" srcset=\"https:\/\/www.terapiasdeavanzada.org\/web\/wp-content\/uploads\/2025\/05\/los-5-cerebros-JUNIO-7-254x300.jpg 254w, https:\/\/www.terapiasdeavanzada.org\/web\/wp-content\/uploads\/2025\/05\/los-5-cerebros-JUNIO-7-508x600.jpg 508w, https:\/\/www.terapiasdeavanzada.org\/web\/wp-content\/uploads\/2025\/05\/los-5-cerebros-JUNIO-7-136x160.jpg 136w, https:\/\/www.terapiasdeavanzada.org\/web\/wp-content\/uploads\/2025\/05\/los-5-cerebros-JUNIO-7.jpg 576w\" sizes=\"(max-width: 378px) 100vw, 378px\" \/>Los Cinco Cerebros<\/span><\/h3>\n<p style=\"text-align: left;\"><span style=\"color: #000000;\"><strong>(Sistema Nervioso Central, Perif\u00e9rico, Aut\u00f3nomo, Ent\u00e9rico y Cerebro del Coraz\u00f3n)<\/strong><\/span><br><br><span style=\"color: #000000;\"><strong>Una mirada profunda desde las neurociencias para comprender la complejidad del cerebro en los procesos terap\u00e9uticos y en la regulaci\u00f3n emocional.<\/strong><\/span><br><br><span style=\"color: #000000;\"><strong>Docente: <br>Dra. Raquel C. Ferrazzano de Solvey<\/strong><\/span><\/p>\n<p style=\"text-align: left;\"><span style=\"color: #000000;\"><strong>Fecha: S\u00e1bado 7 de junio de 2025<\/strong><\/span><br><span style=\"color: #000000;\"><strong>Horario: de 9:00 a 14:00 hs (Hora Argentina)<\/strong><\/span><br><br><strong><span style=\"color: #000000;\">Modalidad: Online v\u00eda ZOOM<\/span><\/strong><br><strong><br>Para mas informacion escribir a:&nbsp; &nbsp; &nbsp;<a href=\"mailto:terapiasdeavanzada@gmail.com\">terapiasdeavanzada@gmail.com&nbsp;<\/a><\/strong><br><br><\/p>\n\n\n\n<h3 style=\"text-align: center;\"><span style=\"color: #ff0000;\"><b><img decoding=\"async\" loading=\"lazy\" class=\" wp-image-2681 alignleft\" src=\"http:\/\/www.terapiasdeavanzada.org\/web\/wp-content\/uploads\/2025\/05\/EL-CODIGO-DE-LA-EMOCION-JUNIO-13-254x300.jpg\" alt=\"\" width=\"393\" height=\"465\" srcset=\"https:\/\/www.terapiasdeavanzada.org\/web\/wp-content\/uploads\/2025\/05\/EL-CODIGO-DE-LA-EMOCION-JUNIO-13-254x300.jpg 254w, https:\/\/www.terapiasdeavanzada.org\/web\/wp-content\/uploads\/2025\/05\/EL-CODIGO-DE-LA-EMOCION-JUNIO-13-508x600.jpg 508w, https:\/\/www.terapiasdeavanzada.org\/web\/wp-content\/uploads\/2025\/05\/EL-CODIGO-DE-LA-EMOCION-JUNIO-13-136x160.jpg 136w, https:\/\/www.terapiasdeavanzada.org\/web\/wp-content\/uploads\/2025\/05\/EL-CODIGO-DE-LA-EMOCION-JUNIO-13.jpg 576w\" sizes=\"(max-width: 393px) 100vw, 393px\" \/>EL CODIGO DE LA EMOCI\u00d3N<\/b><\/span><\/h3>\n<p style=\"text-align: center;\"><b>Emociones Atrapadas<br><\/b><b>(Se necesita saber Test Muscular)<\/b><\/p>\n<p style=\"text-align: center;\"><b>Viernes 13 <\/b><b>de junio de 2025<br>Modalidad: Presencial <\/b><\/p>\n<p style=\"text-align: center;\"><b>Entrenadora<br><\/b><b>Dra. Raquel C. <\/b><b>Ferrazzano<\/b><b> de <\/b><b>Solvey<\/b><\/p>\n<p>&nbsp;<\/p>\n<p>&nbsp;<\/p>\n<p>&nbsp;<\/p>\n<p>&nbsp;<\/p>\n\n\n\n<h3 style=\"text-align: center;\"><span style=\"color: #ff0000;\"><img decoding=\"async\" loading=\"lazy\" class=\" wp-image-2679 alignleft\" src=\"http:\/\/www.terapiasdeavanzada.org\/web\/wp-content\/uploads\/2025\/05\/limpieza-del-alma-14-JUNIO-254x300.jpg\" alt=\"\" width=\"400\" height=\"473\" srcset=\"https:\/\/www.terapiasdeavanzada.org\/web\/wp-content\/uploads\/2025\/05\/limpieza-del-alma-14-JUNIO-254x300.jpg 254w, https:\/\/www.terapiasdeavanzada.org\/web\/wp-content\/uploads\/2025\/05\/limpieza-del-alma-14-JUNIO-508x600.jpg 508w, https:\/\/www.terapiasdeavanzada.org\/web\/wp-content\/uploads\/2025\/05\/limpieza-del-alma-14-JUNIO-136x160.jpg 136w, https:\/\/www.terapiasdeavanzada.org\/web\/wp-content\/uploads\/2025\/05\/limpieza-del-alma-14-JUNIO.jpg 576w\" sizes=\"(max-width: 400px) 100vw, 400px\" \/>Limpieza del Alma<\/span> <\/h3>\n<p style=\"text-align: center;\"><strong>&nbsp;Curso Online&nbsp;<\/strong><\/p>\n<ul>\n<li style=\"text-align: center;\"><strong>Es una t\u00e9cnica desarrollada a partir de la combinaci\u00f3n de varias otras t\u00e9cnicas. Puede eliminar r\u00e1pidamente sentimientos inconfortables, creencias limitantes, y programas subconscientes.<\/strong><\/li>\n<li style=\"text-align: center;\"><strong>Est\u00e1 basada en la premisa que la mente subconsciente es un fiel servidor y hace todo lo que le ordenamos.<\/strong><\/li>\n<li style=\"text-align: center;\"><strong>Los tratamientos de L del A consisten en darle instrucciones a la mente (subconsciente) para que, cada vez que se repite una palabra \u201cclave\u201d acompa\u00f1ada de ciertas frases, se eliminar\u00e1 o neutralizar\u00e1 un problema espec\u00edfico.<\/strong><\/li>\n<li style=\"text-align: center;\"><strong>Pertenece a las T\u00e9cnicas de Integraci\u00f3n Cerebral<sup>\u00ae<\/sup>&nbsp;y est\u00e1&nbsp;fundamentada neurofisiol\u00f3gicamente&nbsp;&nbsp;(Solvey, R \u2013 2019)<\/strong><\/li>\n<li style=\"text-align: center;\"><strong>Va directamente al sistema real de mando y control de la mente subconsciente y se basa&nbsp;en&nbsp;enfocar la atenci\u00f3n y la intenci\u00f3n, para liberar sentimientos, creencias y maneras de ser inadecuadas o perjudiciales.<\/strong><\/li>\n<li style=\"text-align: center;\"><strong>Elimina de ra\u00edz y del consciente y del subconsciente tanto las creencias autolimitantes, los s\u00edntomas f\u00edsicos y las ra\u00edces emocionales de los malestares.<\/strong><\/li>\n<\/ul>\n<p style=\"text-align: center;\"><strong>Fecha: S\u00e1bado 14 de junio<\/strong><br><strong>de 9:00 a 13:30 hs (Hora Argentina)<\/strong><br><strong>Para mas informacion escribir a <a href=\"mailto:terapiasdeavanzada@gmail.com\">terapiasdeavanzada@gmail.com<\/a><\/strong><\/p>\n\n\n\n<h3 style=\"text-align: center;\"><span style=\"color: #ff0000;\"><img decoding=\"async\" loading=\"lazy\" class=\" wp-image-2683 alignleft\" src=\"http:\/\/www.terapiasdeavanzada.org\/web\/wp-content\/uploads\/2025\/05\/EMDR-2-JUNIO-2025-254x300.jpg\" alt=\"\" width=\"408\" height=\"482\" srcset=\"https:\/\/www.terapiasdeavanzada.org\/web\/wp-content\/uploads\/2025\/05\/EMDR-2-JUNIO-2025-254x300.jpg 254w, https:\/\/www.terapiasdeavanzada.org\/web\/wp-content\/uploads\/2025\/05\/EMDR-2-JUNIO-2025-508x600.jpg 508w, https:\/\/www.terapiasdeavanzada.org\/web\/wp-content\/uploads\/2025\/05\/EMDR-2-JUNIO-2025-136x160.jpg 136w, https:\/\/www.terapiasdeavanzada.org\/web\/wp-content\/uploads\/2025\/05\/EMDR-2-JUNIO-2025.jpg 576w\" sizes=\"(max-width: 408px) 100vw, 408px\" \/>Entrenamiento: TdeA-EMDR\u00ae&#xfe0f; Nivel 2&nbsp;<\/span><\/h3>\n<p style=\"text-align: center;\"><strong><span style=\"color: #000000;\">27 y 28 de Junio \/ 4 y 5 de Julio de 2025<\/span><\/strong><\/p>\n<p><span style=\"color: #000000;\"><strong>Espectacular t\u00e9cnica, r\u00e1pida y efectiva. Integra la informaci\u00f3n en los hemisferios cerebrales alterada por el estr\u00e9s y trauma&nbsp;<\/strong><\/span><br><span style=\"color: #000000;\"><strong>Contendio:<\/strong><\/span><br><span style=\"color: #000000;\"><strong>Entretejido Cognitivo \/ Instalaci\u00f3n de Recursos \/ TdeA aplicado en ni\u00f1os \/ Trastornos Disociativos \/ Amplia pr\u00e1ctica supervisada<\/strong><\/span><br><span style=\"color: #000000;\"><strong>Entrenadoras | Dra. Raquel C. Ferrazzano de Solvey<\/strong><\/span><br><span style=\"color: #000000;\"><strong><span style=\"font-size: 1rem;\">Lic. Prof. Rosana Romano<\/span><\/strong><\/span><\/p>\n<p style=\"text-align: center;\"><span style=\"color: #000000;\"><strong>Curso ONLINE<\/strong><\/span><br><span style=\"color: #000000;\"><strong>Nivel 2 &#8211; Primer fin de semana:<\/strong><\/span><br><span style=\"color: #000000;\"><strong>Viernes 27 de junio | 13:00 a 18:00 hs. (ARG)<\/strong><\/span><br><span style=\"color: #000000;\"><strong>S\u00e1bado 28 de junio | 9:00 a 13:00 hs. | 14:30 a 19:00 hs. (ARG)<\/strong><\/span><br><br><span style=\"color: #000000;\"><strong>Nivel 2 &#8211; Segundo fin de semana:<\/strong><\/span><br><span style=\"color: #000000;\"><strong>Viernes 4 de julio | 13:00 a 18:00 hs. (ARG)<\/strong><\/span><br><span style=\"color: #000000;\"><strong>S\u00e1bado 5 de julio | 9:00 a 13:00 hs. | 14:30 a 19:00 hs. (ARG)<br>Certificado emitido por Terapias de Avanzada\u00ae&#xfe0f;.<\/strong><\/span><br><br><span style=\"color: #000000;\"><strong>Para inscripciones o consultas, escribinos a <a href=\"mailto:terapiasdeavanzada@gmail.com\">terapiasdeavanzada@gmail.com<\/a><\/strong><\/span><\/p>\n\n\n\n<p style=\"text-align: center;\"><span style=\"color: #ff0000;\">&nbsp; &nbsp; &nbsp; &nbsp; &nbsp; &nbsp; &nbsp; &nbsp; &nbsp; &nbsp; &nbsp; &nbsp; &nbsp; &nbsp; &nbsp; &nbsp; &nbsp; &nbsp; &nbsp; &nbsp; &nbsp; &nbsp; &nbsp; &nbsp; &nbsp; &nbsp; &nbsp; &nbsp; &nbsp; &nbsp; &nbsp; &nbsp; &nbsp; &nbsp; &nbsp; &nbsp; &nbsp; &nbsp; &nbsp; &nbsp; &nbsp; &nbsp; &nbsp; &nbsp; &nbsp; &nbsp;<strong>ENTRENAMIENTO EN<\/strong> <br><img decoding=\"async\" loading=\"lazy\" class=\" wp-image-2662 alignleft\" src=\"http:\/\/www.terapiasdeavanzada.org\/web\/wp-content\/uploads\/2025\/05\/EFT-MAYO-10-300x300.jpg\" alt=\"\" width=\"359\" height=\"359\" srcset=\"https:\/\/www.terapiasdeavanzada.org\/web\/wp-content\/uploads\/2025\/05\/EFT-MAYO-10-300x300.jpg 300w, https:\/\/www.terapiasdeavanzada.org\/web\/wp-content\/uploads\/2025\/05\/EFT-MAYO-10-150x150.jpg 150w, https:\/\/www.terapiasdeavanzada.org\/web\/wp-content\/uploads\/2025\/05\/EFT-MAYO-10-160x160.jpg 160w, https:\/\/www.terapiasdeavanzada.org\/web\/wp-content\/uploads\/2025\/05\/EFT-MAYO-10.jpg 576w\" sizes=\"(max-width: 359px) 100vw, 359px\" \/><b>EFT&#x2122; &#8211;&nbsp;<\/b><\/span><b><span style=\"color: #ff0000;\">T\u00e9cnica de Liberaci\u00f3n Emocional: Emotional Freedom Technique \u2013 Gary Craig<br><\/span><\/b><b><br>S\u00e1bado 10 de Mayo de 2025 &#8211; de 9,00 a 13,00hs. y de 14,30 a 18,00hs.<br><\/b><b>Entrenadoras: Dra. Raquel C. Ferrazzano de Solvey \/ Lic. Rosana Romano<br><br>Comprobar\u00e1 que EFT&#x2122; trae la calma a su vida cuando usted pensaba que nada era posible.<br>&nbsp;\u201cLa causa de todas las emociones negativas es una alteraci\u00f3n en el sistema de la energ\u00eda del cuerpo\u201d Gary Craig&#x2122;<br>\u00bfQu\u00e9 es EFT&#x2122;?<br>EFT&#x2122; es una nueva t\u00e9cnica desarrollada por Gary Craig, un ingeniero de Stanford, California, USA en 1995.<br><\/b><\/p>\n<p><b>&nbsp;<\/b><b>\u00bfC\u00f3mo funciona EFT&#x2122;?<br><\/b><b>Trabaja directamente sobre el sistema de meridianos del cuerpo estimul\u00e1ndolos con una percusi\u00f3n o un suave masaje.<br><\/b><\/p>\n<p><b>\u00bfQu\u00e9 beneficios tiene EFT&#x2122;?<br><\/b><b>Los terapeutas pueden hacer enormes avances en sus resultados introduciendo EFT&#x2122; en sus procedimientos terap\u00e9uticos. Se la ha llamado la terapia del \u201cmilagro de un minuto\u201d. Ha probado ser altamente beneficiosa para aliviar tanto trastornos emocionales y mentales como f\u00edsicos: dolores, alergias y enfermedades,&nbsp; muy simple de aplicar y corrige r\u00e1pidamente las perturbaciones energ\u00e9ticas, causa de los trastornos .<\/b><\/p>\n<p><b>\u00bfSobre qu\u00e9 act\u00faa?<br><\/b><b>Combinado con las otras Terapias de Avanzada\u00ae, EFT&#x2122; amplifica sus rangos de acci\u00f3n y a su vez acelera el reprocesamiento de la informaci\u00f3n en TIC\u00ae y EMDR, abreviando los tiempos de tratamiento de manera notable.<br><\/b><\/p>\n<p><b>&nbsp;<\/b><\/p>\n\n\n\n<p style=\"text-align: center;\"><img decoding=\"async\" loading=\"lazy\" class=\" wp-image-2665 alignleft\" src=\"http:\/\/www.terapiasdeavanzada.org\/web\/wp-content\/uploads\/2025\/05\/TRASTORNOS-DE-ANSIEDAD-16-Y-17-DE-MAYO-300x300.jpg\" alt=\"\" width=\"371\" height=\"371\" srcset=\"https:\/\/www.terapiasdeavanzada.org\/web\/wp-content\/uploads\/2025\/05\/TRASTORNOS-DE-ANSIEDAD-16-Y-17-DE-MAYO-300x300.jpg 300w, https:\/\/www.terapiasdeavanzada.org\/web\/wp-content\/uploads\/2025\/05\/TRASTORNOS-DE-ANSIEDAD-16-Y-17-DE-MAYO-150x150.jpg 150w, https:\/\/www.terapiasdeavanzada.org\/web\/wp-content\/uploads\/2025\/05\/TRASTORNOS-DE-ANSIEDAD-16-Y-17-DE-MAYO-160x160.jpg 160w, https:\/\/www.terapiasdeavanzada.org\/web\/wp-content\/uploads\/2025\/05\/TRASTORNOS-DE-ANSIEDAD-16-Y-17-DE-MAYO.jpg 576w\" sizes=\"(max-width: 371px) 100vw, 371px\" \/><strong><span style=\"color: #ff6600;\">Seminario Te\u00f3rico \u00abTRASTIORNOS DE ANSIEDAD\u00bb<\/span><\/strong><br>16 y 17 de Mayo de 2025<br><strong>Entrenadora: Dra. Raquel C. Ferrazzano de Solvey<\/strong><br><br><b>Un seminario virtual para profundizar en los trastornos de ansiedad. Ideal para profesionales que buscan actualizar sus conocimientos y herramientas de abordaje.<\/b><br><b>Dirigido a profesionales de la salud mental<br><\/b>Horarios:<br>Viernes 16 de 13,0o a 18,00hs. &#8211; S\u00e1bado 17 de 9,00 a 13,00hs. (hora de Argentina)<br><b>Para m\u00e1s informaci\u00f3n:<br>terapiasdeavanzada@gmail.com<\/b><\/p>\n<p style=\"text-align: center;\"><strong>Por favor avisar desde que Pa\u00eds nos escribe<\/strong><\/p>\n<h1>&nbsp;<\/h1>\n\n\n\n<p style=\"text-align: center;\"><strong><span style=\"color: #ff0000;\"><img decoding=\"async\" loading=\"lazy\" class=\" wp-image-2667 alignleft\" src=\"http:\/\/www.terapiasdeavanzada.org\/web\/wp-content\/uploads\/2025\/05\/EMDR-1-MAYO-23-AL-31-300x300.jpg\" alt=\"\" width=\"349\" height=\"349\" srcset=\"https:\/\/www.terapiasdeavanzada.org\/web\/wp-content\/uploads\/2025\/05\/EMDR-1-MAYO-23-AL-31-300x300.jpg 300w, https:\/\/www.terapiasdeavanzada.org\/web\/wp-content\/uploads\/2025\/05\/EMDR-1-MAYO-23-AL-31-150x150.jpg 150w, https:\/\/www.terapiasdeavanzada.org\/web\/wp-content\/uploads\/2025\/05\/EMDR-1-MAYO-23-AL-31-160x160.jpg 160w, https:\/\/www.terapiasdeavanzada.org\/web\/wp-content\/uploads\/2025\/05\/EMDR-1-MAYO-23-AL-31.jpg 576w\" sizes=\"(max-width: 349px) 100vw, 349px\" \/>Entrenamiento online en TdeA-EMDR PARTE 1<\/span><\/strong><br>23, 24, 30 y 31 de Mayo de 2025<br><br>Entrenadoras: Dra. Raquel C. Ferrazzano de Solvey \/ Lic. Rosana Romano<br><br>Espectacular t\u00e9cnica, r\u00e1pida y muy efectiva. Integra la informaci\u00f3n en los hemisferios cerebrales alterada por el estr\u00e9s y trauma<br>Para todo tipo de Trastornos de ansiedad, Traumas, Fobias y S\u00edntomas f\u00edsicos.<br>Certificado emitido por Terapias de Avanzada\u00ae&#xfe0f;<br><br>Horarios: Viernes 23 y 30 de mayo de 13:00 a 18:00hs.&nbsp; \/ S\u00e1bados 24 y 31 de mayo de 9:00 a 13:00hs. | 14:30 a 19:00hs. (hora de Argentina)<br><br>Para m\u00e1s informaci\u00f3n<b><br><\/b>terapiasdeavanzada@gmail.com<\/p>\n<p style=\"text-align: center;\">Por favor, avisar desde que Pa\u00eds nos escribe<\/p>\n<p>&nbsp;<\/p>\n\n\n\n<p><span style=\"color: #ff0000;\"><strong><img decoding=\"async\" loading=\"lazy\" class=\" wp-image-2651 alignleft\" src=\"http:\/\/www.terapiasdeavanzada.org\/web\/wp-content\/uploads\/2025\/03\/GENOGRAMA-FAMILIAR-ABRIL-2025-PARA-WEB-300x300.jpg\" alt=\"\" width=\"412\" height=\"412\" srcset=\"https:\/\/www.terapiasdeavanzada.org\/web\/wp-content\/uploads\/2025\/03\/GENOGRAMA-FAMILIAR-ABRIL-2025-PARA-WEB-300x300.jpg 300w, https:\/\/www.terapiasdeavanzada.org\/web\/wp-content\/uploads\/2025\/03\/GENOGRAMA-FAMILIAR-ABRIL-2025-PARA-WEB-150x150.jpg 150w, https:\/\/www.terapiasdeavanzada.org\/web\/wp-content\/uploads\/2025\/03\/GENOGRAMA-FAMILIAR-ABRIL-2025-PARA-WEB-160x160.jpg 160w, https:\/\/www.terapiasdeavanzada.org\/web\/wp-content\/uploads\/2025\/03\/GENOGRAMA-FAMILIAR-ABRIL-2025-PARA-WEB.jpg 576w\" sizes=\"(max-width: 412px) 100vw, 412px\" \/>Seminario Te\u00f3rico <\/strong><\/span><strong><span style=\"color: #ff0000;\">\u201cPRIMERAS ENTREVISTAS Y GENOGRAMA FAMILIAR\u201d<\/span> <br><\/strong>Docente: Lic. Prof. Rosana Romano<\/p>\n<p>Un seminario fundamental para profundizar en la estructura y el an\u00e1lisis del genograma familiar, una herramienta clave para comprender la din\u00e1mica familiar y sus influencias en el proceso terap\u00e9utico. Adem\u00e1s, exploraremos estrategias para realizar primeras entrevistas efectivas en el \u00e1mbito cl\u00ednico.<\/p>\n<p>Dirigido a profesionales de la salud mental.<br>Viernes 4 de abril de 13:00 a 18:00 hs. y s\u00e1bado 5 de abril de 9:00 a 13:00 hs.<br>Modalidad: Online v\u00eda ZOOM<br><br>Para inscripciones o consultas, escribir a <a href=\"mailto:terapiasdeavanzada@gmail.com\">terapiasdeavanzada@gmail.com<\/a><br>Indicar desde qu\u00e9 pa\u00eds nos escriben.<\/p>\n\n\n\n<p style=\"text-align: center;\"><span style=\"color: #ff0000;\"><strong><img decoding=\"async\" loading=\"lazy\" class=\"wp-image-2652 alignleft\" src=\"http:\/\/www.terapiasdeavanzada.org\/web\/wp-content\/uploads\/2025\/03\/TAT-NIVEL-ABRIL-2025-PARA-WEB-300x300.jpg\" alt=\"\" width=\"400\" height=\"400\" srcset=\"https:\/\/www.terapiasdeavanzada.org\/web\/wp-content\/uploads\/2025\/03\/TAT-NIVEL-ABRIL-2025-PARA-WEB-300x300.jpg 300w, https:\/\/www.terapiasdeavanzada.org\/web\/wp-content\/uploads\/2025\/03\/TAT-NIVEL-ABRIL-2025-PARA-WEB-150x150.jpg 150w, https:\/\/www.terapiasdeavanzada.org\/web\/wp-content\/uploads\/2025\/03\/TAT-NIVEL-ABRIL-2025-PARA-WEB-160x160.jpg 160w, https:\/\/www.terapiasdeavanzada.org\/web\/wp-content\/uploads\/2025\/03\/TAT-NIVEL-ABRIL-2025-PARA-WEB.jpg 576w\" sizes=\"(max-width: 400px) 100vw, 400px\" \/>Entrenamiento en <\/strong><\/span><strong><span style=\"color: #ff0000;\">\u201cTAT\u201d T\u00c9CNICA DE ACUPRESI\u00d3N DE TAPAS \u2013 PARTE 1&nbsp;<\/span> <br><\/strong>Docente: Dra. Raquel C. Ferrazzano de Solvey<\/p>\n<p style=\"text-align: center;\"><strong><span style=\"color: #ff0000;\">S\u00c1BADO 12 DE ABRIL DE 2025<\/span><\/strong><br>Horario 9,00 a 13,00hs.<\/p>\n<p>Tapas Fleming, una acupuntora de California, USA, dise\u00f1\u00f3 esta t\u00e9cnica en 1993.<\/p>\n<p>Encontr\u00f3 esta forma de terapia para ayudar a sus pacientes con alergias de todo tipo y la extendi\u00f3 para ser usada tambi\u00e9n en toda clase de problemas emocionales y traumas. Se usa una pose con las manos en la cabeza y es una poderosa y suave modalidad de curaci\u00f3n. Es autoadministrable e indicada tanto para ni\u00f1os peque\u00f1os como animales.<\/p>\n<p style=\"text-align: center;\"><em>\u201cLa pose de TAT es una forma de decirle al cuerpo \u00a8Observa esto otra vez, es una oportunidad de cambio\u2026una nueva mirada\u2026con ella el flujo de energ\u00eda estancado en el cuerpo por los eventos del pasado, es removido de ellos, y estos pueden ser integrados saludablemente en el sistema otra vez. TAT re\u00fane a las partes de una persona que han estado dispersas o congeladas en el tiempo\u2026integra, armoniza trayendo paz y unidad\u201d <\/em>Tapas Fleming<br>Informes e inscripci\u00f3n: <a href=\"mailto:terapiasdeavanzada@gmail.com\">terapiasdeavanzada@gmail.com<\/a><br>Agradeceremos informar de que pa\u00eds nos escribe.<\/p>\n\n\n\n<p style=\"text-align: center;\"><strong><span style=\"color: #ff0000;\"> <img decoding=\"async\" loading=\"lazy\" class=\"wp-image-2654 alignleft\" src=\"http:\/\/www.terapiasdeavanzada.org\/web\/wp-content\/uploads\/2025\/03\/EMDR-3-ABRIL-2025-PARA-LA-WEB-300x300.jpg\" alt=\"\" width=\"395\" height=\"395\" srcset=\"https:\/\/www.terapiasdeavanzada.org\/web\/wp-content\/uploads\/2025\/03\/EMDR-3-ABRIL-2025-PARA-LA-WEB-300x300.jpg 300w, https:\/\/www.terapiasdeavanzada.org\/web\/wp-content\/uploads\/2025\/03\/EMDR-3-ABRIL-2025-PARA-LA-WEB-150x150.jpg 150w, https:\/\/www.terapiasdeavanzada.org\/web\/wp-content\/uploads\/2025\/03\/EMDR-3-ABRIL-2025-PARA-LA-WEB-600x600.jpg 600w, https:\/\/www.terapiasdeavanzada.org\/web\/wp-content\/uploads\/2025\/03\/EMDR-3-ABRIL-2025-PARA-LA-WEB-160x160.jpg 160w, https:\/\/www.terapiasdeavanzada.org\/web\/wp-content\/uploads\/2025\/03\/EMDR-3-ABRIL-2025-PARA-LA-WEB.jpg 756w\" sizes=\"(max-width: 395px) 100vw, 395px\" \/>Seminario Te\u00f3rico &#8211;<br>\u201cC\u00d3MO Y PORQU\u00c9 FUNCIONA LA ESTIMULACI\u00d3N SENSORIAL&nbsp; &#8211; BASES NEUROFISIOL\u00d3GICAS \u2013 TDEA-EMDR<sup>\u00ae<\/sup> PARTE 3\u201d<\/span> <br><\/strong>Docente: Dra. Raquel C. Ferrazzano de Solvey<br><strong><span style=\"color: #ff0000;\">S\u00c1BADO 26&nbsp;<\/span><br><\/strong>Horario de 9,00 a 14,00 hs.<\/p>\n<p>Da informaci\u00f3n para los entrenados en las Terapias de Avanzada que usan como herramienta una de las ESBA\u00ae (Estimulaci\u00f3n Sensorial Bilateral Alternada) en las tres modalidades que se usan en las Terapias de Avanzada: convergencia ocular, estimulaci\u00f3n t\u00e1ctil y sonidos alternados. En el seminario se explican las bases neurofisiol\u00f3gicas de cada tipo de ESBA, estimulaci\u00f3n sensorial bilateral alternada, y sus mecanismos de acci\u00f3n sobre el cerebro.<br>Tambi\u00e9n incluimos La Sincronizaci\u00f3n de los hemisferios cerebrales y Como se instala el miedo. Para profesionales de la salud mental que quieran conocer las bases de estas terapias.<br><br>Informes e inscripci\u00f3n: <a href=\"mailto:terapiasdeavanzada@gmail.com\">terapiasdeavanzada@gmail.com<\/a><br>Agradeceremos informar desde que pa\u00eds nos escribe.<\/p>\n\n\n\n<p><strong><span style=\"color: #ff0000;\"><img decoding=\"async\" loading=\"lazy\" class=\" wp-image-2630 alignleft\" src=\"http:\/\/www.terapiasdeavanzada.org\/web\/wp-content\/uploads\/2025\/02\/TRAUMA-Y-ESTRES-MARZO-2025-PARA-LA-WEB-300x300.jpg\" alt=\"\" width=\"410\" height=\"410\" srcset=\"https:\/\/www.terapiasdeavanzada.org\/web\/wp-content\/uploads\/2025\/02\/TRAUMA-Y-ESTRES-MARZO-2025-PARA-LA-WEB-300x300.jpg 300w, https:\/\/www.terapiasdeavanzada.org\/web\/wp-content\/uploads\/2025\/02\/TRAUMA-Y-ESTRES-MARZO-2025-PARA-LA-WEB-150x150.jpg 150w, https:\/\/www.terapiasdeavanzada.org\/web\/wp-content\/uploads\/2025\/02\/TRAUMA-Y-ESTRES-MARZO-2025-PARA-LA-WEB-160x160.jpg 160w, https:\/\/www.terapiasdeavanzada.org\/web\/wp-content\/uploads\/2025\/02\/TRAUMA-Y-ESTRES-MARZO-2025-PARA-LA-WEB.jpg 576w\" sizes=\"(max-width: 410px) 100vw, 410px\" \/><\/span><\/strong><strong><span style=\"color: #ff0000;\">SEMINARIO TEORICO ONLINE \u00abESTRES Y TRAUMA\u00bb<\/span><\/strong><\/p>\n<p>Descripci\u00f3n, etiolog\u00eda, s\u00edntomas y tratamiento orientado a las Terapias de Avanzada de los mecanismos de estr\u00e9s agudo y cr\u00f3nico y el trauma \u2013 Tipos de trauma<br>Se desarrollan conceptos de estr\u00e9s cr\u00f3nico y agudo, trauma agudo y cr\u00f3nico, tipos de trauma, trauma complejo y sus consecuencias y s\u00edntomas y la neurobiolog\u00eda del estr\u00e9s y del trauma.<br>Horario:<br>Viernes 7 de 13,00 a 18,00hs.<br>S\u00e1bado 8 de 9,00 a 13,00hs.<\/p>\n<p>&nbsp;<\/p>\n<p>&nbsp;<\/p>\n\n\n\n<p><span style=\"color: #ff0000;\"><strong><img decoding=\"async\" loading=\"lazy\" class=\"wp-image-2604 alignleft\" src=\"http:\/\/www.terapiasdeavanzada.org\/web\/wp-content\/uploads\/2025\/01\/CURSO-BIO-REPROCESAMIENTO-MARZO-2025-300x285.jpg\" alt=\"\" width=\"414\" height=\"393\" srcset=\"https:\/\/www.terapiasdeavanzada.org\/web\/wp-content\/uploads\/2025\/01\/CURSO-BIO-REPROCESAMIENTO-MARZO-2025-300x285.jpg 300w, https:\/\/www.terapiasdeavanzada.org\/web\/wp-content\/uploads\/2025\/01\/CURSO-BIO-REPROCESAMIENTO-MARZO-2025-600x570.jpg 600w, https:\/\/www.terapiasdeavanzada.org\/web\/wp-content\/uploads\/2025\/01\/CURSO-BIO-REPROCESAMIENTO-MARZO-2025-168x160.jpg 168w, https:\/\/www.terapiasdeavanzada.org\/web\/wp-content\/uploads\/2025\/01\/CURSO-BIO-REPROCESAMIENTO-MARZO-2025.jpg 756w\" sizes=\"(max-width: 414px) 100vw, 414px\" \/>METODOLOG\u00cdA DE BIOREPROCESAMIENTO<\/strong><\/span><br><strong>PR\u00d3XIMO ENTRENAMIENTO: MARZO 2025<br><\/strong><strong><br><\/strong>Dirigido&nbsp; profesionales de la Salud\/Salud mental\/Counselors.<strong><br><\/strong>5 Leyes Biol\u00f3gicas: excelente herramienta diagn\u00f3stica diferencial<br>Podemos descubrir el \u201cpor qu\u00e9\u201d (etiolog\u00eda) y el \u201ccomo\u201d (patog\u00e9nesis) de la enfermedad.<br>Permite leer e interpretar de manera coherente la compleja serie de fen\u00f3menos de lo que se define como \u201csalud y enfermedad\u201d<br>De acuerdo con estas leyes biol\u00f3gicas, las llamadas \u201cenfermedades \u00abno ser\u00edan, como se asume generalmente, el resultado de un mal funcionamiento o malignidades del organismo, sino m\u00e1s bien,<br><br><strong>PROGRAMAS ESPECIALES CON SENTIDO BIOL\u00d3GICO (SBS).<\/strong><br>Estos programas, creados para ayudar a un individuo durante un per\u00edodo de estr\u00e9s emocional y psicol\u00f3gico, son procesos que la naturaleza ha previsto para nosotros y que ha introducido, durante millones de a\u00f1os para organizar en nuestro organismo las respuestas m\u00e1s apropiadas para adaptarse y sobrevivir a eventos dram\u00e1ticos e inesperados.<br>Este conocimiento te permitir\u00e1 comprender y respetar tus procesos corporales sin miedo!!!<br><strong><br>T<\/strong>\u00e9cnicas y herramientas terap\u00e9uticas: TdeA-EMDR\u00ae&#xfe0f; Argentina&nbsp;(Movimientos Oculares, Desensibilizaci\u00f3n y Reprocesamiento )\u2028ESB\u00ae&#xfe0f; \u2013 ESTIMULACI\u00d3N SENSORIAL BILATERAL\u00ae&#xfe0f;: t\u00e9cnica de tratamiento psicol\u00f3gico por medio de la cual se activa el sistema de procesamiento de la informaci\u00f3n. Est\u00e1 perfectamente demostrada su eficacia para superar acontecimientos traum\u00e1ticos.<strong><br><br><\/strong>Psicolog\u00eda Energ\u00e9tica y otras maravillosas herramientas de abordajes m\u00faltiples&nbsp; TEOR\u00cdA\/CASUISTICA\/PRACTICA<\/p>\n\n\n\n<p><span style=\"color: #ff0000;\"><strong><img decoding=\"async\" loading=\"lazy\" class=\" wp-image-2633 alignleft\" src=\"http:\/\/www.terapiasdeavanzada.org\/web\/wp-content\/uploads\/2025\/02\/PSICOFARMACOLOGIA-PARA-NO-MEDICOS-PARA-WEB-300x300.jpg\" alt=\"\" width=\"403\" height=\"403\" srcset=\"https:\/\/www.terapiasdeavanzada.org\/web\/wp-content\/uploads\/2025\/02\/PSICOFARMACOLOGIA-PARA-NO-MEDICOS-PARA-WEB-300x300.jpg 300w, https:\/\/www.terapiasdeavanzada.org\/web\/wp-content\/uploads\/2025\/02\/PSICOFARMACOLOGIA-PARA-NO-MEDICOS-PARA-WEB-150x150.jpg 150w, https:\/\/www.terapiasdeavanzada.org\/web\/wp-content\/uploads\/2025\/02\/PSICOFARMACOLOGIA-PARA-NO-MEDICOS-PARA-WEB-160x160.jpg 160w, https:\/\/www.terapiasdeavanzada.org\/web\/wp-content\/uploads\/2025\/02\/PSICOFARMACOLOGIA-PARA-NO-MEDICOS-PARA-WEB.jpg 576w\" sizes=\"(max-width: 403px) 100vw, 403px\" \/><\/strong><\/span><\/p>\n<p><span style=\"color: #ff0000;\"><strong>TALLER TE\u00d3RICO \u00abPSICOFARMACOLOG\u00cdA PARA NO M\u00c9DICOS\u00bb<br><\/strong><\/span><\/p>\n<p><span data-huuid=\"17926200458060535094\">La psicofarmacolog\u00eda es una disciplina cient\u00edfica que estudia el uso de los medicamentos para tratar trastornos mentales. <br><\/span><span data-huuid=\"17926200458060536035\">Los psicof\u00e1rmacos son sustancias qu\u00edmicas que se recetan a pacientes con trastornos mentales y deben ser supervisados por un m\u00e9dico.<br><\/span>En este taller explicaremos la aplicaci\u00f3n de los psicof\u00e1rmacos, su acci\u00f3n y para que se usan para entendimiento de los no m\u00e9dicos Licenciados en Psicolog\u00eda, Psic\u00f3logos, Counselors,&nbsp;<br>Horario: Viernes 14 de marzo de 13,00 a 18,00hs.<\/p>\n<p>&nbsp;<\/p>\n<p>&nbsp;<\/p>\n\n\n\n<h5><span style=\"color: #ff0000;\"><b><img decoding=\"async\" loading=\"lazy\" class=\" wp-image-2636 alignleft\" src=\"http:\/\/www.terapiasdeavanzada.org\/web\/wp-content\/uploads\/2025\/02\/PET-MARZO-2025-PARA-WEB-300x300.jpg\" alt=\"\" width=\"392\" height=\"392\" srcset=\"https:\/\/www.terapiasdeavanzada.org\/web\/wp-content\/uploads\/2025\/02\/PET-MARZO-2025-PARA-WEB-300x300.jpg 300w, https:\/\/www.terapiasdeavanzada.org\/web\/wp-content\/uploads\/2025\/02\/PET-MARZO-2025-PARA-WEB-150x150.jpg 150w, https:\/\/www.terapiasdeavanzada.org\/web\/wp-content\/uploads\/2025\/02\/PET-MARZO-2025-PARA-WEB-160x160.jpg 160w, https:\/\/www.terapiasdeavanzada.org\/web\/wp-content\/uploads\/2025\/02\/PET-MARZO-2025-PARA-WEB.jpg 576w\" sizes=\"(max-width: 392px) 100vw, 392px\" \/>Entrenamiento en \u00abPET\u00ae\u00bb &#8211; <\/b><b>Pain<\/b> <b>Erasing<\/b> <b>Technique &#8211;&nbsp;<\/b><b>Borrado <\/b><b>del Dolor y mas all\u00e1<\/b><b>\u2026!!<br><br><\/b><\/span><\/h5>\n<p>Novedosa y revolucionaria t\u00e9cnica, desarrollada a partir de algunas correcciones de TIC.&nbsp; Reduce o elimina temporaria o definitivamente casi cualquier dolor, agudos o cr\u00f3nicos, de diversas causas, y puede aplicarse exitosamente sobre otros s\u00edntomas f\u00edsicos y emocionales. Sencilla e inocua no representa riesgo alguno para el paciente, puede ser usada tanto por profesionales de la salud como por legos.<br>Horario: S\u00e1bado 22 de marzo de 9,00 a 14,00hs.<\/p>\n<p>&nbsp;<\/p>\n<p>&nbsp;<\/p>\n<p>&nbsp;<\/p>\n\n\n\n<p><strong><img decoding=\"async\" loading=\"lazy\" class=\"wp-image-2600 alignleft\" src=\"http:\/\/www.terapiasdeavanzada.org\/web\/wp-content\/uploads\/2025\/01\/EMDR-1-FEBRERO-2025-300x300.jpg\" alt=\"\" width=\"405\" height=\"405\" srcset=\"https:\/\/www.terapiasdeavanzada.org\/web\/wp-content\/uploads\/2025\/01\/EMDR-1-FEBRERO-2025-300x300.jpg 300w, https:\/\/www.terapiasdeavanzada.org\/web\/wp-content\/uploads\/2025\/01\/EMDR-1-FEBRERO-2025-150x150.jpg 150w, https:\/\/www.terapiasdeavanzada.org\/web\/wp-content\/uploads\/2025\/01\/EMDR-1-FEBRERO-2025-160x160.jpg 160w, https:\/\/www.terapiasdeavanzada.org\/web\/wp-content\/uploads\/2025\/01\/EMDR-1-FEBRERO-2025.jpg 576w\" sizes=\"(max-width: 405px) 100vw, 405px\" \/><\/strong><\/p>\n<p><strong>\u00bfQu\u00e9 es TdeA-EMDR<\/strong><strong><sup style=\"font-style: inherit; font-weight: inherit;\">\u00ae?<br><\/sup><\/strong>Es la actual puesta al d\u00eda y &nbsp;modificaci\u00f3n de la psicoterapias EMDR, que es la sigla en ingl\u00e9s de una t\u00e9cnica llamada MOVIMIENTOS OCULARES, DESENSIBILIZACI\u00d3N Y REPROCESAMIENTO<sup>\u00ae.&nbsp;<\/sup>Pertenece al grupo de las t\u00e9cnicas de SISTEMA SYNTHESIS<sup>\u00ae<\/sup>&nbsp;INTEGRACI\u00d3N, se basa en la estimulaci\u00f3n de los hemisferios cerebrales por diversos m\u00e9todos, para corregir y sincronizar sus funciones, alteradas por las situaciones de estr\u00e9s y trauma.<br><strong>\u00bfPara qu\u00e9 se usa?<br><\/strong><span style=\"font-style: inherit; font-weight: inherit;\">Para el tratamiento de traumas en general, fobia simple y social, trastornos de ansiedad, depresiones moderadas, trastornos de la alimentaci\u00f3n, fobia social, baja autoestima, duelo, y otros problemas diversos.<br><\/span>Consiste en la&nbsp;<strong>ESB<sup style=\"font-style: inherit; font-weight: inherit;\">\u00ae<\/sup><\/strong>&nbsp;(Estimulaci\u00f3n Sensorial Bilateral\u00ae alternada) , en forma de movimientos oculares, sonidos u estimulaci\u00f3n t\u00e1ctil,&nbsp; en uno y otro lado del cuerpo, mientras el sujeto fija su atenci\u00f3n en la situaci\u00f3n problema.<\/p>\n<p>&nbsp;<\/p>\n\n\n\n<p><img decoding=\"async\" loading=\"lazy\" class=\" wp-image-2599 alignleft\" src=\"http:\/\/www.terapiasdeavanzada.org\/web\/wp-content\/uploads\/2025\/01\/TIC-ENERO-2025-2-300x300.jpg\" alt=\"\" width=\"390\" height=\"390\" srcset=\"https:\/\/www.terapiasdeavanzada.org\/web\/wp-content\/uploads\/2025\/01\/TIC-ENERO-2025-2-300x300.jpg 300w, https:\/\/www.terapiasdeavanzada.org\/web\/wp-content\/uploads\/2025\/01\/TIC-ENERO-2025-2-150x150.jpg 150w, https:\/\/www.terapiasdeavanzada.org\/web\/wp-content\/uploads\/2025\/01\/TIC-ENERO-2025-2-600x600.jpg 600w, https:\/\/www.terapiasdeavanzada.org\/web\/wp-content\/uploads\/2025\/01\/TIC-ENERO-2025-2-160x160.jpg 160w, https:\/\/www.terapiasdeavanzada.org\/web\/wp-content\/uploads\/2025\/01\/TIC-ENERO-2025-2.jpg 756w\" sizes=\"(max-width: 390px) 100vw, 390px\" \/><\/p>\n<p><strong><span style=\"color: #ff0000;\">TIC\u00ae \u2013 T\u00e9cnica de los Anteojos Hemisf\u00e9ricos\u00ae \u2013 T\u00e9cnica de 1 Ojo x Vez\u00ae<\/span><br><\/strong><strong>T\u00e9cnica de los Anteojos Hemisf\u00e9ricos<\/strong>&nbsp;y la&nbsp;<strong style=\"font-style: inherit;\">T\u00e9cnica de Un Ojo por Vez<\/strong>&nbsp;son dos nuevos m\u00e9todos terap\u00e9uticos, pertenecientes a ya conocido grupo de las&nbsp;<strong style=\"font-style: inherit;\">TERAPIAS DE AVANZADA<\/strong><strong><sup style=\"font-style: inherit; font-weight: inherit;\">\u00ae<\/sup><\/strong>, con sus nuevos paradigmas. Las t\u00e9cnicas de&nbsp;<strong style=\"font-style: inherit;\">TIC<\/strong><strong><sup style=\"font-style: inherit; font-weight: inherit;\">\u00ae<\/sup><\/strong>&nbsp;posibilitan la integraci\u00f3n de las diferencias de percepci\u00f3n que existen naturalmente entre los dos hemisferios cerebrales, y que se intensifican notoriamente frente a una situaci\u00f3n perturbadora. Permiten observar el distinto enfoque de un problema cuando la persona lo contempla con uno u otro hemisferio cerebral por separado.<br>Entre ambos hemisferios hay diferencias notables en creencias, emociones, sensaciones corporales y niveles de perturbaci\u00f3n, acerca del tema a tratar.<br>El uso de estas t\u00e9cnicas permite la integraci\u00f3n de esta informaci\u00f3n dis\u00edmil, logrando r\u00e1pidamente la&nbsp;resoluci\u00f3n de los problemas, al integrar la interpretaci\u00f3n de ambos cerebros, y posibilita una visi\u00f3n m\u00e1s realista y adaptativa, corrigi\u00e9ndose todas las distorsiones, as\u00ed como los sentimientos o miedos inadecuados o exagerados, propios de los cuadros psicopatol\u00f3gicos. Esto se mantiene en el tiempo, y la patolog\u00eda resuelta no retorna.<br>El entrenamiento est\u00e1 abierto a todos los profesionales de la Salud Mental: M\u00e9dicos, Psiquiatras, Psic\u00f3logos, Psicopedagogos, Counselors, Kinesi\u00f3logos.<br><strong>Este entrenamiento es \u00fanico, s\u00f3lo los manuales que presenten el logo del Centro de Terapias de Avanzada est\u00e1n autorizados por los autores.&nbsp;El contenido de los mismos es Propiedad Intelectual.<\/strong><\/p>\n\n\n\n\n\n\n\n\n\n\n\n\n\n\n\n\n\n\n\n\n\n\n\n\n\n\n\n\n","protected":false},"excerpt":{"rendered":"<p>Para m\u00e1s informaci\u00f3n e inscripci\u00f3n a nuestros cursos agradeceremos nos escriba aterapiasdeavanzada@gmail.com&nbsp;Por favor inf\u00f3rmenos desde que Pa\u00eds nos escribe. Trastornos de Apego10 y 11 de Octubre de 2025 Docente:Dra. Raquel C. Ferrazzano de Solvey Un espacio de formaci\u00f3n para comprender los v\u00ednculos tempranos, su impacto en el desarrollo emocional y las consecuencias cl\u00ednicas de los &hellip;<\/p>\n<p class=\"read-more\"> <a class=\"\" href=\"https:\/\/www.terapiasdeavanzada.org\/web\/cursos-online-2021\/\"> <span class=\"screen-reader-text\">CURSOS ONLINE<\/span> Leer m\u00e1s &raquo;<\/a><\/p>\n","protected":false},"author":4,"featured_media":0,"parent":0,"menu_order":0,"comment_status":"closed","ping_status":"closed","template":"","meta":{"site-sidebar-layout":"default","site-content-layout":"default","ast-global-header-display":"","ast-banner-title-visibility":"","ast-main-header-display":"","ast-hfb-above-header-display":"","ast-hfb-below-header-display":"","ast-hfb-mobile-header-display":"","site-post-title":"","ast-breadcrumbs-content":"","ast-featured-img":"","footer-sml-layout":"","theme-transparent-header-meta":"","adv-header-id-meta":"","stick-header-meta":"","header-above-stick-meta":"","header-main-stick-meta":"","header-below-stick-meta":""},"_links":{"self":[{"href":"https:\/\/www.terapiasdeavanzada.org\/web\/wp-json\/wp\/v2\/pages\/1545"}],"collection":[{"href":"https:\/\/www.terapiasdeavanzada.org\/web\/wp-json\/wp\/v2\/pages"}],"about":[{"href":"https:\/\/www.terapiasdeavanzada.org\/web\/wp-json\/wp\/v2\/types\/page"}],"author":[{"embeddable":true,"href":"https:\/\/www.terapiasdeavanzada.org\/web\/wp-json\/wp\/v2\/users\/4"}],"replies":[{"embeddable":true,"href":"https:\/\/www.terapiasdeavanzada.org\/web\/wp-json\/wp\/v2\/comments?post=1545"}],"version-history":[{"count":139,"href":"https:\/\/www.terapiasdeavanzada.org\/web\/wp-json\/wp\/v2\/pages\/1545\/revisions"}],"predecessor-version":[{"id":2723,"href":"https:\/\/www.terapiasdeavanzada.org\/web\/wp-json\/wp\/v2\/pages\/1545\/revisions\/2723"}],"wp:attachment":[{"href":"https:\/\/www.terapiasdeavanzada.org\/web\/wp-json\/wp\/v2\/media?parent=1545"}],"curies":[{"name":"wp","href":"https:\/\/api.w.org\/{rel}","templated":true}]}}