{"id":396,"date":"2018-05-09T08:59:12","date_gmt":"2018-05-09T11:59:12","guid":{"rendered":"http:\/\/www.terapiasdeavanzada.org\/web\/?page_id=396"},"modified":"2025-01-27T17:41:06","modified_gmt":"2025-01-27T20:41:06","slug":"tic-tecnica-de-los-anteojos-hemisfericos-tecnica-de-1-ojo-x-vez","status":"publish","type":"page","link":"https:\/\/www.terapiasdeavanzada.org\/web\/tic-tecnica-de-los-anteojos-hemisfericos-tecnica-de-1-ojo-x-vez\/","title":{"rendered":"TIC\u00ae &#8211; T\u00e9cnica de los Anteojos Hemisf\u00e9ricos\u00ae &#8211; T\u00e9cnica de 1 Ojo x Vez\u00ae"},"content":{"rendered":"\t\t<div data-elementor-type=\"wp-page\" data-elementor-id=\"396\" class=\"elementor elementor-396\">\n\t\t\t\t\t\t\t\t\t<section class=\"elementor-section elementor-top-section elementor-element elementor-element-36ba5bf1 elementor-section-boxed elementor-section-height-default elementor-section-height-default\" data-id=\"36ba5bf1\" data-element_type=\"section\">\n\t\t\t\t\t\t<div class=\"elementor-container elementor-column-gap-default\">\n\t\t\t\t\t<div class=\"elementor-column elementor-col-100 elementor-top-column elementor-element elementor-element-275be4ee\" data-id=\"275be4ee\" data-element_type=\"column\">\n\t\t\t<div class=\"elementor-widget-wrap elementor-element-populated\">\n\t\t\t\t\t\t\t\t<div class=\"elementor-element elementor-element-2a0ce613 elementor-widget elementor-widget-text-editor\" data-id=\"2a0ce613\" data-element_type=\"widget\" data-widget_type=\"text-editor.default\">\n\t\t\t\t<div class=\"elementor-widget-container\">\n\t\t\t<style>\/*! elementor - v3.14.0 - 26-06-2023 *\/\n.elementor-widget-text-editor.elementor-drop-cap-view-stacked .elementor-drop-cap{background-color:#69727d;color:#fff}.elementor-widget-text-editor.elementor-drop-cap-view-framed .elementor-drop-cap{color:#69727d;border:3px solid;background-color:transparent}.elementor-widget-text-editor:not(.elementor-drop-cap-view-default) .elementor-drop-cap{margin-top:8px}.elementor-widget-text-editor:not(.elementor-drop-cap-view-default) .elementor-drop-cap-letter{width:1em;height:1em}.elementor-widget-text-editor .elementor-drop-cap{float:left;text-align:center;line-height:1;font-size:50px}.elementor-widget-text-editor .elementor-drop-cap-letter{display:inline-block}<\/style>\t\t\t\t<figure><span style=\"font-family: helvetica, arial, sans-serif;\">La&nbsp;<strong>T\u00e9cnica de los Anteojos Hemisf\u00e9ricos<\/strong>&nbsp;y la&nbsp;<strong>T\u00e9cnica de Un Ojo por Vez<\/strong>&nbsp;son dos nuevos m\u00e9todos terap\u00e9uticos, pertenecientes a ya conocido grupo de las&nbsp;<strong>TERAPIAS DE AVANZADA<sup>\u00ae<\/sup><\/strong>, con sus nuevos paradigmas. Las t\u00e9cnicas de&nbsp;<strong>TIC<sup>\u00ae<\/sup><\/strong>&nbsp;posibilitan la integraci\u00f3n de las diferencias de percepci\u00f3n que existen naturalmente entre los dos hemisferios cerebrales, y que se intensifican notoriamente frente a una situaci\u00f3n perturbadora. Permiten observar el distinto enfoque de un problema cuando la persona lo contempla con uno u otro hemisferio cerebral por separado.<\/span><br><span style=\"font-family: helvetica, arial, sans-serif;\">Entre ambos hemisferios hay diferencias notables en creencias, emociones, sensaciones corporales y niveles de perturbaci\u00f3n, acerca del tema a tratar.<\/span><\/figure>\n<p><span style=\"font-family: helvetica, arial, sans-serif;\">El uso de estas t\u00e9cnicas permite la integraci\u00f3n de esta informaci\u00f3n dis\u00edmil, logrando r\u00e1pidamente la&nbsp;resoluci\u00f3n de los problemas, al integrar la interpretaci\u00f3n de ambos cerebros, y posibilita una visi\u00f3n mas realista y adaptativa, corrigi\u00e9ndose todas las distorsiones, as\u00ed como los sentimientos o miedos inadecuados o exagerados, propios de los cuadros psicopatol\u00f3gicos. Esto se mantiene en el tiempo, y la patolog\u00eda resuelta no retorna.<\/span><\/p>\n<p><span style=\"font-family: helvetica, arial, sans-serif;\">El entrenamiento est\u00e1 abierto a todos los profesionales de la Salud Mental: M\u00e9dicos, Psiquiatras, Psic\u00f3logos, Psicopedagogos, Counselors, Kinesi\u00f3logos.<\/span><\/p>\n<p><span style=\"font-family: helvetica, arial, sans-serif;\"><strong>Este entrenamiento es \u00fanico, s\u00f3lo los manuales que presenten el logo del Centro de Terapias de Avanzada est\u00e1n autorizados por los autores.&nbsp;El contenido de los mismos es Propiedad Intelectual.<\/strong><\/span><\/p>\n<p><span style=\"font-family: helvetica, arial, sans-serif;\"><strong>ATENCI\u00d3N: SOLO LOS ENTRENADORES AUTORIZADOS POR EL CENTRO DE TERAPIAS DE AVANZADA QUE FIGURAN A CONTINUACI\u00d3N ESTAN HABILITADOS PARA LA ENSE\u00d1ANZA DE TIC EN ARGENTINA Y EN EL EXTERIOR.<\/strong><\/span><\/p>\n<div>\n<h3><span style=\"font-family: helvetica, arial, sans-serif; font-size: 12pt;\">ENTRENADORES AUTORIZADOS DE TIC<\/span><\/h3>\n<h4><strong><span style=\"font-family: helvetica, arial, sans-serif; font-size: 12pt;\">ARGENTINA<\/span><\/strong><\/h4>\n<p><span style=\"font-family: helvetica, arial, sans-serif;\"><strong>Rosario<\/strong><\/span><br><span style=\"font-family: helvetica, arial, sans-serif;\">Lic. Adri\u00e1n Morello \u2013 E-mail:&nbsp;<a href=\"mailto:morelloadrian@gmail.com\">morelloadrian@gmail.com&nbsp;<\/a><\/span><br><span style=\"font-family: helvetica, arial, sans-serif;\"><a href=\"http:\/\/www.terapiasdeavanzada.org\/web\/?terapeutas=morello-adrian-lic\" data-reveal-id=\"adrian-morello\">Ver CV<\/a><br><\/span><span style=\"font-family: helvetica, arial, sans-serif; font-size: 16px; color: var( --e-global-color-text ); background-color: var(--ast-global-color-5);\"><br><b>C\u00f3rdoba<br><\/b><\/span><span style=\"font-family: helvetica, arial, sans-serif; font-size: 16px; color: var( --e-global-color-text ); background-color: var(--ast-global-color-5);\">Dr. Guillermo G\u00f3mez \u2013 E-mail:&nbsp;<\/span><a style=\"font-family: helvetica, arial, sans-serif; font-size: 16px;\" href=\"mailto:gomezguillermoa@gmail.com\">gomezguillermoa@gmail.com<\/a><br><a style=\"font-family: helvetica, arial, sans-serif; font-size: 16px;\" href=\"http:\/\/www.terapiasdeavanzada.org\/web\/?terapeutas=gomez-guillermo-ariel-dr\" data-reveal-id=\"guillermo-gomez\">Ver CV<\/a><\/p>\n<p><span style=\"font-family: helvetica, arial, sans-serif;\">Lic. Dami\u00e1n Klor \u2013&nbsp; E-mail:&nbsp;<a href=\"mailto:damianklor@hotmail.com\">damianklor@hotmail.com&nbsp;<\/a><\/span><br><span style=\"font-family: helvetica, arial, sans-serif;\"><a href=\"http:\/\/www.terapiasdeavanzada.org\/web\/?terapeutas=klor-damian-lic\" data-reveal-id=\"damianklor\">Ver CV<\/a><\/span><\/p>\n<p><span style=\"font-family: helvetica, arial, sans-serif;\"><b>Neuqu\u00e9n &#8211; Bariloche<\/b><\/span><br><span style=\"font-family: helvetica, arial, sans-serif;\">Dra. Susana D\u00edaz &#8211; E-mail:&nbsp;<a href=\"mailto:susanadiazquantec@gmail.com\">susanadiazquantec@gmail.com<\/a><\/span><br><span style=\"font-family: helvetica, arial, sans-serif;\"><a href=\"http:\/\/www.terapiasdeavanzada.org\/web\/?terapeutas=klor-damian-lic\" data-reveal-id=\"damianklor\">Ver CV<\/a><\/span><\/p>\n<h4><span style=\"font-family: helvetica, arial, sans-serif;\"><strong><span style=\"font-size: 12pt;\">EXTERIOR<\/span><\/strong><br><\/span><strong style=\"background-color: var(--ast-global-color-5);\"><span style=\"font-family: helvetica, arial, sans-serif;\"><span style=\"font-size: 16px;\">Santiago &#8211; Chile:&nbsp;<\/span><\/span><span style=\"color: #7a7a7a; font-family: helvetica, arial, sans-serif;\"><span style=\"font-size: 16px;\"><br><\/span><\/span><\/strong><strong><span style=\"font-size: 12pt; font-family: helvetica, arial, sans-serif;\">Mariella Norambuena C.<\/span><\/strong> \u2013&nbsp;<a style=\"font-family: helvetica, arial, sans-serif; font-size: 16px; font-weight: inherit;\" href=\"mailto:info@mariellanorambuena.com\">info@mariellanorambuena.com<\/a><\/h4>\n<p><span style=\"font-family: helvetica, arial, sans-serif;\"><a href=\"http:\/\/www.terapiasdeavanzada.org\/web\/?terapeutas=norambuena-cid-mariella\" data-reveal-id=\"marielanoram\">Ver CV<\/a><\/span><\/p>\n<p><span style=\"font-family: helvetica, arial, sans-serif;\"><strong>Espa\u00f1a: Madrid<\/strong><\/span><br><span style=\"font-family: helvetica, arial, sans-serif;\">Psic. Manuel L\u00f3pez Cano \u2013&nbsp;<a href=\"mailto:terapiasdeavanzadaspain@gmail.com\">terapiasdeavanzadaspain@gmail.com<\/a><\/span><br><span style=\"font-family: helvetica, arial, sans-serif;\"><a href=\"http:\/\/www.terapiasdeavanzada.org\/web\/?terapeutas=lopez-cano-manuel-lic\" data-reveal-id=\"manuellopez\">Ver CV<\/a><\/span><\/p>\n<p><span style=\"font-family: helvetica, arial, sans-serif; font-size: 16px; color: var( --e-global-color-text ); background-color: var(--ast-global-color-5);\"><b>Per\u00fa: Chiclayo<br><\/b><\/span><span style=\"font-family: helvetica, arial, sans-serif; font-size: 16px; color: var( --e-global-color-text ); background-color: var(--ast-global-color-5);\">Psic. Nicol\u00e1s Valle Palomino \u2013&nbsp;<\/span><a style=\"font-family: helvetica, arial, sans-serif; font-size: 16px;\" href=\"mailto:setentacinco@yahoo.com\">setentacinco@yahoo.com<\/a><br><a style=\"font-family: helvetica, arial, sans-serif; font-size: 16px;\" href=\"http:\/\/www.terapiasdeavanzada.org\/web\/?terapeutas=valle-palomino-nicolas-lic\" data-reveal-id=\"nicolasvalle\">Ver CV<\/a><\/p>\n<p><span style=\"font-family: helvetica, arial, sans-serif;\"><strong>Venezuela: Punto Fijo, Falc\u00f3n<\/strong><\/span><br><span style=\"font-family: helvetica, arial, sans-serif;\">Lic. Indiro Delgado \u2013&nbsp;<a href=\"mailto:indiro.delgado@gmail.com\">indiro.delgado@gmail.com<\/a><br><\/span><a style=\"font-family: helvetica, arial, sans-serif; font-size: 16px;\" href=\"http:\/\/www.terapiasdeavanzada.org\/web\/?terapeutas=lic-indiro-delgado\" data-reveal-id=\"indirodelgado\">Ver CV<\/a><\/p>\n<p style=\"margin-bottom: 0.0001pt; text-align: center; line-height: normal; background-image: initial; background-position: initial; background-size: initial; background-repeat: initial; background-attachment: initial; background-origin: initial; background-clip: initial;\" align=\"center\"><b><u><span lang=\"ES-TRAD\" style=\"font-size: 12.0pt; font-family: 'Arial Black','sans-serif'; mso-fareast-font-family: 'Times New Roman'; mso-bidi-font-family: 'Times New Roman'; mso-ansi-language: ES-TRAD;\">CONDICIONES PARA RECIBIR EL <\/span><\/u><\/b><\/p>\n<p style=\"margin-bottom: 0.0001pt; text-align: center; line-height: normal; background-image: initial; background-position: initial; background-size: initial; background-repeat: initial; background-attachment: initial; background-origin: initial; background-clip: initial;\" align=\"center\"><b><u><span lang=\"ES-TRAD\" style=\"font-size: 12.0pt; font-family: 'Arial Black','sans-serif'; mso-fareast-font-family: 'Times New Roman'; mso-bidi-font-family: 'Times New Roman'; mso-ansi-language: ES-TRAD;\">CERTIFICADO DE COMPLETUD COMO TERAPEUTA&nbsp;<\/span><\/u><\/b><b style=\"font-style: inherit; color: var( --e-global-color-text ); font-family: var( --e-global-typography-text-font-family ), Sans-serif; background-color: var(--ast-global-color-5);\"><u><span lang=\"ES-TRAD\" style=\"font-size: 12.0pt; font-family: 'Arial Black','sans-serif'; mso-fareast-font-family: 'Times New Roman'; mso-bidi-font-family: 'Times New Roman'; mso-ansi-language: ES-TRAD;\">EN TIC\u00ae: T\u00c9CNICAS DE INTEGRACI\u00d3N CEREBRAL<\/span><\/u><\/b><\/p>\n<p style=\"margin-bottom: 0.0001pt; text-align: center; line-height: normal; background-image: initial; background-position: initial; background-size: initial; background-repeat: initial; background-attachment: initial; background-origin: initial; background-clip: initial;\" align=\"center\">\n<\/p><p style=\"margin-bottom: 0.0001pt; text-align: center; line-height: normal; background-image: initial; background-position: initial; background-size: initial; background-repeat: initial; background-attachment: initial; background-origin: initial; background-clip: initial;\" align=\"center\"><b style=\"font-style: inherit; text-align: justify; color: var( --e-global-color-text ); font-family: var( --e-global-typography-text-font-family ), Sans-serif; background-color: var(--ast-global-color-5);\"><span lang=\"ES-TRAD\" style=\"font-size: 12.0pt; line-height: 107%; font-family: 'Arial Black','sans-serif'; mso-fareast-font-family: 'Times New Roman'; mso-bidi-font-family: 'Times New Roman'; mso-ansi-language: ES-TRAD;\"><u>ENTRENAMIENTOS (5) Y SEMINARIOS TE\u00d3RICOS (4) A CUMPLIR<\/u><\/span><\/b><\/p>\n<p style=\"text-align: justify; text-justify: inter-ideograph;\">\n<\/p><ul>\n<li><span style=\"font-family: helvetica, arial, sans-serif;\"><strong>TIC<sup>\u00ae<\/sup> PARTE I<\/strong><\/span><\/li>\n<li><span style=\"font-family: helvetica, arial, sans-serif;\"><strong>TIC<sup>\u00ae <\/sup>PARTE II <\/strong><\/span><\/li>\n<li><span style=\"font-family: helvetica, arial, sans-serif;\"><strong>ESCENA FUNDANTE Y OTRAS ESCENAS SIGNIFICATIVAS EN PSICOTERAPIA<\/strong><\/span><\/li>\n<li><span style=\"font-family: helvetica, arial, sans-serif;\"><strong>PET: PAIN ERASING TECHNIQUE \u2013 BORRADO DEL DOLOR Y MAS ALLA\u2026!<\/strong><\/span><\/li>\n<li><span style=\"font-family: helvetica, arial, sans-serif;\"><strong>COMO TRABAJAR CON TERAPIAS DE AVANZADA Y LAS 27 REGLAS DE ORO<\/strong><\/span><\/li>\n<li><span style=\"font-family: helvetica, arial, sans-serif;\"><strong>TRAUMA Y ESTR\u00c9S<\/strong><\/span><\/li>\n<li><span style=\"font-family: helvetica, arial, sans-serif;\"><strong>DESARROLLO DEL CEREBRO BAJO TRAUMA Y ESTRES<\/strong><\/span><\/li>\n<li><span style=\"font-family: helvetica, arial, sans-serif;\"><strong>TRASTORNOS DE ANSIEDAD <\/strong><\/span><\/li>\n<li><span style=\"font-family: helvetica, arial, sans-serif;\"><strong>TRASTORNOS DE APEGO<\/strong><\/span><\/li>\n<li><span style=\"font-family: helvetica, arial, sans-serif;\"><strong>TECNICAS COGNITIVAS APLICADAS A LAS TERAPIAS DE AVANZADA<\/strong><\/span><\/li>\n<\/ul>\n<p><span style=\"font-size: 10pt;\"><span style=\"font-family: helvetica, arial, sans-serif;\"><strong>-Para recibir el Certificado de Completud<\/strong> como Terapeuta en TIC se deber\u00e1n cursar los entrenamientos y seminarios te\u00f3ricos indicados m\u00e1s arriba y aprobar las supervisiones y practicas supervisadas correspondientes<\/span>.<\/span><\/p>\n<p><span style=\"font-family: helvetica, arial, sans-serif; font-size: 10pt;\"><strong>-Supervisiones grupales a realizar luego de los entrenamientos: <\/strong>Se deben realizar un m\u00ednimo de 10 (diez) supervisiones aprobadas y 2 (dos) pr\u00e1cticas supervisadas aprobadas, para afianzar la t\u00e9cnica y acceder a cursar el Nivel 2. Despu\u00e9s del Nivel 2 hay que cumplir con otras 10 supervisiones y 2 pr\u00e1cticas supervisadas , aprobadas, Las mismas se realizan en los meses posteriores a los entrenamientos.<\/span><\/p>\n<p><span style=\"font-family: helvetica, arial, sans-serif; font-size: 10pt;\"><strong>&nbsp;<\/strong><strong>-Pr\u00e1cticas Supervisadas Grupales:<\/strong> Se requieren 2 (dos) luego de cada uno de los entrenamientos . Costo de cada una&nbsp; a consultar.<\/span><\/p>\n<p style=\"text-align: center;\"><span style=\"text-decoration: underline;\"><span style=\"font-family: helvetica, arial, sans-serif;\"><strong>PROGRAMAS<\/strong><\/span><\/span><\/p>\n<p style=\"text-align: right;\"><span style=\"font-family: helvetica, arial, sans-serif; color: #808080;\"><strong><u>\u2666 TIC \u2013 PARTE 1<\/u><\/strong><\/span><\/p>\n<h4><span style=\"color: #808080;\"><span style=\"font-family: helvetica, arial, sans-serif; font-size: 10pt;\">PROGRAMA<br><\/span><span style=\"font-weight: normal;\"><span style=\"font-family: helvetica, arial, sans-serif; font-size: 10pt;\">Generalidades sobre Terapias de Avanzada.&nbsp;&nbsp;\u2013 Fen\u00f3menos<\/span><span style=\"font-family: helvetica, arial, sans-serif; font-size: 10pt;\"> encontrados: Apex, Apex -Reflex, Nadir y Cave. \u2013 Los pasos del aprendizaje &#8211; Funciones de los Hemisferios Cerebrales: Fijas y cognitivas \u2013 Activaci\u00f3n y Dominancia Hemisf\u00e9ricas, sus diferencias- Consolidaci\u00f3n de la Memoria &nbsp;Comisurotom\u00eda. &#8211; Zurdos.&nbsp;&nbsp;&#8211; Situaciones Traum\u00e1ticas. &#8211; Desarrollo del cerebro bajo estr\u00e9s y trauma. &#8211; Las P\u00e9rdidas, Los Duelos.&nbsp;&nbsp;-Lenguaje, desarrollo a trav\u00e9s de los tiempos.<br><\/span><span style=\"font-family: helvetica, arial, sans-serif; font-size: 10pt;\">Escalas de Medidas. -Historia cl\u00ednica. -Importancia del Diagn\u00f3stico psicopatol\u00f3gico.<\/span><span style=\"font-family: helvetica, arial, sans-serif; font-size: 10pt;\"><br><\/span><span style=\"font-size: 1.3em;\"><span style=\"font-family: helvetica, arial, sans-serif; font-size: 10pt;\">Estrategias de abordaje.<br><\/span><\/span><span style=\"font-family: helvetica, arial, sans-serif; font-size: 10pt;\">Protocolo general de las TIC.-V\u00eda \u00d3ptica Normal<br><\/span><span style=\"font-size: 1.3em;\"><span style=\"font-family: helvetica, arial, sans-serif; font-size: 10pt;\">T\u00e9cnica de los Anteojos Hemisf\u00e9ricos- V\u00eda \u00d3ptica para Anteojos hemisf\u00e9ricos \u2013Descripci\u00f3n de la t\u00e9cnica B\u00e1sica \u2013 Esquema de Tratamiento.&nbsp;&nbsp;T\u00e9cnica de Un ojo por Vez- Descripci\u00f3n.&nbsp;V\u00eda \u00f3ptica para un ojo por vez -T\u00e9cnica B\u00e1sica- esquema de Tratamiento.-Diferencias entre la v\u00eda \u00f3ptica de Anteojos Hemisf\u00e9ricos\u00ae y Un ojo x Vez\u00ae<em> &#8211;<\/em>T\u00e9cnicas Complementarias: Punto de Karate &#8211; Frontal \/occipital&nbsp;<em>&#8211; <\/em>Pr\u00e1ctica supervisada en grupos.<\/span><\/span><\/span><\/span><\/h4>\n<p style=\"text-align: right;\"><span style=\"font-family: helvetica, arial, sans-serif; color: #808080;\"><strong><u>\u2666 TIC \u2013 PARTE 2<\/u><\/strong><\/span><\/p>\n<h4><span style=\"color: #808080;\"><span style=\"font-family: helvetica, arial, sans-serif; font-size: 10pt;\">PROGRAMA<br><\/span><span style=\"font-family: helvetica, arial, sans-serif; font-size: 12pt;\"><span style=\"font-size: 10pt;\"><span style=\"font-weight: normal;\">Protocolos de abordaje de los trastornos de ansiedad \u2013 Diferencia de abordaje entre trauma y s\u00edntoma \u2013 Escalas Diagnosticas \u2013 PRACTICA SUPERVISADA<\/span><\/span><\/span><\/span><\/h4>\n<p><\/p>\n<p style=\"text-align: right;\"><span style=\"font-family: helvetica, arial, sans-serif; color: #808080;\"><strong><u>\u2666 LA ESCENA FUNDANTE Y&nbsp;<\/u><\/strong><strong><u>&nbsp;OTRAS ESCENAS SIGNIFICATIVAS EN PSICOTERAPIA <\/u><\/strong><\/span><\/p>\n<p><span style=\"font-family: helvetica, arial, sans-serif; color: #808080;\"><span style=\"font-size: 10pt;\"><strong>En Escena <\/strong>Fundante se ense\u00f1a a buscar la escena primordial, de los primeros a\u00f1os de vida fundamento de los s\u00edntomas. Tipos de Escenas Fundantes \u2013 Reglas de la escena Fundante &#8211; Como buscarla. Inducci\u00f3n de trance &#8211; Practica con los asistentes.&nbsp;<br><\/span><span style=\"font-size: 10pt; background-color: var(--ast-global-color-5);\">Las escenas m\u00e1s significativas en la pr\u00e1ctica de la psicoterapia.<br><\/span><span style=\"font-size: 10pt; background-color: var(--ast-global-color-5);\">Para recibir el certificado se requerir\u00e1 la asistencia a 4 supervisiones y 1 practica supervisada.<\/span><\/span><\/p>\n<h4 style=\"text-align: right;\"><span style=\"color: #808080;\"><span style=\"font-size: 12pt; font-family: helvetica, arial, sans-serif;\"><strong><u><span style=\"font-family: helvetica, arial, sans-serif;\">\u2666 <\/span>PET: (Pain Erasing Technique)&nbsp; <\/u>Bo<\/strong><\/span><span style=\"font-size: 12pt; font-family: helvetica, arial, sans-serif;\"><strong>rrado del Dolor y m\u00e1s all\u00e1&#8230;!<\/strong><\/span><\/span><\/h4>\n<h4><span style=\"font-size: 10pt; font-family: helvetica, arial, sans-serif; color: #808080;\"><strong>PROGRAMA<\/strong><\/span><\/h4>\n<p><span style=\"font-size: 10pt; font-family: helvetica, arial, sans-serif; color: #808080;\"><strong>Explicaci\u00f3n de la t\u00e9cnica \u2013 Conceptos te\u00f3ricos. <\/strong>Probables bases neurofisiol\u00f3gicas, estructuras implicadas &#8211; el Nervio Vago. explicaci\u00f3n &#8211; historia &#8211; vagos dorsal y ventral \u2013 Otros pares craneales implicados- T\u00e9cnica de PET &#8211; Convergencia y divergencia ocular &#8211; Visual Convergence Therapy &#8211; Usos de PET \u2013 contraindicaciones \u2013 Trabajo de investigaci\u00f3n \u2013 Testimonios de pacientes y m\u00e9dicos &#8211; <strong>Pr\u00e1ctica supervisada en grupos.<\/strong><\/span><\/p>\n<h4 style=\"text-align: right;\"><span style=\"color: #808080;\"><span style=\"font-family: helvetica, arial, sans-serif;\"><span style=\"font-size: 12pt;\"><strong><u>\u2666&nbsp;<\/u><\/strong><strong><u>COMO TRABAJAR CON LAS TERAPIAS DE AVANZADA&nbsp;<\/u><\/strong><\/span><\/span><span style=\"font-family: helvetica, arial, sans-serif; font-size: 12pt;\"><strong><u>Y LAS 27 REGLAS DE ORO<\/u><\/strong><\/span><\/span><\/h4>\n<p><span style=\"color: #808080;\"><span style=\"font-size: 10pt; font-family: helvetica, arial, sans-serif;\"><strong>PROGRAMA<br><\/strong><\/span><strong style=\"font-family: helvetica, arial, sans-serif; font-size: 10pt; background-color: var(--ast-global-color-5);\">En Como Trabajar Con Terapias de Avanzada, <\/strong><span style=\"font-family: helvetica, arial, sans-serif; font-size: 10pt; background-color: var(--ast-global-color-5);\">se ense\u00f1an las diferentes escenas a reprocesar para completar todo el trabajo terap\u00e9utico. La importancia del Diagn\u00f3stico.<\/span><\/span><\/p>\n<p><span style=\"color: #808080;\"><strong style=\"font-family: helvetica, arial, sans-serif; font-size: 10pt; background-color: var(--ast-global-color-5);\">Las 27 reglas de Oro: <\/strong><span style=\"font-family: helvetica, arial, sans-serif; font-size: 10pt; background-color: var(--ast-global-color-5);\">basados en 27 refranes y dichos populares explicamos c\u00f3mo manejarse con las Terapias de avanzada.<\/span><\/span><\/p>\n<p style=\"text-align: right;\"><span style=\"font-family: helvetica, arial, sans-serif; color: #808080;\"><strong><u>\u2666 TRAUMA Y ESTR\u00c9S<\/u><\/strong><\/span><\/p>\n<p><span style=\"color: #808080;\"><span style=\"font-family: helvetica, arial, sans-serif; font-size: 10pt;\"><strong>PROGRAMA <br><\/strong><\/span><span style=\"font-family: helvetica, arial, sans-serif; font-size: 10pt;\">Concepto de Trauma ps\u00edquico \/ Historia del trauma en la psiquiatr\u00eda \/ Tipos de trauma. \/ Consecuencias del trauma&nbsp; \/ Neurofisiolog\u00eda del Trauma por Estr\u00e9s agudo\/ Trauma complejo \/ Estr\u00e9s post traum\u00e1tico. \/ Resiliencia \/ Tratamiento con Terapias de Avanzada \u2013 Ejemplos cl\u00ednicos.<\/span><\/span><\/p>\n<p style=\"text-align: right;\"><span style=\"font-family: helvetica, arial, sans-serif; color: #808080;\"><strong><u>\u2666 DESARROLLO DEL CEREBRO BAJO TRAUMA Y ESTR\u00c9S<\/u><\/strong><\/span><\/p>\n<p><span style=\"color: #808080;\"><span style=\"font-family: helvetica, arial, sans-serif; font-size: 10pt;\"><strong>PROGRAMA<br><\/strong><\/span><span style=\"font-family: helvetica, arial, sans-serif; font-size: 10pt;\">Que es estr\u00e9s . Que es trauma. Tipos de trauma . Consecuencias del trauma temprano en el embarazo, nacimiento, primeros a\u00f1os, adolescencia. Consecuencias en las estructuras del S.N.Central en desarrollo del trauma temprano. Estad\u00edsticas.<\/span><\/span><\/p>\n<p style=\"text-align: right;\"><span style=\"font-family: helvetica, arial, sans-serif; color: #808080;\"><strong><u>\u2666 TRASTORNOS DE ANSIEDAD<\/u><\/strong><\/span><\/p>\n<p><span style=\"color: #808080;\"><span style=\"font-family: helvetica, arial, sans-serif; font-size: 10pt;\"><strong>PROGRAMA<br><\/strong><\/span><span style=\"font-family: helvetica, arial, sans-serif; font-size: 10pt;\">INTRODUCCI\u00d3N Y MANEJO DEL DSM IV<strong> y V<\/strong>&#8211; Dr. Sergio Solvey&nbsp;<br><\/span><span style=\"font-family: helvetica, arial, sans-serif; font-size: 10pt;\">Explicaci\u00f3n del DSM IV y V<u>\u2013 <\/u><a style=\"color: #808080;\" href=\"http:\/\/es.wikipedia.org\/wiki\/Manual_diagn%C3%B3stico_y_estad%C3%ADstico_de_los_trastornos_mentales\">Manual diagn\u00f3stico y estad\u00edstico de los trastornos mentales<\/a><strong>.- Usos<\/strong> y aplicaci\u00f3n.<br><\/span><span style=\"font-family: helvetica, arial, sans-serif; font-size: 10pt;\">Trastorno de p\u00e1nico-&nbsp;Agorafobia.<strong>&nbsp;<\/strong>&#8211;&nbsp;Trastorno obsesivo compulsivo. Trastorno de ansiedad generalizada-&nbsp;<br><\/span><span style=\"font-family: helvetica, arial, sans-serif; font-size: 10pt;\">Trastorno de estr\u00e9s postraum\u00e1tico-&nbsp; Fobia simple.-&nbsp;Fobia social.- Escalas cl\u00ednicas de evaluaci\u00f3n diagnostica. Se investigar\u00e1n creencias y emociones propias de cada trastorno.<br><\/span><span style=\"font-family: helvetica, arial, sans-serif; font-size: 10pt;\">TRAUMA PSIQUICO &#8211; ESTRES POST TRAUMATICO &#8211; CLINICA Y NEUROFISIOLOG\u00cdA<strong> \u2013<br><\/strong><\/span><span style=\"font-family: helvetica, arial, sans-serif; font-size: 10pt;\">Concepto de Trauma ps\u00edquico &#8211; Historia del trauma en la psiquiatr\u00eda &#8211; Tipos de trauma. Consecuencias del trauma &#8211; Neurofisiolog\u00eda del Trauma por Estr\u00e9s agudo<strong> &#8211; <\/strong>Estr\u00e9s post traum\u00e1tico. Trauma complejo &#8211; Resiliencia -Tratamiento con Terapias de Avanzada \u2013 Ejemplos cl\u00ednicos &#8211; Escalas diagnosticas.<\/span><\/span><\/p>\n<p style=\"text-align: right;\"><span style=\"font-family: helvetica, arial, sans-serif; color: #808080;\"><strong><u>\u2666 TRASTORNOS DE APEGO<\/u><\/strong><\/span><\/p>\n<p><span style=\"color: #808080;\"><span style=\"font-family: helvetica, arial, sans-serif; font-size: 10pt;\"><strong>PROGRAMA<br><\/strong><\/span><span style=\"font-family: helvetica, arial, sans-serif; font-size: 10pt;\">\u00bfQu\u00e9 es el apego? Historia del concepto de apego. Winnicott, Bolwy, Mary Ainsworth. Tipos de apego Apego seguro, inseguro, ambivalente. Los 13 tipos de apego: Conducta de los padres, conducta del paciente, del terapeuta.<\/span><\/span><\/p>\n<p style=\"text-align: right;\"><span style=\"font-family: helvetica, arial, sans-serif; color: #808080;\"><strong><u>\u2666 TECNICAS COGNITIVAS APLICADAS A LAS TERAPIAS DE AVANZADA<\/u><\/strong><\/span><\/p>\n<p><span style=\"color: #808080;\">&nbsp;<span style=\"font-family: helvetica, arial, sans-serif; font-size: 10pt;\"><strong>PROGRAMA<br><\/strong><\/span><span style=\"font-family: helvetica, arial, sans-serif; font-size: 10pt;\">\u00bfQu\u00e9 son las psicoterapias cognitivas? Antecedentes:&nbsp; De los Modelos conductistas a los Modelos Cognitivos.<br><\/span><span style=\"font-family: helvetica, arial, sans-serif; font-size: 10pt;\">Terapia Cognitiva. A.Beck Pensamiento del paciente. Sistema de Creencias. Relaci\u00f3n entre Pensamiento, emoci\u00f3n y conducta. Esquemas Mentales. Creencias Nucleares, Perif\u00e9ricas. Pensamientos Autom\u00e1ticos. Distorsiones cognitivas.&nbsp; Creencias Disfuncionales. Triada Cognitiva. Psicopatolog\u00eda. M\u00e9todo terap\u00e9utico. Relaci\u00f3n terap\u00e9utica. Terapia Racional Emotiva Conductual. A Ellis. Creencias Racionales e Irracionales. Trabajo desde el modelo ABC. Desde un modelo lineal a uno contextual. Reestructuraci\u00f3n Cognitiva.-T\u00e9cnicas de trabajo. Importancia de la persuasi\u00f3n.<br><\/span><span style=\"font-family: helvetica, arial, sans-serif; font-size: 10pt;\"><strong>Terapia Cognitiva y Terapias de Avanzada: <\/strong>El lugar de las creencias en los Traumas y S\u00edntomas. Indagaci\u00f3n y b\u00fasqueda de creencias, la elaboraci\u00f3n: del DICES. Su interrelaci\u00f3n con las emociones, sensaciones f\u00edsicas e imagen. Diferencia entre creencias, expectativa y experiencias. La creencia como hilo conductor de experiencias pasadas generadoras de s\u00edntomas. De las creencias infantiles irracionales a las creencias adultas racionales.<\/span><\/span><\/p>\n<p><\/p>\n<\/div>\t\t\t\t\t\t<\/div>\n\t\t\t\t<\/div>\n\t\t\t\t\t<\/div>\n\t\t<\/div>\n\t\t\t\t\t\t\t<\/div>\n\t\t<\/section>\n\t\t\t\t\t\t\t<\/div>\n\t\t","protected":false},"excerpt":{"rendered":"<p>La&nbsp;T\u00e9cnica de los Anteojos Hemisf\u00e9ricos&nbsp;y la&nbsp;T\u00e9cnica de Un Ojo por Vez&nbsp;son dos nuevos m\u00e9todos terap\u00e9uticos, pertenecientes a ya conocido grupo de las&nbsp;TERAPIAS DE AVANZADA\u00ae, con sus nuevos paradigmas. Las t\u00e9cnicas de&nbsp;TIC\u00ae&nbsp;posibilitan la integraci\u00f3n de las diferencias de percepci\u00f3n que existen naturalmente entre los dos hemisferios cerebrales, y que se intensifican notoriamente frente a una situaci\u00f3n &hellip;<\/p>\n<p class=\"read-more\"> <a class=\"\" href=\"https:\/\/www.terapiasdeavanzada.org\/web\/tic-tecnica-de-los-anteojos-hemisfericos-tecnica-de-1-ojo-x-vez\/\"> <span class=\"screen-reader-text\">TIC\u00ae &#8211; T\u00e9cnica de los Anteojos Hemisf\u00e9ricos\u00ae &#8211; T\u00e9cnica de 1 Ojo x Vez\u00ae<\/span> Leer m\u00e1s &raquo;<\/a><\/p>\n","protected":false},"author":1,"featured_media":0,"parent":0,"menu_order":0,"comment_status":"closed","ping_status":"closed","template":"","meta":{"site-sidebar-layout":"default","site-content-layout":"default","ast-global-header-display":"","ast-banner-title-visibility":"","ast-main-header-display":"","ast-hfb-above-header-display":"","ast-hfb-below-header-display":"","ast-hfb-mobile-header-display":"","site-post-title":"","ast-breadcrumbs-content":"","ast-featured-img":"","footer-sml-layout":"","theme-transparent-header-meta":"","adv-header-id-meta":"","stick-header-meta":"","header-above-stick-meta":"","header-main-stick-meta":"","header-below-stick-meta":""},"_links":{"self":[{"href":"https:\/\/www.terapiasdeavanzada.org\/web\/wp-json\/wp\/v2\/pages\/396"}],"collection":[{"href":"https:\/\/www.terapiasdeavanzada.org\/web\/wp-json\/wp\/v2\/pages"}],"about":[{"href":"https:\/\/www.terapiasdeavanzada.org\/web\/wp-json\/wp\/v2\/types\/page"}],"author":[{"embeddable":true,"href":"https:\/\/www.terapiasdeavanzada.org\/web\/wp-json\/wp\/v2\/users\/1"}],"replies":[{"embeddable":true,"href":"https:\/\/www.terapiasdeavanzada.org\/web\/wp-json\/wp\/v2\/comments?post=396"}],"version-history":[{"count":24,"href":"https:\/\/www.terapiasdeavanzada.org\/web\/wp-json\/wp\/v2\/pages\/396\/revisions"}],"predecessor-version":[{"id":2619,"href":"https:\/\/www.terapiasdeavanzada.org\/web\/wp-json\/wp\/v2\/pages\/396\/revisions\/2619"}],"wp:attachment":[{"href":"https:\/\/www.terapiasdeavanzada.org\/web\/wp-json\/wp\/v2\/media?parent=396"}],"curies":[{"name":"wp","href":"https:\/\/api.w.org\/{rel}","templated":true}]}}