{"id":920,"date":"2018-08-08T21:25:25","date_gmt":"2018-08-09T00:25:25","guid":{"rendered":"http:\/\/www.terapiasdeavanzada.org\/web\/?page_id=920"},"modified":"2020-06-18T15:12:12","modified_gmt":"2020-06-18T18:12:12","slug":"entrenamientos-cursos-jornadas","status":"publish","type":"page","link":"https:\/\/www.terapiasdeavanzada.org\/web\/entrenamientos-cursos-jornadas\/","title":{"rendered":"ENTRENAMIENTOS \/ CURSOS JORNADAS"},"content":{"rendered":"<h2 style=\"text-align: center;\"><span style=\"color: #339966;\">Entrenamientos 2020<\/span><\/h2>\n<p style=\"text-align: center;\"><strong><span style=\"font-size: 24pt; color: #ff0000;\">Debido a la pandemia los cursos presenciales est\u00e1n por el momento suspendidos<\/span><\/strong><\/p>\n<p style=\"text-align: center; background: white; margin: 0cm 0cm 7.5pt 0cm;\" align=\"center\"><strong><span style=\"font-family: 'Arial','sans-serif'; color: red;\">\u00a0<\/span><\/strong><\/p>\n<p style=\"text-align: center; background: white; margin: 0cm 0cm 7.5pt 0cm;\" align=\"center\"><span style=\"color: #000000;\"><strong><span style=\"font-family: Arial, sans-serif;\">27, 28 y 29 de Marzo de 2020 &#8211;\u00a0Montevideo \u2013 Uruguay\u00a0<\/span><\/strong><\/span><\/p>\n<p style=\"text-align: center; background: white; margin: 0cm 0cm 7.5pt 0cm;\" align=\"center\"><span style=\"font-size: 14pt; color: #000000;\"><strong><span style=\"font-family: Arial, sans-serif;\">Entrenamiento en TdeA-EMDR<sup>\u00ae\u00a0<\/sup>\u2013 Parte 1<\/span><\/strong><\/span><\/p>\n<p style=\"text-align: center; background: white; margin: 0cm 0cm 7.5pt 0cm;\" align=\"center\"><span style=\"color: #000000;\"><strong><span style=\"font-family: Arial, sans-serif;\">25 a\u00f1os entrenando en EMDR!<\/span><\/strong><\/span><\/p>\n<p style=\"background: white; margin: 0cm 0cm 7.5pt 0cm;\"><span style=\"font-size: 10pt; color: #000000;\"><strong><span style=\"font-family: Arial, sans-serif;\">(Movimientos oculares ,desensibilizaci\u00f3n y reprocesamiento)<\/span><\/strong><span style=\"font-family: Arial, sans-serif;\">\u00a0es un m\u00e9todo nuevo y poderoso de hacer psicoterapia que ha ayudado a miles de personas de todo el mundo en diferentes cuadros cl\u00ednicos, trastornos de personalidad y traumas. Su herramienta es la\u00a0<strong><span style=\"font-family: 'Arial','sans-serif';\">ESB\u00ae<\/span><\/strong>\u00a0\u2013 Estimulaci\u00f3n Sensorial Bilateral\u00a0<sup>\u00ae<\/sup>\u00a0que acelera las funciones de procesamiento de la informaci\u00f3n disfuncional en el cerebro, estimulando el intercambio de informaci\u00f3n entre ambos hemisferios.<\/span><\/span><\/p>\n<p style=\"text-align: center; background: white; margin: 0cm 0cm 7.5pt 0cm;\" align=\"center\"><span style=\"color: #000000;\"><strong><span style=\"font-family: Arial, sans-serif;\">Entrenamiento abierto a los Profesionales de la Salud Mental<\/span><\/strong><\/span><\/p>\n<p style=\"background: white; margin: 0cm 0cm 7.5pt 0cm;\"><span style=\"font-family: Arial, sans-serif; color: #000000; font-size: 10pt;\">Entrenadora:<br \/>\n<strong><span style=\"font-family: 'Arial','sans-serif';\">Dra. Raquel C. Ferrazzano de Solvey<\/span><\/strong><br \/>\nEntrenadora Universitaria &#8211;\u00a0Profesora Honoraria de la Facultad de Psicolog\u00eda de la U. Sr. de Sip\u00e1n \u2013 Per\u00fa \/\u00a0Ex-Faculty Member del EMDR Institute Inc. USA (1996 \u2013 2016)<\/span><\/p>\n<p style=\"background: white; margin: 0cm 0cm 7.5pt 0cm;\"><span style=\"font-size: 10pt; color: #000000;\"><strong><span style=\"font-family: Arial, sans-serif;\">Auspiciado por:<\/span><\/strong><b><span style=\"font-family: Arial, sans-serif;\"><br \/>\n<\/span><\/b><span style=\"font-family: Arial, sans-serif;\">Emdria Latinoam\u00e9rica\u00ae Asoc. Civil y Universidad Maim\u00f3nides \u2013 Departamento de Psiquiatr\u00eda y Neurociencias\u00a0\u00a0<\/span><\/span><\/p>\n<p style=\"background: white; margin: 0cm 0cm 7.5pt 0cm;\"><span style=\"font-size: 10pt; color: #000000;\"><strong><span style=\"font-family: Arial, sans-serif;\">Organizador<\/span><\/strong><span style=\"font-family: Arial, sans-serif;\">: Terapias de Avanzada Uruguay<br \/>\nLugar: consultar<br \/>\nHorarios: viernes, s\u00e1bado y domingo de 10,00 a 19,00 hs.<br \/>\nCosto:\u00a0consultar\u00a0 \u2013\u00a0Recursantes 50%<\/span><\/span><\/p>\n<p style=\"background: white; margin: 0cm 0cm 7.5pt 0cm;\"><span style=\"font-size: 10pt;\"><span style=\"color: #000000;\"><b><span style=\"font-family: Arial, sans-serif;\">Informes e inscripci\u00f3n:<br \/>\n<\/span><\/b><\/span><span style=\"font-family: 'Arial','sans-serif'; color: #4c4c4c;\"><span style=\"color: #000000;\">Lic. Lorena Odacio Tiozzo<\/span><br \/>\n<span style=\"color: #000000;\">Terapias de Avanzada\u00ae\u00a0Directora Filial Uruguay\u00a0<\/span><b><span style=\"color: #000000;\">\u00a0\u00a0 \u00a0 \u00a0 \u00a0<\/span> \u00a0 \u00a0 \u00a0 \u00a0<\/b><br \/>\n<a href=\"mailto:terapiasdeavanzadauy@gmail.com\">terapiasdeavanzadauy@gmail.com<\/a>\u00a0 \/\u00a0 Tel\u00e9fono: 098 237 485<\/span><\/span><\/p>\n<p style=\"text-align: center;\">***<\/p>\n<p style=\"text-align: center; background: white; margin: 0cm 0cm 7.5pt 0cm;\" align=\"center\"><strong><span style=\"font-family: 'Arial','sans-serif'; color: red;\">24, 25 y 26 de Abril de 2020 \u2013\u00a0 Rosario &#8211; Santa Fe<\/span><\/strong><\/p>\n<p style=\"text-align: center;\"><span style=\"font-size: 14pt;\"><strong><span style=\"font-family: helvetica, arial, sans-serif; color: #ff0000;\">TdeA-EMDR-Argentina\u00ae\u00a0 Parte 1<\/span><\/strong><br \/>\n<\/span><b><span style=\"font-family: 'Arial','sans-serif'; color: red;\"><strong><br \/>\n25 a\u00f1os entrenando en EMDR!<\/strong><br \/>\n<\/span><\/b><\/p>\n<p style=\"background: white; margin: 0cm 0cm 7.5pt 0cm;\"><span style=\"font-size: 10pt;\"><strong><span style=\"font-family: 'Arial','sans-serif'; color: #4c4c4c;\">(Movimientos oculares ,desensibilizaci\u00f3n y reprocesamiento)<\/span><\/strong><span style=\"font-family: 'Arial','sans-serif'; color: #4c4c4c;\">\u00a0es un m\u00e9todo nuevo y poderoso de hacer psicoterapia que ha ayudado a miles de personas de todo el mundo en diferentes cuadros cl\u00ednicos, trastornos de personalidad y traumas. Su herramienta es la\u00a0<strong><span style=\"font-family: 'Arial','sans-serif';\">ESB\u00ae<\/span><\/strong>\u00a0\u2013 Estimulaci\u00f3n Sensorial Bilateral\u00a0<sup>\u00ae<\/sup>\u00a0que acelera las funciones de procesamiento de la informaci\u00f3n disfuncional en el cerebro, estimulando el intercambio de informaci\u00f3n entre ambos hemisferios.<\/span><\/span><\/p>\n<p style=\"text-align: center; background: white; margin: 0cm 0cm 7.5pt 0cm;\" align=\"center\"><strong><span style=\"font-family: 'Arial','sans-serif'; color: #4c4c4c;\">Entrenamiento abierto a los Profesionales de la Salud Mental<\/span><\/strong><\/p>\n<p style=\"background: white; margin: 0cm 0cm 7.5pt 0cm;\"><span style=\"font-family: Arial, sans-serif; color: #4c4c4c; font-size: 10pt;\">Entrenadora:<br \/>\n<strong><span style=\"font-family: 'Arial','sans-serif';\">Dra. Raquel C. Ferrazzano de Solvey<\/span><\/strong><br \/>\nEntrenadora Universitaria \u2013\u00a0Profesora Honoraria de la Facultad de Psicolog\u00eda de la U. Sr. de Sip\u00e1n \u2013 Per\u00fa<br \/>\nEx-Faculty Member del EMDR Institute Inc. USA (1996 \u2013 2016)<\/span><\/p>\n<p style=\"background: white; margin: 0cm 0cm 7.5pt 0cm;\"><span style=\"font-size: 10pt;\"><strong><span style=\"font-family: 'Arial','sans-serif'; color: #4c4c4c;\">Auspiciados por:<\/span><\/strong><b><span style=\"font-family: 'Arial','sans-serif'; color: #4c4c4c;\"><br \/>\n<\/span><\/b><span style=\"font-size: 10pt; color: #000000;\"><span style=\"font-family: Arial, sans-serif;\">Emdria Latinoam\u00e9rica\u00ae Asoc. Civil y Universidad Maim\u00f3nides \u2013 Departamento de Psiquiatr\u00eda y Neurociencias<\/span><\/span><br \/>\n<\/span><\/p>\n<p style=\"background: white; margin: 0cm 0cm 7.5pt 0cm;\"><span style=\"font-size: 10pt;\"><strong><span style=\"font-family: 'Arial','sans-serif'; color: #4c4c4c;\">Lugar<\/span><\/strong><span style=\"font-family: 'Arial','sans-serif'; color: #4c4c4c;\">: a confirmar<br \/>\n<strong><span style=\"font-family: 'Arial','sans-serif';\">Horarios<\/span><\/strong>:\u00a0 viernes 24 y\u00a0 s\u00e1bado 25 y domingo 26 de 10,00 a 19,00 hs.<br \/>\n<strong><span style=\"font-family: 'Arial','sans-serif';\">Costo<\/span><\/strong>: consultar &#8211;\u00a0Recursantes\u00a0 50%<\/span><\/span><\/p>\n<p style=\"background: white; margin: 0cm 0cm 7.5pt 0cm;\"><span style=\"font-size: 10pt;\"><strong><span style=\"font-family: 'Arial','sans-serif'; color: #4c4c4c;\">Coordina: Lic. Rosana Romano<\/span><\/strong><span style=\"font-family: 'Arial','sans-serif'; color: #4c4c4c;\"><br \/>\n<strong><span style=\"font-family: 'Arial','sans-serif';\">Informes e inscripci\u00f3n:<br \/>\n<\/span><\/strong><\/span><a href=\"mailto:info@fundacionsinapsis.org.ar\"><span style=\"font-family: 'Arial','sans-serif'; color: #618eba;\">info@fundacionsinapsis.org.ar\u00a0<\/span><\/a><span style=\"font-family: 'Arial','sans-serif'; color: #4c4c4c;\"><br \/>\nWhatsapp + 54 9 341 665 0591 \/\u00a0www.fundacionsinapsis.org.ar<\/span><\/span><\/p>\n<p style=\"text-align: center;\">***<\/p>\n<p>&nbsp;<\/p>\n<p style=\"text-align: center; background: white; margin: 0cm 0cm 7.5pt 0cm;\" align=\"center\"><strong><span style=\"font-family: 'Arial','sans-serif'; color: red;\">8, 9 y 10 de Mayo de 2020 &#8211;\u00a0Buenos Aires\u00a0<\/span><\/strong><\/p>\n<p style=\"text-align: center; background: white; margin: 0cm 0cm 7.5pt 0cm;\" align=\"center\"><span style=\"font-size: 14pt;\"><strong><span style=\"font-family: 'Arial','sans-serif'; color: red;\">Entrenamiento en TdeA-EMDR<sup>\u00ae\u00a0<\/sup>\u2013 Parte 1<\/span><\/strong><\/span><\/p>\n<p style=\"text-align: center; background: white; margin: 0cm 0cm 7.5pt 0cm;\" align=\"center\"><strong><span style=\"font-family: 'Arial','sans-serif'; color: red;\">25 a\u00f1os entrenando en EMDR!<\/span><\/strong><\/p>\n<p style=\"background: white; margin: 0cm 0cm 7.5pt 0cm;\"><span style=\"font-size: 10pt;\"><strong><span style=\"font-family: 'Arial','sans-serif'; color: #4c4c4c;\">(Movimientos oculares ,desensibilizaci\u00f3n y reprocesamiento)<\/span><\/strong><span style=\"font-family: 'Arial','sans-serif'; color: #4c4c4c;\">\u00a0es un m\u00e9todo nuevo y poderoso de hacer psicoterapia que ha ayudado a miles de personas de todo el mundo en diferentes cuadros cl\u00ednicos, trastornos de personalidad y traumas. Su herramienta es la\u00a0<strong><span style=\"font-family: 'Arial','sans-serif';\">ESB\u00ae<\/span><\/strong>\u00a0\u2013 Estimulaci\u00f3n Sensorial Bilateral\u00a0<sup>\u00ae<\/sup>\u00a0que acelera las funciones de procesamiento de la informaci\u00f3n disfuncional en el cerebro, estimulando el intercambio de informaci\u00f3n entre ambos hemisferios.<\/span><\/span><\/p>\n<p style=\"text-align: center; background: white; margin: 0cm 0cm 7.5pt 0cm;\" align=\"center\"><strong><span style=\"font-family: 'Arial','sans-serif'; color: #4c4c4c;\">Entrenamiento abierto a los Profesionales de la Salud Mental<\/span><\/strong><\/p>\n<p style=\"background: white; margin: 0cm 0cm 7.5pt 0cm;\"><span style=\"font-family: Arial, sans-serif; color: #4c4c4c; font-size: 10pt;\">Entrenadora:<br \/>\n<strong><span style=\"font-family: 'Arial','sans-serif';\">Dra. Raquel C. Ferrazzano de Solvey<\/span><\/strong><br \/>\nEntrenadora Universitaria &#8211;\u00a0Profesora Honoraria de la Facultad de Psicolog\u00eda de la U. Sr. de Sip\u00e1n \u2013 Per\u00fa \/\u00a0Ex-Faculty Member del EMDR Institute Inc. USA (1996 \u2013 2016)<\/span><\/p>\n<p style=\"background: white; margin: 0cm 0cm 7.5pt 0cm;\"><span style=\"font-size: 10pt;\"><strong><span style=\"font-family: 'Arial','sans-serif'; color: #4c4c4c;\">Auspiciado por:<\/span><\/strong><b><span style=\"font-family: 'Arial','sans-serif'; color: #4c4c4c;\"><br \/>\n<\/span><\/b><span style=\"font-size: 10pt; color: #000000;\"><span style=\"font-family: Arial, sans-serif;\">Emdria Latinoam\u00e9rica\u00ae Asoc. Civil y Universidad Maim\u00f3nides \u2013 Departamento de Psiquiatr\u00eda y Neurociencias<\/span><\/span><br \/>\n<\/span><\/p>\n<p style=\"background: white; margin: 0cm 0cm 7.5pt 0cm;\"><span style=\"font-size: 10pt;\"><strong><span style=\"font-family: 'Arial','sans-serif'; color: #4c4c4c;\">Organizador<\/span><\/strong><span style=\"font-family: 'Arial','sans-serif'; color: #4c4c4c;\">: <strong>Terapias de Avanzada<\/strong><br \/>\nLugar: F. Lacroze 1820 \u2013 4\u00ba B \u2013 C.A.B.A.<br \/>\nHorarios: viernes, s\u00e1bado y domingo de 10,00 a 19,00 hs.<br \/>\nCosto:\u00a0consultar\u00a0 \u2013\u00a0Recursantes 50%<\/span><\/span><\/p>\n<p style=\"background: white; margin: 0cm 0cm 7.5pt 0cm;\"><span style=\"font-size: 10pt;\"><strong><span style=\"font-family: 'Arial','sans-serif'; color: #4c4c4c;\">Informes e inscripci\u00f3n<\/span><\/strong><span style=\"font-family: 'Arial','sans-serif'; color: #4c4c4c;\"><br \/>\nF. Lacroze 1820 7\u00baB\u00a0 \u2013 C.A.B.A.<br \/>\n(54 11) 4775-1691 \/\u00a0Whattsapp\u00a0 +54 9 11 5809 5526<br \/>\nprsolvey@sion.com\u00a0 \/ <\/span><a href=\"mailto:terapiasdeavanzada@gmail.com\"><span style=\"font-family: 'Arial','sans-serif';\">terapiasdeavanzada@gmail.com<\/span><\/a><\/span><\/p>\n<p style=\"text-align: center;\">***<\/p>\n<p style=\"text-align: center; background: white; margin: 0cm 0cm 7.5pt 0cm;\" align=\"center\"><strong><span style=\"font-family: 'Arial','sans-serif'; color: red;\">15, 16 y 17 de Mayo de 2020 &#8211;\u00a0C\u00f3rdoba\u00a0<\/span><\/strong><\/p>\n<p style=\"text-align: center; background: white; margin: 0cm 0cm 7.5pt 0cm;\" align=\"center\"><span style=\"font-size: 14pt;\"><strong><span style=\"font-family: 'Arial','sans-serif'; color: red;\">Entrenamiento en TdeA-EMDR<sup>\u00ae\u00a0<\/sup>\u2013 Parte 1<\/span><\/strong><\/span><\/p>\n<p style=\"text-align: center; background: white; margin: 0cm 0cm 7.5pt 0cm;\" align=\"center\"><strong><span style=\"font-family: 'Arial','sans-serif'; color: red;\">25 a\u00f1os entrenando en EMDR!<\/span><\/strong><\/p>\n<p style=\"background: white; margin: 0cm 0cm 7.5pt 0cm;\"><span style=\"font-size: 10pt;\"><strong><span style=\"font-family: 'Arial','sans-serif'; color: #4c4c4c;\">(Movimientos oculares ,desensibilizaci\u00f3n y reprocesamiento)<\/span><\/strong><span style=\"font-family: 'Arial','sans-serif'; color: #4c4c4c;\">\u00a0es un m\u00e9todo nuevo y poderoso de hacer psicoterapia que ha ayudado a miles de personas de todo el mundo en diferentes cuadros cl\u00ednicos, trastornos de personalidad y traumas. Su herramienta es la\u00a0<strong><span style=\"font-family: 'Arial','sans-serif';\">ESB\u00ae<\/span><\/strong>\u00a0\u2013 Estimulaci\u00f3n Sensorial Bilateral\u00a0<sup>\u00ae<\/sup>\u00a0que acelera las funciones de procesamiento de la informaci\u00f3n disfuncional en el cerebro, estimulando el intercambio de informaci\u00f3n entre ambos hemisferios.<\/span><\/span><\/p>\n<p style=\"text-align: center; background: white; margin: 0cm 0cm 7.5pt 0cm;\" align=\"center\"><strong><span style=\"font-family: 'Arial','sans-serif'; color: #4c4c4c;\">Entrenamiento abierto a los Profesionales de la Salud Mental<\/span><\/strong><\/p>\n<p style=\"background: white; margin: 0cm 0cm 7.5pt 0cm;\"><span style=\"font-family: Arial, sans-serif; color: #4c4c4c; font-size: 10pt;\">Entrenadora:<br \/>\n<strong><span style=\"font-family: 'Arial','sans-serif';\">Dra. Raquel C. Ferrazzano de Solvey<\/span><\/strong><br \/>\nEntrenadora Universitaria &#8211;\u00a0Profesora Honoraria de la Facultad de Psicolog\u00eda de la U. Sr. de Sip\u00e1n \u2013 Per\u00fa \/\u00a0Ex-Faculty Member del EMDR Institute Inc. USA (1996 \u2013 2016)<\/span><\/p>\n<p style=\"background: white; margin: 0cm 0cm 7.5pt 0cm;\"><span style=\"font-size: 10pt;\"><strong><span style=\"font-family: 'Arial','sans-serif'; color: #4c4c4c;\">Auspiciado por:<\/span><\/strong><b><span style=\"font-family: 'Arial','sans-serif'; color: #4c4c4c;\"><br \/>\n<\/span><\/b><span style=\"font-size: 10pt; color: #000000;\"><span style=\"font-family: Arial, sans-serif;\">Emdria Latinoam\u00e9rica\u00ae Asoc. Civil y Universidad Maim\u00f3nides \u2013 Departamento de Psiquiatr\u00eda y Neurociencias<\/span><\/span><br \/>\n<\/span><\/p>\n<p style=\"background: white; margin: 0cm 0cm 7.5pt 0cm;\"><span style=\"font-family: Arial, sans-serif; color: #4c4c4c; font-size: 10pt;\"><strong>Lugar<\/strong>: Barrio Cerro Chico \u2013 (Zona Orfeo)<br \/>\n<strong>Horarios<\/strong>: viernes, s\u00e1bado y domingo de 10,00 a 19,00 hs.<br \/>\n<strong>Costo<\/strong>:\u00a0consultar\u00a0 \u00a0&#8211;\u00a0 Recursantes 50%<\/span><\/p>\n<p style=\"background: white; margin: 0cm 0cm 7.5pt 0cm;\"><span style=\"font-size: 10pt;\"><strong><span style=\"font-family: 'Arial','sans-serif'; color: #4c4c4c;\">Informes e inscripci\u00f3n<\/span><\/strong><span style=\"font-family: 'Arial','sans-serif'; color: #4c4c4c;\"><br \/>\nDr. Guillermo Ariel G\u00f3mez<br \/>\n<\/span><a href=\"mailto:gomezguillermoa@gmail.com\"><span style=\"font-family: 'Arial','sans-serif';\">gomezguillermoa@gmail.com<\/span><\/a>\u00a0\u00a0<span style=\"font-family: 'Arial','sans-serif'; color: #4c4c4c;\">\/\u00a0 54 351 676 2352<\/span><\/span><\/p>\n<p style=\"text-align: center;\">***<\/p>\n<p style=\"text-align: center;\"><span style=\"font-family: arial, helvetica, sans-serif; font-size: 12pt; color: #ff0000;\"><strong>12, 13 y 14 de Junio de 2020 &#8211; Rosario<br \/>\n<span style=\"font-size: 14pt;\">T\u00c9CNICAS DE INTEGRACI\u00d3N CEREBRAL<sup>\u00ae<\/sup><\/span><\/strong><\/span><\/p>\n<p style=\"text-align: center;\"><span style=\"font-family: arial, helvetica, sans-serif; font-size: 12pt; color: #ff0000;\"><strong>TIC<sup>\u00ae<\/sup>\u00a0\u2013 (Anteojos Hemisf\u00e9ricos y Un ojo X vez)\u00a0 12 y 13 de Junio de 2020 de 10,00 a 19,00 hrs <\/strong><\/span><\/p>\n<p style=\"text-align: center;\"><span style=\"font-family: arial, helvetica, sans-serif; font-size: 10pt;\"><span style=\"color: #ff0000; font-size: 12pt;\"><strong>PET<sup>\u00ae<\/sup>\u00a0\u2013 (\u00a0Pain Erasing Technique \u2013\u00a0Borrado del dolor\u2026y mas all\u00e1!)\u00a0 14 de marzo de 10,00 a 13,00 hrs<\/strong><\/span><strong><br \/>\n<\/strong><strong><br \/>\nEntrenamiento abierto a los Profesionales de la Salud Mental<\/strong><\/span><\/p>\n<p>&nbsp;<\/p>\n<p><span style=\"font-family: arial, helvetica, sans-serif; font-size: 10pt;\"><strong>T\u00c9CNICAS FUNDAMENTADAS Y EXPLICADAS POR LAS NEUROCIENCIAS<\/strong><\/span><\/p>\n<p><span style=\"font-family: arial, helvetica, sans-serif; font-size: 10pt;\"><strong>TIC<\/strong><sup>\u00ae<\/sup><strong>\u00a0:T\u00e9cnicas de Integraci\u00f3n Cerebral,<\/strong>\u00a0act\u00faan sobre\u00a0 la integraci\u00f3n de la informaci\u00f3n en los hemisferios cerebrales, resolviendo distintas<br \/>\npatolog\u00edas\u00a0r\u00e1pida y eficazmente.<\/span><\/p>\n<p><span style=\"font-family: arial, helvetica, sans-serif; font-size: 10pt;\"><strong>PET<sup>\u00a0\u00ae\u00a0<\/sup>\u2013 Pain Erasing Technique \u2013 Borrado del dolor.\u00a0<\/strong>T\u00e9cnica para todo tipo de dolores y s\u00edntomas f\u00edsicos.<\/span><\/p>\n<p><span style=\"font-family: arial, helvetica, sans-serif; font-size: 10pt;\"><strong>Entrenadora:<\/strong><strong><br \/>\nDra. Raquel C. Ferrazzano de Solvey<br \/>\n<\/strong>Entrenadora Universitaria &#8211;\u00a0<\/span><span style=\"font-family: arial, helvetica, sans-serif; font-size: 10pt;\">Profesora Honoraria de la Facultad de Psicolog\u00eda de la U. Sr. de Sip\u00e1n \u2013 Per\u00fa \/\u00a0<\/span><span style=\"font-family: arial, helvetica, sans-serif; font-size: 10pt;\">Ex-Faculty Member del EMDR Institute Inc. USA (1996 \u2013 2016)<\/span><\/p>\n<p><span style=\"font-family: arial, helvetica, sans-serif; font-size: 10pt;\"><strong>Auspiciados por:<\/strong><strong><br \/>\n<\/strong><span style=\"font-size: 10pt; color: #000000;\"><span style=\"font-family: Arial, sans-serif;\">Emdria Latinoam\u00e9rica\u00ae Asoc. Civil y Universidad Maim\u00f3nides \u2013 Departamento de Psiquiatr\u00eda y Neurociencias<\/span><\/span><br \/>\n<\/span><\/p>\n<p><span style=\"font-family: arial, helvetica, sans-serif; font-size: 10pt;\"><strong>Coordina: Lic. Rosana Romano<\/strong><\/span><\/p>\n<p><span style=\"font-family: arial, helvetica, sans-serif; font-size: 10pt;\"><strong>Lugar<\/strong>: a confirmar<\/span><br \/>\n<span style=\"font-family: arial, helvetica, sans-serif; font-size: 10pt;\"><strong>Horarios<\/strong>:\u00a0 TIC &#8211; viernes 12 y\u00a0 s\u00e1bado 13 de 10,00 a 19,00 hs.<\/span><br \/>\n<span style=\"font-family: arial, helvetica, sans-serif; font-size: 10pt;\">PET &#8211;\u00a0 domingo 14 de 10,00 a 13,00 hs.<\/span><br \/>\n<span style=\"font-family: arial, helvetica, sans-serif; font-size: 10pt;\"><strong>Costo<\/strong>: consultar\u00a0 &#8211;\u00a0<\/span><span style=\"font-family: arial, helvetica, sans-serif; font-size: 10pt;\">Recursantes\u00a0 50%<\/span><\/p>\n<p><span style=\"font-family: arial, helvetica, sans-serif; font-size: 10pt;\"><strong>Informes e inscripci\u00f3n \u2013<br \/>\n<\/strong><a href=\"mailto:info@fundacionsinapsis.org.ar\">info@fundacionsinapsis.org.ar\u00a0<\/a>\u00a0<\/span><br \/>\n<span style=\"font-family: arial, helvetica, sans-serif; font-size: 10pt;\">Whatsapp + 54 9 341 665 0591 \/\u00a0<\/span><span style=\"font-family: arial, helvetica, sans-serif; font-size: 10pt;\">www.fundacionsinapsis.org.ar<\/span><\/p>\n<p>&nbsp;<\/p>\n<p style=\"text-align: center;\">***<\/p>\n<p>&nbsp;<\/p>\n<p style=\"text-align: center;\"><span style=\"color: #ff0000;\"><strong><span style=\"font-family: arial, helvetica, sans-serif;\">26, 27, 28 y 29 junio de 2020 &#8211; \u00a0 Medell\u00edn &#8211; Colombia<br \/>\nT\u00c9CNICAS DE INTEGRACI\u00d3N CEREBRAL<sup>\u00ae\u00a0 <sub>,\u00a0<span style=\"font-size: 12pt;\">PET\u00ae\u00a0\u2013 (\u00a0Pain Erasing Technique \u2013\u00a0Borrado del dolor\u2026y m\u00e1s all\u00e1!)\u00a0 <\/span>\u00a0<\/sub><span style=\"font-size: 12pt;\"><sub>y<\/sub><\/span><\/sup><\/span><\/strong><\/span><span style=\"color: #ff0000;\"><strong><span style=\"font-family: arial, helvetica, sans-serif;\">\u00a0La\u00a0Escena Fundante\u00ae\u00a0y otras\u00a0escenas significativas\u00a0en psicoterapia<\/span><\/strong><\/span><\/p>\n<p style=\"text-align: center;\"><span style=\"font-size: 10pt; font-family: arial, helvetica, sans-serif;\"><span style=\"font-size: 12pt;\"><strong>Entrenamiento abierto a los Profesionales de la Salud Mental<\/strong><\/span><\/span><\/p>\n<p>&nbsp;<\/p>\n<p><span style=\"font-size: 10pt; font-family: arial, helvetica, sans-serif;\"><strong>T\u00c9CNICAS FUNDAMENTADAS Y EXPLICADAS POR LAS NEUROCIENCIAS<\/strong><\/span><\/p>\n<p><span style=\"font-size: 10pt; font-family: arial, helvetica, sans-serif;\"><strong>TIC<\/strong><sup>\u00ae<\/sup><strong>\u00a0(T\u00e9cnica de los anteojos hemisf\u00e9ricos y Un ojo X vez) :T\u00e9cnicas de Integraci\u00f3n Cerebral,<\/strong>\u00a0act\u00faan sobre\u00a0 la integraci\u00f3n de la informaci\u00f3n en los hemisferios cerebrales, resolviendo distintas patolog\u00edas\u00a0r\u00e1pida y eficazmente.<\/span><\/p>\n<p><span style=\"font-size: 10pt; font-family: arial, helvetica, sans-serif;\"><strong>PET<sup>\u00a0\u00ae\u00a0<\/sup>\u2013 Pain Erasing Technique \u2013 Borrado del dolor.\u00a0<\/strong>T\u00e9cnica para todo tipo de dolores y s\u00edntomas f\u00edsicos.<\/span><\/p>\n<p><span style=\"font-size: 10pt; font-family: arial, helvetica, sans-serif;\">La\u00a0<strong>Escena Fundante\u00ae<\/strong>, tambi\u00e9n llamada \u201cproto-escena\u201d es una escena de los primeros a\u00f1os de vida, a veces pre-natal, que se constituye en los cimientos del edificio sintom\u00e1tico.<\/span><\/p>\n<p><span style=\"font-size: 10pt; font-family: arial, helvetica, sans-serif;\"><strong>Entrenadora:<\/strong><strong><br \/>\nDra. Raquel C. Ferrazzano de Solvey<br \/>\n<\/strong>Entrenadora Universitaria &#8211;\u00a0<\/span><span style=\"font-size: 10pt; font-family: arial, helvetica, sans-serif;\">Profesora Honoraria de la Facultad de Psicolog\u00eda de la U. Sr. de Sip\u00e1n \u2013 Per\u00fa<\/span><br \/>\n<span style=\"font-size: 10pt; font-family: arial, helvetica, sans-serif;\">Ex-Faculty Member del EMDR Institute Inc. USA (1996 \u2013 2016)<\/span><\/p>\n<p><span style=\"font-size: 10pt; font-family: arial, helvetica, sans-serif;\"><strong>Auspiciados por:<\/strong><strong><br \/>\n<\/strong><span style=\"font-size: 10pt; color: #000000;\"><span style=\"font-family: Arial, sans-serif;\">Emdria Latinoam\u00e9rica\u00ae Asoc. Civil y Universidad Maim\u00f3nides \u2013 Departamento de Psiquiatr\u00eda y Neurociencias<\/span><\/span><br \/>\n<\/span><\/p>\n<p><span style=\"font-size: 10pt; font-family: arial, helvetica, sans-serif;\"><strong>Lugar<\/strong>: a confirmar<br \/>\n<\/span><span style=\"font-size: 10pt; font-family: arial, helvetica, sans-serif;\"><strong>Horarios<\/strong>: a confirmar<\/span><br \/>\n<span style=\"font-size: 10pt; font-family: arial, helvetica, sans-serif;\"><strong>Costo<\/strong>: consultar \u2013 Incluye alimentaci\u00f3n y hospedaje &#8211;\u00a0<\/span><span style=\"font-size: 10pt; font-family: arial, helvetica, sans-serif;\">Recursantes\u00a0 50%<\/span><\/p>\n<p><strong><span style=\"font-size: 10pt; font-family: arial, helvetica, sans-serif;\">Informes e inscripci\u00f3n<br \/>\n<\/span><span style=\"font-size: 10pt; font-family: arial, helvetica, sans-serif;\">SELF ASESORES<br \/>\n<\/span><\/strong><span style=\"font-size: 10pt; font-family: arial, helvetica, sans-serif;\"><a href=\"mailto:self.asesores@gmail.com\">self.asesores@gmail.com<\/a>\u00a0 \u00a0<span style=\"font-size: 10pt;\">\/\u00a0 + 57 320 215 2039 \/\u00a0<\/span><\/span><span style=\"font-size: 10pt; font-family: arial, helvetica, sans-serif;\">+ 57 315 374 4011<\/span><\/p>\n<p style=\"text-align: center;\">***<\/p>\n<p style=\"text-align: center;\"><span style=\"font-family: arial, helvetica, sans-serif; color: #ff0000;\"><strong>30 de Junio de 2020 \u2013 Medell\u00edn \u2013 Colombia<\/strong><\/span><\/p>\n<p style=\"text-align: center;\"><span style=\"font-family: arial, helvetica, sans-serif; color: #ff0000; font-size: 14pt;\"><strong>Entrenamiento en Cromo-Psicoterapia<\/strong><\/span><\/p>\n<p style=\"text-align: center;\"><span style=\"font-family: arial, helvetica, sans-serif; color: #ff0000;\"><strong>CROMO-TIC<sup>\u00ae<\/sup>\u00a0y\u00a0CROMO-AURICULO<sup>\u00ae\u00a0<\/sup>para el trauma ps\u00edquico<\/strong><\/span><\/p>\n<p><span style=\"font-family: arial, helvetica, sans-serif; font-size: 10pt;\"><strong>Las Cromoterapias usan el color por sus efectos curativos\u00a0\u00a0sobre la mente y el cuerpo con t\u00e9cnicas suaves, simples y muy efectivas<\/strong><\/span><\/p>\n<p style=\"text-align: center;\"><span style=\"font-family: arial, helvetica, sans-serif; font-size: 10pt;\"><strong>Dirigido a\u00a0profesionales de la salud mental<\/strong><\/span><\/p>\n<p><span style=\"font-family: arial, helvetica, sans-serif; font-size: 10pt;\"><strong>Entrenadora:<br \/>\nDra. Raquel C Ferrazzano de Solvey<br \/>\n<\/strong>Entrenadora Universitaria &#8211; Ex\u00a0Faculty\u00a0Member\u00a0del EMDR\u00a0Institute,\u00a0Inc\u00a0USA (1996 \u2013 2016) &#8211;\u00a0\u00a0Profesora Honoraria de la Universidad Sr. de Sip\u00e1n \u2013 Per\u00fa<\/span><\/p>\n<p><strong><span style=\"font-family: helvetica, arial, sans-serif; font-size: 10pt;\">Auspician:<\/span><\/strong><br \/>\n<span style=\"font-size: 10pt; color: #000000;\"><span style=\"font-family: Arial, sans-serif;\">Emdria Latinoam\u00e9rica\u00ae Asoc. Civil y Universidad Maim\u00f3nides \u2013 Departamento de Psiquiatr\u00eda y Neurociencias<\/span><\/span><\/p>\n<p><span style=\"font-family: arial, helvetica, sans-serif; font-size: 10pt;\"><strong>Lugar<\/strong>: a confirmar<\/span><br \/>\n<span style=\"font-family: arial, helvetica, sans-serif; font-size: 10pt;\"><strong>Horario<\/strong>:\u00a08,00 am a 6,00 pm<\/span><br \/>\n<span style=\"font-family: arial, helvetica, sans-serif; font-size: 10pt;\"><strong>Costo<\/strong>: consultar \u2013 Incluye alimentaci\u00f3n y hospedaje &#8211;\u00a0<\/span><span style=\"font-family: arial, helvetica, sans-serif; font-size: 10pt;\">Recursantes\u00a0 50%<\/span><\/p>\n<p><strong><span style=\"font-family: arial, helvetica, sans-serif; font-size: 10pt;\">Informes e inscripci\u00f3n<br \/>\n<\/span><\/strong><strong><span style=\"font-family: arial, helvetica, sans-serif; font-size: 10pt;\">SELF ASESORES<br \/>\n<\/span><\/strong><span style=\"font-family: arial, helvetica, sans-serif; font-size: 10pt;\"><a href=\"mailto:self.asesores@gmail.com\">self.asesores@gmail.com<\/a>\u00a0 \/\u00a0<span style=\"font-size: 10pt;\">+ 57 320 215 2039 \/\u00a0<\/span><\/span><span style=\"font-family: arial, helvetica, sans-serif; font-size: 10pt;\">+ 57 315 374 4011<\/span><\/p>\n<p style=\"text-align: center;\">***<\/p>\n<p>&nbsp;<\/p>\n<p style=\"text-align: center;\"><span style=\"font-family: arial, helvetica, sans-serif; color: #ff0000;\"><strong>1\u00ba de Julio de 2020 \u2013 Medell\u00edn &#8211; Colombia<br \/>\n<span style=\"font-size: 14pt;\">LOS DIBUJOS DE SIMONTON<\/span><br \/>\nPara diagn\u00f3stico de Trastornos f\u00edsicos y emocionales<\/strong><\/span><\/p>\n<p><span style=\"font-family: arial, helvetica, sans-serif; font-size: 10pt;\"><strong>SISTEMA SIMONTON\u00a0<\/strong>: En la d\u00e9cada del \u00b480 el\u00a0<strong>Dr. Carl Simonton<\/strong>, MD (Radi\u00f3logo) onc\u00f3logo de EE UU, y su esposa\u00a0<strong>Stephanie Mathew Simonton<\/strong>, PhD,\u00a0 dise\u00f1aron un protocolo de abordaje\u00a0 CON DIBUJOS Y UN BREVE CUESTIONARIO, para pacientes oncol\u00f3gicos, que posteriormente hemos adaptado a todo tipo de enfermedades f\u00edsicas y problemas emocionales.<\/span><\/p>\n<p style=\"text-align: center;\"><span style=\"font-family: arial, helvetica, sans-serif;\"><strong>Para profesionales de la Salud y la Salud Mental<\/strong><\/span><\/p>\n<p><strong><span style=\"font-size: 10pt; font-family: arial, helvetica, sans-serif;\">Entrenadora:<\/span><\/strong><br \/>\n<strong><span style=\"font-size: 10pt; font-family: arial, helvetica, sans-serif;\">Dra. Raquel C.\u00a0Ferrazzano\u00a0de\u00a0Solvey<\/span><\/strong><br \/>\n<span style=\"font-family: arial, helvetica, sans-serif; font-size: 10pt;\">Entrenadora Universitaria \u2013\u00a0Profesora Honoraria de la Facultad de Psicolog\u00eda de la U. Sr. de Sip\u00e1n \u2013 Per\u00fa \/\u00a0<\/span><span style=\"font-family: arial, helvetica, sans-serif; font-size: 10pt;\">Ex-Faculty Member del EMDR Institute Inc. USA (1996 \u2013 2016)<\/span><\/p>\n<p><span style=\"font-size: 10pt;\"><strong><span style=\"font-family: helvetica, arial, sans-serif;\">Auspiciado por:<br \/>\n<\/span><\/strong><span style=\"font-family: helvetica, arial, sans-serif;\"><span style=\"font-size: 10pt; color: #000000;\"><span style=\"font-family: Arial, sans-serif;\">Emdria Latinoam\u00e9rica\u00ae Asoc. Civil y Universidad Maim\u00f3nides \u2013 Departamento de Psiquiatr\u00eda y Neurociencias<\/span><\/span><\/span><strong><span style=\"font-family: helvetica, arial, sans-serif;\"><br \/>\n<\/span><\/strong><\/span><\/p>\n<p><span style=\"font-family: arial, helvetica, sans-serif; font-size: 10pt;\"><strong>Lugar<\/strong>: a confirmar<\/span><br \/>\n<span style=\"font-family: arial, helvetica, sans-serif; font-size: 10pt;\"><strong>Horario<\/strong>:\u00a0 8,00 am a 12,00 pm<\/span><br \/>\n<span style=\"font-family: arial, helvetica, sans-serif; font-size: 10pt;\"><strong>Costo<\/strong>: consultar \u2013 Incluye alimentaci\u00f3n y hospedaje &#8211;\u00a0<\/span><span style=\"font-family: arial, helvetica, sans-serif; font-size: 10pt;\">Recursantes\u00a0 50%<\/span><\/p>\n<p><strong><span style=\"font-family: arial, helvetica, sans-serif; font-size: 10pt;\">Informes e inscripci\u00f3n<br \/>\n<\/span><\/strong><strong><span style=\"font-family: arial, helvetica, sans-serif; font-size: 10pt;\">SELF ASESORES<br \/>\n<\/span><\/strong><span style=\"font-family: arial, helvetica, sans-serif; font-size: 10pt;\"><a href=\"mailto:self.asesores@gmail.com\">self.asesores@gmail.com<\/a>\u00a0 \/<span style=\"font-size: 10pt;\">+ 57 320 215 2039 \/\u00a0<\/span><\/span><span style=\"font-family: arial, helvetica, sans-serif; font-size: 10pt;\">+ 57 315 374 4011<\/span><\/p>\n<p style=\"text-align: center;\">***<\/p>\n<p style=\"text-align: center;\"><span style=\"font-family: arial, helvetica, sans-serif; color: #ff0000;\"><strong>1\u00ba de Julio \u2013 Medell\u00edn &#8211; Colombia<\/strong><strong><br \/>\n<span style=\"font-size: 14pt;\">LIMPIEZA DEL ALMA <\/span><\/strong><\/span><\/p>\n<p style=\"text-align: center;\"><span style=\"font-family: arial, helvetica, sans-serif;\"><strong>Trabajo de limpieza en todos los planos de las personas<\/strong><strong><br \/>\nF\u00edsico, mental y emocional<br \/>\nApto para trabajar en grupos<\/strong><\/span><\/p>\n<p><span style=\"font-family: arial, helvetica, sans-serif; font-size: 10pt;\"><strong>Entrenadora:<\/strong><strong><br \/>\nDra. Raquel C. Ferrazzano de Solvey<br \/>\n<\/strong>Entrenadora Universitaria \u2013\u00a0Profesora Honoraria de la Facultad de Psicolog\u00eda de la U. Sr. de Sip\u00e1n \u2013 Per\u00fa<\/span><br \/>\n<span style=\"font-family: arial, helvetica, sans-serif; font-size: 10pt;\">Ex-Faculty Member del EMDR Institute Inc. USA (1996 \u2013 2016)<\/span><\/p>\n<p><strong><span style=\"font-family: helvetica, arial, sans-serif; font-size: 10pt;\">Auspiciado por:<\/span><\/strong><br \/>\n<span style=\"font-size: 10pt; color: #000000;\"><span style=\"font-family: Arial, sans-serif;\">Emdria Latinoam\u00e9rica\u00ae Asoc. Civil y Universidad Maim\u00f3nides \u2013 Departamento de Psiquiatr\u00eda y Neurociencias<\/span><\/span><\/p>\n<p><span style=\"font-family: arial, helvetica, sans-serif; font-size: 10pt;\"><strong>Lugar<\/strong>: a confirmar<\/span><br \/>\n<span style=\"font-family: arial, helvetica, sans-serif; font-size: 10pt;\"><strong>Horario<\/strong>:\u00a02,00 pm a 6,00 pm<\/span><br \/>\n<span style=\"font-family: arial, helvetica, sans-serif; font-size: 10pt;\"><strong>Costo<\/strong>: consultar \u2013 Incluye alimentaci\u00f3n y hospedaje &#8211;\u00a0<\/span><span style=\"font-family: arial, helvetica, sans-serif; font-size: 10pt;\">Recursantes\u00a0 50%<\/span><\/p>\n<p><strong><span style=\"font-family: arial, helvetica, sans-serif; font-size: 10pt;\">Informes e inscripci\u00f3n<br \/>\n<\/span><\/strong><strong><span style=\"font-family: arial, helvetica, sans-serif; font-size: 10pt;\">SELF ASESORES<br \/>\n<\/span><\/strong><span style=\"font-family: arial, helvetica, sans-serif; font-size: 10pt;\"><a href=\"mailto:self.asesores@gmail.com\">self.asesores@gmail.com<\/a>\u00a0 \/<span style=\"font-size: 10pt;\">\u00a0+ 57 320 215 2039 \/\u00a0<\/span><\/span><span style=\"font-family: arial, helvetica, sans-serif; font-size: 10pt;\">+ 57 315 374 4011<\/span><\/p>\n<p style=\"text-align: center;\">***<\/p>\n<p>&nbsp;<\/p>\n<p style=\"text-align: center;\"><span style=\"font-family: arial, helvetica, sans-serif; color: #ff0000;\"><strong>14, 15 y 16 de agosto de 2020 \u2013 Montevideo \u2013 Uruguay<\/strong><\/span><\/p>\n<p style=\"text-align: center;\"><span style=\"font-family: arial, helvetica, sans-serif; color: #ff0000; font-size: 14pt;\"><strong>Entrenamiento en TdeA-EMDR Parte 2<\/strong><\/span><\/p>\n<p><span style=\"font-family: arial, helvetica, sans-serif; font-size: 10pt;\">Se completar\u00e1 el entrenamiento comenzado en el Nivel I, para comprender los m\u00faltiples usos de EMDR\/ B\u00fasqueda de la escena fundante \/ Entretejido cognitivo, versi\u00f3n proactiva del EMDR, necesaria para su utilizaci\u00f3n \u00f3ptima.\/ Uso del EMDR en m\u00faltiples diagn\u00f3sticos cl\u00ednicos.\/ Pacientes resistentes\u00a0 \/Modificar el uso del EMDR de acuerdo a las necesidades del paciente. \/ Estrategias para manejar abreacciones y sesiones incompletas \/ EMDR en\u00a0 trastornos som\u00e1ticos, fobias y otros protocolos cl\u00ednicos \/ Protocolos de Trastornos disociativos y Ni\u00f1os.<\/span><\/p>\n<p><span style=\"font-family: arial, helvetica, sans-serif; font-size: 10pt;\"><strong>Entrenadora<br \/>\nDra. Raquel C Ferrazzano de Solvey<br \/>\n<\/strong>Entrenadora Universitaria \u2013\u00a0Profesora Honoraria de la Facultad de Psicolog\u00eda de la U. Sr. de Sip\u00e1n \u2013 Per\u00fa<br \/>\nEx-Faculty Member del EMDR Institute Inc. USA (1996 \u2013 2016)<br \/>\n<\/span><\/p>\n<p><span style=\"font-family: arial, helvetica, sans-serif; font-size: 10pt;\"><strong>Auspician<br \/>\nEMDRIA<\/strong>\u00a0Latinoam\u00e9rica Asoc. CiviL y\u00a0U. Maim\u00f3nides Dto. de Psiquiatr\u00eda y Neurociencias\u00a0Buenos Aires\u00a0<\/span><\/p>\n<p><span style=\"font-family: arial, helvetica, sans-serif; font-size: 10pt;\"><strong>Organizador<\/strong>: Terapias de Avanzada Uruguay<\/span><br \/>\n<span style=\"font-family: arial, helvetica, sans-serif; font-size: 10pt;\"><strong>Lugar<\/strong>: a confirmar<\/span><br \/>\n<span style=\"font-family: arial, helvetica, sans-serif; font-size: 10pt;\"><strong>Horarios<\/strong>:\u00a0\u00a0 viernes 14 y\u00a0 s\u00e1bado 15 de 10,00 a 19,00 hs.\u00a0 y domingo 16 de 10,00 a 13,00 hs.<\/span><br \/>\n<span style=\"font-family: arial, helvetica, sans-serif; font-size: 10pt;\"><strong>Costo<\/strong>: consultar &#8211;\u00a0<\/span><span style=\"font-family: arial, helvetica, sans-serif; font-size: 10pt;\">Recursantes\u00a0 50%<\/span><\/p>\n<p><span style=\"font-family: arial, helvetica, sans-serif; font-size: 10pt;\"><strong>Informes e inscripci\u00f3n<br \/>\n<\/strong>Lic. Lorena Odacio Tiozzo &#8211;\u00a0<\/span><span style=\"font-family: arial, helvetica, sans-serif; font-size: 10pt;\">Terapias de Avanzada\u00ae\u00a0Directora Filial Uruguay\u00a0<strong>\u00a0\u00a0 \u00a0 \u00a0 \u00a0 \u00a0 \u00a0 \u00a0 \u00a0<\/strong><\/span><br \/>\n<span style=\"font-family: arial, helvetica, sans-serif; font-size: 10pt;\">terapiasdeavanzadauy@gmail.com \/<\/span><span style=\"font-family: arial, helvetica, sans-serif; font-size: 10pt;\">Tel\u00e9fono: 098 237 485<\/span><\/p>\n<p style=\"text-align: center;\">***<\/p>\n<p style=\"text-align: center;\"><span style=\"font-family: arial, helvetica, sans-serif; color: #ff0000;\"><strong>23, 24 y 25 de Octubre \u2013 Rosario \u2013 Santa Fe<br \/>\n<\/strong><strong><br \/>\n<span style=\"font-size: 14pt;\">Entrenamiento en TdeA-EMDR Parte 2<\/span><\/strong><\/span><\/p>\n<p><span style=\"font-family: arial, helvetica, sans-serif; font-size: 10pt;\">Se completar\u00e1 el entrenamiento comenzado en el Nivel I, para comprender los m\u00faltiples usos de EMDR\/ B\u00fasqueda de la escena fundante \/ Entretejido cognitivo, versi\u00f3n proactiva del EMDR, necesaria para su utilizaci\u00f3n \u00f3ptima.\/ Uso del EMDR en m\u00faltiples diagn\u00f3sticos cl\u00ednicos.\/ Pacientes resistentes\u00a0 \/Modificar el uso del EMDR de acuerdo a las necesidades del paciente. \/ Estrategias para manejar abreacciones y sesiones incompletas \/ EMDR en\u00a0 trastornos som\u00e1ticos, fobias y otros protocolos cl\u00ednicos \/ Protocolos de Trastornos disociativos y Ni\u00f1os.<\/span><\/p>\n<p><span style=\"font-family: arial, helvetica, sans-serif; font-size: 10pt;\"><strong>Entrenadora<br \/>\nDra. Raquel C Ferrazzano de Solvey<br \/>\n<\/strong>Entrenadora Universitaria \u2013\u00a0Profesora Honoraria de la Facultad de Psicolog\u00eda de la U. Sr. de Sip\u00e1n \u2013 Per\u00fa<br \/>\nEx-Faculty Member del EMDR Institute Inc. USA (1996 \u2013 2016)<br \/>\n<\/span><\/p>\n<p><span style=\"font-family: arial, helvetica, sans-serif; font-size: 10pt;\"><strong>Auspician<br \/>\nEMDRia<\/strong>\u00a0Latinoam\u00e9rica Asoc. CiviL y\u00a0U. Maim\u00f3nides Dto. de Psiquiatr\u00eda y Neurociencias\u00a0Buenos Aires<\/span><\/p>\n<p><span style=\"font-family: arial, helvetica, sans-serif; font-size: 10pt;\"><strong>Lugar<\/strong>: a confirmar<\/span><br \/>\n<span style=\"font-family: arial, helvetica, sans-serif; font-size: 10pt;\"><strong>Horarios<\/strong>:\u00a0 viernes 23,\u00a0 s\u00e1bado 24\u00a0 de 10,00 a 19,00 hs.y\u00a0 domingo 25 \u00a0de 10,00 a 13,00 hs.<\/span><br \/>\n<span style=\"font-family: arial, helvetica, sans-serif; font-size: 10pt;\"><strong>Costo<\/strong>: consultar &#8211;\u00a0<\/span><span style=\"font-family: arial, helvetica, sans-serif; font-size: 10pt;\">Recursantes\u00a0 50%<\/span><\/p>\n<p><span style=\"font-family: arial, helvetica, sans-serif; font-size: 10pt;\"><strong>Coordina: Lic. Rosana Romano<\/strong><\/span><br \/>\n<span style=\"font-family: arial, helvetica, sans-serif; font-size: 10pt;\"><strong>Informes e inscripci\u00f3n:\u00a0<\/strong><a href=\"mailto:info@fundacionsinapsis.org.ar\">info@fundacionsinapsis.org.ar\u00a0<\/a>\u00a0<\/span><br \/>\n<span style=\"font-family: arial, helvetica, sans-serif; font-size: 10pt;\">Whatsapp + 54 9 341 665 0591 \/<\/span><span style=\"font-family: arial, helvetica, sans-serif; font-size: 10pt;\">www.fundacionsinapsis.org.ar<\/span><\/p>\n<p style=\"text-align: center;\">***<\/p>\n<p style=\"text-align: center;\"><span style=\"font-family: arial, helvetica, sans-serif; color: #ff0000;\"><strong>14\u00a0de Noviembre de 2019\u00a0\u2013 Rosario &#8211; Santa Fe<\/strong><\/span><\/p>\n<p style=\"text-align: center;\"><span style=\"font-size: 14pt;\"><span style=\"font-family: helvetica, arial, sans-serif; color: #ff0000;\"><strong>La<\/strong><\/span>\u00a0<\/span><strong><span style=\"font-family: arial, helvetica, sans-serif; color: #ff0000; font-size: 14pt;\">Escena Fundante\u00ae\u00a0y otras\u00a0escenas significativas\u00a0en psicoterapia\u00a0<\/span><\/strong><\/p>\n<p>&nbsp;<\/p>\n<p><span style=\"font-size: 10pt; font-family: arial, helvetica, sans-serif;\">La\u00a0<strong>Escena Fundante\u00ae<\/strong>, tambi\u00e9n llamada \u201cproto-escena\u201d es una escena de los primeros a\u00f1os de vida, a veces pre-natal, que se constituye en los cimientos del edificio sintom\u00e1tico.<\/span><\/p>\n<p><span style=\"font-size: 10pt; font-family: arial, helvetica, sans-serif;\"><strong>Entrenadora:<\/strong><strong><br \/>\nDra. Raquel C. Ferrazzano de Solvey<\/strong><\/span><br \/>\n<span style=\"font-family: arial, helvetica, sans-serif; font-size: 10pt;\">Entrenadora Universitaria \u2013\u00a0Profesora Honoraria de la Facultad de Psicolog\u00eda de la U. Sr. de Sip\u00e1n \u2013 Per\u00fa<\/span><br \/>\n<span style=\"font-family: arial, helvetica, sans-serif; font-size: 10pt;\">Ex-Faculty Member del EMDR Institute Inc. USA (1996 \u2013 2016)<\/span><\/p>\n<p><span style=\"font-family: helvetica, arial, sans-serif; font-size: 10pt;\"><strong>Auspiciado por:<\/strong><br \/>\n<\/span><span style=\"font-size: 10pt; color: #000000;\"><span style=\"font-family: Arial, sans-serif;\">Emdria Latinoam\u00e9rica\u00ae Asoc. Civil y Universidad Maim\u00f3nides \u2013 Departamento de Psiquiatr\u00eda y Neurociencias<\/span><\/span><\/p>\n<p><span style=\"font-size: 10pt; font-family: arial, helvetica, sans-serif;\"><strong>Lugar<\/strong>: a confirmar<\/span><br \/>\n<span style=\"font-size: 10pt; font-family: arial, helvetica, sans-serif;\"><strong>Horario<\/strong>:\u00a0de 10,00 a 13,00 hs.<\/span><br \/>\n<span style=\"font-size: 10pt; font-family: arial, helvetica, sans-serif;\"><strong>Costo<\/strong>: consultar &#8211;\u00a0<\/span><span style=\"font-size: 10pt; font-family: arial, helvetica, sans-serif;\">Recursantes\u00a0 50%<\/span><\/p>\n<p><span style=\"font-size: 10pt; font-family: arial, helvetica, sans-serif;\"><strong>Coordina: Lic. Rosana Romano<\/strong><\/span><br \/>\n<span style=\"font-size: 10pt; font-family: arial, helvetica, sans-serif;\"><strong>Informes e inscripci\u00f3n:\u00a0\u00a0<\/strong><a href=\"mailto:info@fundacionsinapsis.org.ar\">info@fundacionsinapsis.org.ar\u00a0<\/a>\u00a0<\/span><br \/>\n<span style=\"font-size: 10pt; font-family: arial, helvetica, sans-serif;\">Whatsapp + 54 9 341 665 0591 \/\u00a0<\/span><span style=\"font-size: 10pt; font-family: arial, helvetica, sans-serif;\">www.fundacionsinapsis.org.ar<\/span><\/p>\n<p style=\"text-align: center;\">***<\/p>\n<p style=\"text-align: center;\"><span style=\"font-family: helvetica, arial, sans-serif;\"><span style=\"font-size: 14pt; color: #ff0000;\"><strong>CURSO ANUAL 2019\/20<br \/>\n<\/strong><strong><em>TdeA- EMDR<sup>\u00ae<\/sup>\u00a0 Partes 1 y 2<br \/>\n<\/em><\/strong><\/span><span style=\"font-size: 14pt; color: #ff0000;\"><strong><em>TIC<sup>\u00ae<\/sup>: T\u00e9cnicas de Integraci\u00f3n Cerebral<br \/>\n<\/em><\/strong><\/span><span style=\"font-size: 14pt; color: #ff0000;\"><strong>Anteojos Hemisf\u00e9ricos\u00ae y Un ojo x Vez<sup>\u00ae<br \/>\n<\/sup><\/strong><\/span><span style=\"font-size: 14pt; color: #ff0000;\"><strong><em>Cromo-TIC<sup>\u00ae<\/sup><br \/>\nEscena Fundante<sup>\u00ae<\/sup><\/em><\/strong><\/span><\/span><\/p>\n<p style=\"text-align: center;\"><strong><br \/>\n<span style=\"font-size: 10pt; font-family: helvetica, arial, sans-serif;\">ABIERTO A TODOS LOS PROFESIONALES DE\u00a0 LA SALUD MENTAL<\/span><\/strong><\/p>\n<p><span style=\"font-size: 10pt; font-family: helvetica, arial, sans-serif;\"><strong>Auspician: <\/strong>Universidad Maim\u00f3nides Departamento de Psiquiatr\u00eda y Neurociencias<br \/>\nEmdria Latinoam\u00e9rica\u00ae Asoc. Civil<\/span><\/p>\n<p><span style=\"font-size: 10pt; font-family: helvetica, arial, sans-serif;\"><strong>Entrenadores:<br \/>\n<\/strong>Dra. Raquel C. Ferrazzano de Solvey<\/span><br \/>\n<span style=\"font-size: 10pt; font-family: helvetica, arial, sans-serif;\">Entrenadora Universitaria &#8211;\u00a0<\/span><span style=\"font-size: 10pt; font-family: helvetica, arial, sans-serif;\">Ex-Faculty Member EMDR Institute Inc. USA (1996 \u2013 2016) &#8211;\u00a0<\/span><span style=\"font-size: 10pt; font-family: helvetica, arial, sans-serif;\">Profesora Honoraria de la Facultad de Psicolog\u00eda de la U. Sr. de Sip\u00e1n \u2013 Per\u00fa<\/span><br \/>\n<span style=\"font-size: 10pt; font-family: helvetica, arial, sans-serif;\">Dr. Sergio Solvey<\/span><br \/>\n<span style=\"font-size: 10pt; font-family: helvetica, arial, sans-serif;\">Lic. Natalia Solvey<\/span><\/p>\n<ul>\n<li><span style=\"font-size: 10pt; font-family: helvetica, arial, sans-serif;\"><strong>TdeA-EMDR<sup>\u00ae<\/sup> Niveles\u00a0 1 y 2\u00a0 (Movimientos oculares, desensibilizaci\u00f3n y\u00a0 reprocesamiento\u00ae \u2013 ESBA\u00ae \u2013 Estimulaci\u00f3n Sensorial Bilateral Alternada)\u00a0 &#8211; <\/strong><\/span><\/li>\n<li><span style=\"font-size: 10pt; font-family: helvetica, arial, sans-serif;\"><strong>La Escena Fundante\u00ae\u00a0 y <\/strong><strong>Como trabajar con las Terapias de Avanzada\u00ae <\/strong><\/span><\/li>\n<li><span style=\"font-size: 10pt; font-family: helvetica, arial, sans-serif;\"><strong>TIC\u00ae: T\u00e9cnicas de Integraci\u00f3n Cerebral : Anteojos Hemisf\u00e9ricos\u00ae \u2013 Un ojo x vez\u00ae<\/strong><\/span><\/li>\n<li><span style=\"font-size: 10pt; font-family: helvetica, arial, sans-serif;\"><strong>Cromo-TIC\u00ae<\/strong><\/span><\/li>\n<li><span style=\"font-size: 10pt; font-family: helvetica, arial, sans-serif;\"><strong>Supervisiones incluidas<\/strong><\/span><\/li>\n<\/ul>\n<p><span style=\"font-size: 10pt; font-family: helvetica, arial, sans-serif;\"><strong>Horario<\/strong>:\u00a0 Mi\u00e9rcoles de 16 a 20 hrs. de Abril a Diciembre<\/span><br \/>\n<span style=\"font-size: 10pt; font-family: helvetica, arial, sans-serif;\"><strong>Costo<\/strong>: consultar<\/span><br \/>\n<span style=\"font-size: 10pt; font-family: helvetica, arial, sans-serif;\"><strong>Lugar: <\/strong>F. Lacroze 1820 &#8211; 4\u00ba B\u00a0 &#8211; CABA<\/span><br \/>\n<span style=\"font-size: 10pt; font-family: helvetica, arial, sans-serif;\">Aranceles diferenciales para alumnos de la U. Maim\u00f3nides.<\/span><br \/>\n<span style=\"font-size: 10pt; font-family: helvetica, arial, sans-serif;\">Supervisiones incluidas en el costo total.<\/span><\/p>\n<p><span style=\"font-family: helvetica, arial, sans-serif; font-size: 10pt;\"><strong>Auspiciado por:<\/strong><br \/>\n<span style=\"font-size: 10pt; color: #000000;\"><span style=\"font-family: Arial, sans-serif;\">Emdria Latinoam\u00e9rica\u00ae Asoc. Civil y Universidad Maim\u00f3nides \u2013 Departamento de Psiquiatr\u00eda y Neurociencias<\/span><\/span><br \/>\n<\/span><\/p>\n<p><span style=\"font-size: 10pt; font-family: helvetica, arial, sans-serif;\"><strong>Informes\u00a0 e Inscripci\u00f3n:\u00a0 <\/strong>F. Lacroze 1820 \u2013 7\u00ba B &#8211; CABA\u00a0 <\/span><br \/>\n<span style=\"font-size: 10pt; font-family: helvetica, arial, sans-serif;\">(54 11) 4775-1690\/1691\u00a0 Whattsapp +54 9 11 5809 5526<\/span><br \/>\n<span style=\"font-size: 10pt; font-family: helvetica, arial, sans-serif;\">prsolvey@sion.com\u00a0 \/ terapiasdeavanzada@gmail.com<\/span><\/p>\n<p>&nbsp;<\/p>\n<p style=\"text-align: center;\">***<\/p>\n<p>&nbsp;<\/p>\n<p style=\"text-align: center;\"><span style=\"font-family: helvetica, arial, sans-serif; font-size: 14pt; color: #ff0000;\"><strong>Buenos Aires &#8211; 14, 15 y 16 de Febrero de 2020 &#8211;\u00a0CURSO DE VERANO<br \/>\n<\/strong><\/span><span style=\"font-family: helvetica, arial, sans-serif; font-size: 14pt; color: #ff0000;\"><strong>Entrenamiento en TdeA-EMDR<sup>\u00ae <\/sup>&#8211; Parte 1<\/strong><\/span><\/p>\n<p style=\"text-align: center;\"><span style=\"font-family: helvetica, arial, sans-serif; font-size: 14pt; color: #ff0000;\"><strong>25 a\u00f1os entrenando en EMDR!<\/strong><\/span><\/p>\n<p><span style=\"font-size: 10pt; font-family: helvetica, arial, sans-serif;\"><strong>(Movimientos oculares ,desensibilizaci\u00f3n y reprocesamiento)<\/strong>\u00a0es un m\u00e9todo nuevo y poderoso de hacer psicoterapia que ha ayudado a miles de personas de todo el mundo en diferentes cuadros cl\u00ednicos, trastornos de personalidad y traumas. Su herramienta es la\u00a0<strong>ESB\u00ae<\/strong>\u00a0\u2013 Estimulaci\u00f3n Sensorial Bilateral\u00a0<sup>\u00ae<\/sup>\u00a0que acelera las funciones de procesamiento de la informaci\u00f3n disfuncional en el cerebro, estimulando el intercambio de informaci\u00f3n entre ambos hemisferios.<\/span><\/p>\n<p style=\"text-align: center;\" align=\"center\"><strong><span style=\"font-size: 10.0pt; font-family: 'Helvetica','sans-serif';\">Entrenamiento abierto a los Profesionales de la Salud Mental<\/span><\/strong><\/p>\n<p><span style=\"font-size: 10.0pt; font-family: 'Helvetica','sans-serif';\">Entrenadora:<\/span><br \/>\n<strong><span style=\"font-size: 10.0pt; font-family: 'Helvetica','sans-serif';\">Dra. Raquel C. Ferrazzano de Solvey<\/span><\/strong><br \/>\n<span style=\"font-size: 10.0pt; font-family: 'Helvetica','sans-serif';\">Entrenadora Universitaria<\/span><br \/>\n<span style=\"font-size: 10.0pt; font-family: 'Helvetica','sans-serif';\">Profesora Honoraria de la Facultad de Psicolog\u00eda de la U. Sr. de Sip\u00e1n \u2013 Per\u00fa<\/span><br \/>\n<span style=\"font-size: 10.0pt; font-family: 'Helvetica','sans-serif';\">Ex-Faculty Member del EMDR Institute Inc. USA (1996 \u2013 2016)<\/span><\/p>\n<p><strong><span style=\"font-size: 10.0pt; font-family: 'Helvetica','sans-serif';\">Auspiciado por:<\/span><\/strong><b><span style=\"font-size: 10.0pt; font-family: 'Helvetica','sans-serif';\"><br \/>\n<\/span><\/b><span style=\"font-size: 10.0pt; font-family: 'Helvetica','sans-serif';\">Universidad Maim\u00f3nides \u2013 Departamento de Psiquiatr\u00eda y Neurociencias<\/span><br \/>\n<span style=\"font-size: 10.0pt; font-family: 'Helvetica','sans-serif';\">Emdria Latinoam\u00e9rica\u00ae Asoc. Civil<\/span><\/p>\n<p><strong><span style=\"font-size: 10.0pt; font-family: 'Helvetica','sans-serif';\">Organizador<\/span><\/strong><span style=\"font-size: 10.0pt; font-family: 'Helvetica','sans-serif';\">: Terapias de Avanzada<br \/>\n<\/span><span style=\"font-size: 10.0pt; font-family: 'Helvetica','sans-serif';\">Lugar: F. Lacroze 1820 \u2013 4\u00ba B \u2013 C.A.B.A.<\/span><br \/>\n<span style=\"font-size: 10.0pt; font-family: 'Helvetica','sans-serif';\">Horarios: viernes, s\u00e1bado y domingo de 10,00 a 19,00 hs.<\/span><br \/>\n<span style=\"font-size: 10.0pt; font-family: 'Helvetica','sans-serif';\">Costo:\u00a0consultar\u00a0 &#8211;\u00a0<\/span><span style=\"font-size: 10.0pt; font-family: 'Helvetica','sans-serif';\">Recursantes 50%<\/span><\/p>\n<p><strong><span style=\"font-size: 10.0pt; font-family: 'Helvetica','sans-serif';\">Informes e inscripci\u00f3n<\/span><\/strong><br \/>\n<span style=\"font-size: 10.0pt; font-family: 'Helvetica','sans-serif';\">F. Lacroze 1820 7\u00baB\u00a0 \u2013 C.A.B.A.<\/span><br \/>\n<span style=\"font-size: 10.0pt; font-family: 'Helvetica','sans-serif';\">(54 11) 4775-1691<br \/>\nWhattsapp\u00a0 +54 9 11 5809 5526<br \/>\nprsolvey@sion.com\u00a0 \/ terapiasdeavanzada@gmail.com<\/span><\/p>\n<p>&nbsp;<\/p>\n<p style=\"text-align: center;\">***<\/p>\n<p style=\"text-align: center;\"><span style=\"font-family: helvetica, arial, sans-serif; color: #ff0000;\"><strong>T\u00c9CNICAS DE INTEGRACI\u00d3N CEREBRAL<sup>\u00ae<\/sup><\/strong><\/span><\/p>\n<p style=\"text-align: center;\"><span style=\"font-family: helvetica, arial, sans-serif; color: #ff0000;\"><strong>TIC<sup>\u00ae<\/sup> &#8211; 6 y 7 de marzo de 2020 de 10,00 a 19,00 hrs (<\/strong><\/span><span style=\"font-family: helvetica, arial, sans-serif; color: #ff0000;\"><strong>Anteojos Hemisf\u00e9ricos y Un ojo X vez)<\/strong><\/span><\/p>\n<p style=\"text-align: center;\"><span style=\"font-family: helvetica, arial, sans-serif; color: #ff0000;\"><strong>PET<sup>\u00ae<\/sup> &#8211; 8 de marzo de 10,00 a 13,00 hrs (\u00a0<\/strong><\/span><span style=\"font-family: helvetica, arial, sans-serif; color: #ff0000;\"><strong>Pain Erasing Techn<\/strong><strong>ique &#8211; <\/strong><strong>Borrado del dolor&#8230;y mas all\u00e1!)<br \/>\n<\/strong><strong style=\"color: #333333;\"><br \/>\n<span style=\"font-size: 10pt; font-family: helvetica, arial, sans-serif;\">Entrenamiento abierto a los Profesionales de la Salud Mental<\/span><\/strong><span style=\"font-size: 10pt;\"><strong><br \/>\n<\/strong><\/span><\/span><\/p>\n<p><span style=\"font-size: 10pt; font-family: helvetica, arial, sans-serif;\"><strong>T\u00c9CNICAS FUNDAMENTADAS Y EXPLICADAS POR LAS NEUROCIENCIAS<\/strong><\/span><\/p>\n<p><span style=\"font-size: 10pt; font-family: helvetica, arial, sans-serif;\"><strong>TIC<\/strong><sup>\u00ae<\/sup><strong>\u00a0:T\u00e9cnicas de Integraci\u00f3n Cerebral,<\/strong>\u00a0act\u00faan sobre\u00a0 la integraci\u00f3n de la informaci\u00f3n en los hemisferios cerebrales, resolviendo distintas patolog\u00edas\u00a0r\u00e1pida y eficazmente.<\/span><\/p>\n<p><span style=\"font-size: 10pt; font-family: helvetica, arial, sans-serif;\"><strong>PET<sup>\u00a0\u00ae\u00a0<\/sup>\u2013 Pain Erasing Technique \u2013 Borrado del dolor.\u00a0<\/strong>T\u00e9cnica para todo tipo de dolores y s\u00edntomas f\u00edsicos.<\/span><\/p>\n<p><span style=\"font-family: helvetica, arial, sans-serif; font-size: 10pt;\"><strong>Entrenadora:<br \/>\nDra. Raquel C. Ferrazzano de Solvey<br \/>\n<\/strong>Entrenadora Universitaria<\/span><br \/>\n<span style=\"font-family: helvetica, arial, sans-serif; font-size: 10pt;\">Profesora Honoraria de la Facultad de Psicolog\u00eda de la U. Sr. de Sip\u00e1n \u2013 Per\u00fa<\/span><br \/>\n<span style=\"font-family: helvetica, arial, sans-serif; font-size: 10pt;\">Ex-Faculty Member del EMDR Institute Inc. USA (1996 \u2013 2016)<\/span><\/p>\n<p><span style=\"font-family: helvetica, arial, sans-serif; font-size: 10pt;\"><strong>Auspiciados por:<br \/>\n<\/strong>Universidad Maim\u00f3nides \u2013 Departamento de Psiquiatr\u00eda y Neurociencias<\/span><br \/>\n<span style=\"font-family: helvetica, arial, sans-serif; font-size: 10pt;\">Emdria Latinoam\u00e9rica\u00ae Asoc. Civil<\/span><\/p>\n<p><span style=\"font-family: helvetica, arial, sans-serif; font-size: 10pt;\"><strong>Lugar: F. Lacroze 1820 4to B \u2013 CABA<br \/>\nCostos:\u00a0 <\/strong>Consultar<strong><br \/>\n<\/strong>Recursantes 50%<\/span><\/p>\n<p><span style=\"font-family: helvetica, arial, sans-serif; font-size: 10pt;\"><strong>Informes e inscripci\u00f3n:<br \/>\n<a href=\"mailto:terapiasdeavanzada@gmail.com\">terapiasdeavanzada@gmail.com<\/a><br \/>\n<a href=\"http:\/\/www.terapiasdeavanzada.org\">www.terapiasdeavanzada.org<\/a><br \/>\n+54911 5809 5526<\/strong><\/span><\/p>\n<p>&nbsp;<\/p>\n<hr \/>\n<p style=\"text-align: center;\"><span style=\"font-family: helvetica, arial, sans-serif; color: #008000; font-size: 12pt;\"><strong>NOVIEMBRE 2019<br \/>\n<\/strong><\/span><span style=\"font-size: 12pt;\"><strong><span style=\"font-family: arial, helvetica, sans-serif; color: #ff0000;\">8, 9 y 10\u00a0 de Noviembre de 2019 &#8211; Buenos Aires<br \/>\n<\/span><\/strong><span style=\"color: #ff0000;\"><span style=\"font-family: arial, helvetica, sans-serif;\"><strong>Entrenamiento en TdeA-EMDR Parte 2<\/strong><\/span><\/span><\/span><\/p>\n<p><span style=\"font-family: helvetica, arial, sans-serif; font-size: 10pt;\">Se completar\u00e1 el entrenamiento comenzado en el Nivel I, para comprender los m\u00faltiples usos de EMDR\/ B\u00fasqueda de la escena fundante \/ Entretejido cognitivo, versi\u00f3n proactiva del EMDR, necesaria para su utilizaci\u00f3n \u00f3ptima.\/ Uso del EMDR en m\u00faltiples diagn\u00f3sticos cl\u00ednicos.\/ Pacientes resistentes\u00a0 \/Modificar el uso del EMDR de acuerdo a las necesidades del paciente. \/ Estrategias para manejar abreacciones y sesiones incompletas \/ EMDR en\u00a0 trastornos som\u00e1ticos, fobias y otros protocolos cl\u00ednicos \/ Protocolos de Trastornos disociativos y Ni\u00f1os.<\/span><\/p>\n<p><span style=\"font-size: 10pt; font-family: helvetica, arial, sans-serif;\"><b>Entrenadora<br \/>\n<\/b><b>Dra. Raquel C Ferrazzano de Solvey<br \/>\n<\/b>Centro de Terapias de Avanzada &#8211; Buenos Aires &#8211;\u00a0Entrenadora\u00a0 del EMDR Institute, Inc USA (1996 \u2013 2016) &#8211;\u00a0Profesora Honoraria de la Universidad Sr. de Sip\u00e1n \u2013 Per\u00fa<\/span><\/p>\n<p><span style=\"font-family: helvetica, arial, sans-serif; font-size: 10pt;\"><b>Auspician<br \/>\n<\/b><strong>EMDRIA<\/strong> Latinoam\u00e9rica Asoc. CiviL y\u00a0<\/span><span style=\"font-family: helvetica, arial, sans-serif; font-size: 10pt;\">U. Maim\u00f3nides Dto. de Psiquiatr\u00eda y Neurociencias\u00a0Buenos Aires<\/span><\/p>\n<p><span style=\"font-family: helvetica, arial, sans-serif;\"><span style=\"font-size: 10pt;\"><strong>Lugar<\/strong>: Federico Lacroze 1820 &#8211; 4\u00ba \u00abB\u00bb &#8211; C.A.B.A &#8211;\u00a0<\/span><span style=\"font-size: 10pt;\"><strong>Horarios<\/strong>:\u00a0\u00a0 viernes 8 y\u00a0 s\u00e1bado 9 de 10,00 a 19,00 hs.\u00a0 y domingo 10 de 10,00 a 13,00 hs.<br \/>\n<\/span><span style=\"font-size: 10pt;\"><strong>Costo<\/strong>: TdeA-EMDR 2:\u00a0 $ 11.000\u00a0 hasta el 30 de OCTUBRE y $12.000 del\u00a0 30\/10 al 8\/11\u00a0 \u00a0&#8211;\u00a0<\/span><span style=\"font-size: 10pt;\">Recursantes\u00a0 50%<\/span><\/span><\/p>\n<p><span style=\"font-size: 10pt; font-family: helvetica, arial, sans-serif;\"><b>Informes e inscripci\u00f3n<br \/>\n<\/b><span style=\"font-size: 10pt;\">terapiasdeavanzada@gmail.com \/\u00a0(54 11) 4775-1691 \/ Whatsapp + 54 9 11 5809 5526 \/\u00a0www.terapiasdeavanzada.org<\/span>\u00a0<\/span><\/p>\n<p style=\"text-align: center;\">***<\/p>\n<p style=\"text-align: center;\"><span style=\"font-size: 12pt;\"><b><span style=\"font-family: helvetica, arial, sans-serif;\"><span style=\"color: #ff0000;\"><span lang=\"es-ES\">10 <strong><span style=\"font-family: arial, helvetica, sans-serif; color: #ff0000;\">de Noviembre de 2019<\/span><\/strong> \u2013 Buenos Aires<br \/>\n<\/span><\/span><\/span><\/b><span style=\"font-family: helvetica, arial, sans-serif; color: #ff0000;\"><strong>La<\/strong> <b>Escena Fundante<\/b><b>\u00ae<\/b><b> y otras <\/b><b>escenas significativas <\/b><b>en p<\/b><b>sicoterapia y<br \/>\nC\u00f3mo\u00a0trabajar con las Terapias de Avanzada<\/b><b>\u00ae<\/b><\/span><\/span><\/p>\n<p><span style=\"font-family: helvetica, arial, sans-serif; font-size: 10pt;\">La <strong>Escena Fundante\u00ae<\/strong>, tambi\u00e9n llamada \u201cproto-escena\u201d es una escena de los primeros a\u00f1os de vida, a veces pre-natal, que se constituye en los cimientos del edificio sintom\u00e1tico.<br \/>\n<\/span><span style=\"font-family: helvetica, arial, sans-serif; font-size: 10pt;\">En <strong>C\u00f3mo trabajar con las T de Avanzada\u00ae<\/strong> mostraremos c\u00f3mo abordar un tratamiento y encontrar las escenas a trabajar con las Terapias de Avanzada.<\/span><\/p>\n<p><span style=\"font-family: helvetica, arial, sans-serif; font-size: 10pt;\"><strong>Entrenadora:<br \/>\n<\/strong><strong>Dra. Raquel C. Ferrazzano de Solvey<\/strong><br \/>\nProfesora Honoraria de la Ftad. de Psicolog\u00eda de la Universidad Sr de Sipan- Per\u00fa<\/span><\/p>\n<p><span style=\"font-family: helvetica, arial, sans-serif; font-size: 10pt;\"><strong>Costo<\/strong>: $ 2.500.-\u00a0<\/span><span style=\"font-size: 10pt;\"><span style=\"font-family: helvetica, arial, sans-serif;\"><strong>Horario<\/strong>: 15,00 a 19,00 hs. &#8211;\u00a0<\/span><span style=\"font-family: helvetica, arial, sans-serif;\"><strong>Lugar<\/strong>: F. Lacroze 1820 4\u00ba B &#8211; C.A.B.A. &#8211;\u00a0<\/span><span style=\"font-family: helvetica, arial, sans-serif;\"><strong>Recursantes<\/strong> : 50% del costo<\/span><\/span><\/p>\n<p><span style=\"font-size: 10pt;\"><span style=\"font-family: helvetica, arial, sans-serif;\"><strong>Informes e inscripci\u00f3n:<\/strong><br \/>\nTerapias de Avanzada &#8211;\u00a0terapiasdeavanzada@gmail.com\u00a0 &#8211;\u00a0 prsolvey@sion.com \/\u00a0<\/span><span style=\"font-family: helvetica, arial, sans-serif;\">TEL\u00a0 &#8211;\u00a0 (54 11)\u00a0 4775-1691 \/\u00a0<\/span><span style=\"font-family: helvetica, arial, sans-serif;\">Whattsapp<\/span><span style=\"font-family: helvetica, arial, sans-serif;\">\u00a0 <\/span><span style=\"font-family: helvetica, arial, sans-serif;\">+54 9 11 5809 552<\/span><span style=\"font-family: helvetica, arial, sans-serif;\">6<\/span><\/span><\/p>\n<p>&nbsp;<\/p>\n<hr \/>\n<p style=\"text-align: center;\"><span style=\"font-family: helvetica, arial, sans-serif; color: #008000;\"><strong>OCTUBRE 2019<br \/>\n<\/strong><\/span><span style=\"color: #ff0000;\"><strong><span style=\"font-family: arial, helvetica, sans-serif; font-size: 14pt;\">S\u00e1bado 12 de octubre de 2019 &#8211; Buenos Aires<br \/>\n<\/span><\/strong><\/span><span style=\"color: #ff0000;\"><strong style=\"font-size: 18.6667px;\"><span style=\"font-family: arial, helvetica, sans-serif;\">LIMPIEZA DEL ALMA<\/span><\/strong><\/span><\/p>\n<p style=\"text-align: center;\"><span style=\"font-size: 10pt;\"><strong><span style=\"font-family: arial, helvetica, sans-serif;\">Trabajo de limpieza de todas las emociones negativas en todos los planos de la persona.<\/span><\/strong><\/span><\/p>\n<p style=\"text-align: center;\"><span style=\"font-family: arial, helvetica, sans-serif; font-size: 10pt;\"><b>Entrenadora:<br \/>\n<\/b><b>Dra. Raquel C. Ferrazzano de Solvey<br \/>\n<\/b><b>Faculty<\/b> <b>Member<\/b><b> del EMDR <\/b><b>Institute<\/b><b> Inc. USA (1996-2016)<br \/>\n<\/b><b>Profesora Honoraria de la U. Sr de Sip\u00e1n \u2013 Per\u00fa<\/b><\/span><\/p>\n<p style=\"text-align: left;\"><span style=\"font-family: arial, helvetica, sans-serif; font-size: 10pt;\"><strong>Lugar<\/strong>: F. Lacroze 1820 &#8211; 7\u00ba \u00abB\u00bb &#8211;\u00a0 C.A.B.A. &#8211;\u00a0<\/span><span style=\"font-family: arial, helvetica, sans-serif; font-size: 10pt;\"><strong>Horario<\/strong>: de 9,00 a 13,00 hs. &#8211;\u00a0<\/span><span style=\"font-family: arial, helvetica, sans-serif; font-size: 10pt;\"><strong>Costo<\/strong>:\u00a0 $ 4,000\u00a0\u00a0<\/span><span style=\"font-family: arial, helvetica, sans-serif; font-size: 10pt;\">Recursantes\u00a0 50%<\/span><\/p>\n<p style=\"text-align: left;\"><span style=\"font-family: arial, helvetica, sans-serif; font-size: 10pt;\"><strong>Informes e inscripci\u00f3n:<br \/>\n<\/strong>terapiasdeavanzada@gmail.com \/\u00a0<\/span><span style=\"font-family: arial, helvetica, sans-serif; font-size: 10pt;\">(54 11) 4775-1691\u00a0 \/ Whatsapp + 54 9 11 5809 5526<\/span><\/p>\n<p style=\"text-align: center;\">***<\/p>\n<p style=\"text-align: center;\"><span style=\"color: #ff0000; font-size: 12pt;\"><strong><span style=\"font-family: arial, helvetica, sans-serif;\">S\u00e1bado 12 de octubre de 2019 &#8211; Buenos Aires<br \/>\n<\/span><\/strong><\/span><span style=\"font-family: arial, helvetica, sans-serif; font-size: 12pt; color: #ff0000;\"><b>CROMO-TIC<sup>\u00ae<\/sup> y\u00a0<\/b><b>CROMO-AURICULO<sup>\u00ae <\/sup><\/b><b>para el trauma ps\u00edquico<\/b><\/span><\/p>\n<p style=\"text-align: center;\"><span style=\"font-family: arial, helvetica, sans-serif; font-size: 10pt;\"><b>Las Cromoterapias usan el color por sus efectos curativos\u00a0\u00a0sobre la mente y el cuerpo con t\u00e9cnicas suaves, simples y muy efectivas<\/b><\/span><\/p>\n<p style=\"text-align: center;\"><span style=\"font-family: arial, helvetica, sans-serif; font-size: 10pt;\"><b>Dirigido a <\/b><b>profesionales de la salud mental<\/b><\/span><\/p>\n<p style=\"text-align: center;\"><span style=\"font-family: arial, helvetica, sans-serif; font-size: 10pt;\"><b>Entrenadora:<br \/>\nDra<\/b><b>. Raquel C Ferrazzano de Solvey<br \/>\n<\/b><b>Ex <\/b><b>Faculty<\/b> <b>Member<\/b><b> del EMDR <\/b><b>Institute<\/b><b>, <\/b><b>Inc<\/b><b> USA (1996 \u2013 2016)<br \/>\n<\/b><b>\u00a0Profesora Honoraria de la Universidad Sr. de Sip\u00e1n \u2013 Per\u00fa<\/b><\/span><\/p>\n<p><span style=\"font-family: arial, helvetica, sans-serif; font-size: 10pt;\"><strong>Costo<\/strong>: $ 4.000.- \/\u00a0<strong>Horario<\/strong>:\u00a0de 15,30 a 19,30 hs \/\u00a0Anteojos color costo aparte<\/span><\/p>\n<p><span style=\"font-family: arial, helvetica, sans-serif; font-size: 10pt;\"><strong>Informes e inscripci\u00f3n:<\/strong><br \/>\nTerapias de Avanzada\u00ae &#8211;\u00a0F.Lacroze 1820 &#8211; 7\u00ba \u00abB\u00bb &#8211; CABA \/\u00a0terapiasdeavanzada@gmail.com \/\u00a0(54 11) 4775-1691\u00a0 Whatsapp + 54 9 11 5809 5526<\/span><\/p>\n<p>&nbsp;<\/p>\n<hr \/>\n<p style=\"text-align: center;\"><span style=\"font-family: helvetica, arial, sans-serif; color: #008000;\"><strong>AGOSTO 2019<br \/>\n<\/strong><\/span><span style=\"font-family: helvetica, arial, sans-serif; font-size: 14pt;\"><span style=\"color: #ff0000;\"><span lang=\"es-ES\"><b>9 y 10 de Agosto de 2019\u00a0 &#8211; Buenos Aires<br \/>\n<span style=\"font-size: 12pt;\">&#8211;\u00a0<\/span><\/b><\/span><span lang=\"es-ES\"><b><span style=\"font-size: 12pt;\">T\u00c9CNICAS DE INTEGRACI\u00d3N CEREBRAL<\/span><sup><span style=\"font-size: 12pt;\">\u00ae<\/span><br \/>\n<\/sup><\/b><\/span><\/span><\/span><b><\/b><span style=\"font-size: 10pt;\"><span style=\"font-family: helvetica, arial, sans-serif;\"><strong>Entrenamiento en TIC<sup>\u00ae\u00a0\u00a0<\/sup>(T\u00e9cnicas de Anteojos Hemisf\u00e9ricos<sup>\u00ae<\/sup>\u00a0 y\u00a0 Un ojo por Vez<sup>\u00ae<sub>)<br \/>\n<\/sub><\/sup><\/strong><\/span><span style=\"font-family: helvetica, arial, sans-serif;\"><strong>Entrenamiento abierto a los Profesionales de la Salud Mental<\/strong><\/span><\/span><\/p>\n<p style=\"text-align: center;\"><span style=\"font-family: helvetica, arial, sans-serif; font-size: 10pt;\"><strong>T\u00c9CNICAS FUNDAMENTADAS Y EXPLICADAS POR LAS NEUROCIENCIAS<\/strong><\/span><\/p>\n<p style=\"text-align: left;\"><span style=\"font-family: helvetica, arial, sans-serif; font-size: 10pt;\"><strong>Entrenadora:<br \/>\nDra. Raquel C. Ferrazzano de Solvey<br \/>\n<\/strong>Entrenadora Universitaria &#8211;\u00a0Profesora Honoraria de la Facultad de Psicolog\u00eda de la U. Sr. de Sip\u00e1n \u2013 Per\u00fa &#8211;\u00a0Ex-Faculty Member del EMDR Institute Inc. USA (1996 &#8211; 2016)<strong><br \/>\n<\/strong><\/span><\/p>\n<p><span style=\"font-size: 10pt;\"><span style=\"font-family: helvetica, arial, sans-serif;\"><strong>Auspiciados por:<br \/>\n<\/strong><\/span><span style=\"font-family: helvetica, arial, sans-serif;\">Universidad Maim\u00f3nides \u2013 Departamento de Psiquiatr\u00eda y Neurociencias y\u00a0Emdria Latinoam\u00e9rica\u00ae Asoc. Civil<\/span><\/span><\/p>\n<p><span style=\"font-family: helvetica, arial, sans-serif; font-size: 10pt;\"><strong>TIC<\/strong><sup>\u00ae<\/sup><strong> :<\/strong> <strong>T\u00c9CNICAS DE INTEGRACI\u00d3N CEREBRAL,<\/strong> act\u00faan sobre\u00a0 la integraci\u00f3n de la informaci\u00f3n en los hemisferios cerebrales, resolviendo distintas patolog\u00edas\u00a0r\u00e1pida y eficazmente.<\/span><\/p>\n<p><span style=\"font-family: helvetica, arial, sans-serif; font-size: 10pt;\"><strong>Lugar<\/strong>: Av. F. Lacroze 1820 \u2013 4\u00ba \u201cB\u201d &#8211; C.A.B.A. &#8211;\u00a0<\/span><span style=\"font-family: helvetica, arial, sans-serif; font-size: 10pt;\"><strong>Costo: <\/strong>$ 10.000.-\u00a0(incluye un par de anteojos hemisf\u00e9ricos) \/\u00a0<\/span><span style=\"font-size: 10pt;\"><span style=\"font-family: helvetica, arial, sans-serif;\"><strong>Horario<\/strong>:<b>\u00a0<\/b><\/span><span style=\"font-family: helvetica, arial, sans-serif;\">viernes\u00a0 de 10,00 a 19,00 hs. y s\u00e1bado de 15,00 a 19,00 hs.<br \/>\n<\/span><\/span><\/p>\n<p><span style=\"font-family: helvetica, arial, sans-serif; font-size: 10pt;\"><strong>Informes e inscripci\u00f3n<br \/>\n<\/strong>F. Lacroze 1820 7\u00baB &#8211; C.A.B.A.\u00a0 &#8211;\u00a0<\/span><span style=\"font-family: helvetica, arial, sans-serif; font-size: 10pt;\">(54 11) 4775-1691 \/\u00a0Whattsapp\u00a0\u00a0+54 9 11 5809 5526 \/\u00a0<\/span><span style=\"font-family: helvetica, arial, sans-serif; font-size: 10pt;\">prsolvey@sion.com\u00a0 \/ terapiasdeavanzada@gmail.com<\/span><\/p>\n<p>&nbsp;<\/p>\n<p style=\"text-align: center;\">***<\/p>\n<p style=\"text-align: center;\"><span style=\"font-size: 12pt;\"><b><span style=\"font-family: helvetica, arial, sans-serif;\"><span style=\"color: #ff0000;\"><span lang=\"es-ES\">10 de Agosto de 2019 \u2013 Buenos Aires<br \/>\n<\/span><\/span><\/span><\/b><span style=\"font-family: helvetica, arial, sans-serif; color: #ff0000;\"><b>PET: PAIN ERASING TECHNIQUE &#8211;\u00a0Borrado del dolor y\u2026 m\u00e1s\u00a0all\u00e1!<br \/>\n<\/b><\/span><\/span><span style=\"font-family: helvetica, arial, sans-serif; font-size: 10pt;\"><b>T\u00e9cnica <\/b><b>para todo tipo de dolores f\u00edsicos y emocionales<\/b><\/span><\/p>\n<p><span style=\"font-family: helvetica, arial, sans-serif;\"><span style=\"font-size: 10pt;\">Entrenadora:<\/span><br \/>\n<\/span><span style=\"font-size: 10pt;\"><strong><span style=\"font-family: helvetica, arial, sans-serif;\">Dra. Raquel C. <\/span><span style=\"font-family: helvetica, arial, sans-serif;\">Ferrazzano<\/span><span style=\"font-family: helvetica, arial, sans-serif;\"> de <\/span><span style=\"font-family: helvetica, arial, sans-serif;\">Solvey<\/span><\/strong><span style=\"font-family: helvetica, arial, sans-serif;\"><strong>\u00a0<\/strong><br \/>\n<\/span><span style=\"font-family: helvetica, arial, sans-serif;\">Profesora Honoraria de la Ftad. de Psicolog\u00eda de la Universidad Sr. de Sip\u00e1n- PER\u00da<\/span><\/span><\/p>\n<p><span style=\"font-size: 10pt;\"><span style=\"font-family: helvetica, arial, sans-serif;\">Lugar: F. Lacroze 1820 4\u00ba B &#8211; C.A.B.A. &#8211;\u00a0<\/span><span style=\"font-family: helvetica, arial, sans-serif;\">Horario: de 10,00 a 13,00 hrs \/\u00a0<\/span><span style=\"font-family: helvetica, arial, sans-serif;\">Costo: $ 2.500.-\u00a0 (incluye un libro)<\/span><\/span><\/p>\n<p><span style=\"font-size: 10pt;\"><span style=\"font-family: helvetica, arial, sans-serif;\"><strong>Informes e inscripci\u00f3n:<br \/>\n<\/strong>Terapias de Avanzada &#8211;\u00a0terapiasdeavanzada@gmail.com\u00a0 \/ prsolvey@sion.com \/\u00a0<\/span><span style=\"font-family: helvetica, arial, sans-serif;\">TEL\u00a0 &#8211;\u00a0 (54 11)\u00a0 4 775-1691 \/\u00a0<\/span><span style=\"font-family: helvetica, arial, sans-serif;\">Whattsapp<\/span><span style=\"font-family: helvetica, arial, sans-serif;\">\u00a0 <\/span><span style=\"font-family: helvetica, arial, sans-serif;\">+54 9 11 5809 552<\/span><span style=\"font-family: helvetica, arial, sans-serif;\">6<\/span><\/span><\/p>\n<h2 style=\"text-align: center;\">***<\/h2>\n<p style=\"text-align: center;\"><span style=\"font-family: helvetica, arial, sans-serif;\"><strong><span style=\"color: #ff0000;\"><span style=\"font-size: 12pt;\">23, 24 y 25 de Agosto de 2019 &#8211; Buenos Aires<\/span><br \/>\n<span style=\"font-size: 12pt;\">Entrenamiento en TdeA-EMDR-Argentina\u00ae\u00a0 Parte 1<\/span><br \/>\n<\/span><\/strong><\/span><\/p>\n<p><span style=\"font-family: helvetica, arial, sans-serif; font-size: 10pt;\"><strong>(Movimientos oculares ,desensibilizaci\u00f3n y reprocesamiento)<\/strong>\u00a0es un m\u00e9todo nuevo y poderoso de hacer psicoterapia que ha ayudado a miles de personas de todo el mundo en diferentes cuadros cl\u00ednicos, trastornos de personalidad y traumas. Su herramienta es la\u00a0<strong>ESB\u00ae<\/strong>\u00a0\u2013 Estimulaci\u00f3n Sensorial Bilateral\u00a0<sup>\u00ae<\/sup>\u00a0que acelera las funciones de procesamiento de la informaci\u00f3n disfuncional en el cerebro, estimulando el intercambio de informaci\u00f3n entre ambos hemisferios.<\/span><\/p>\n<p style=\"text-align: center;\"><span style=\"font-family: helvetica, arial, sans-serif; font-size: 10pt;\"><strong>Entrenamiento abierto a los Profesionales de la Salud Mental<\/strong><\/span><\/p>\n<p><span style=\"font-family: helvetica, arial, sans-serif; font-size: 10pt;\">Entrenadora:<\/span><br \/>\n<span style=\"font-family: helvetica, arial, sans-serif; font-size: 10pt;\"><strong>Dra. Raquel C. Ferrazzano de Solvey<\/strong><\/span><br \/>\n<span style=\"font-family: helvetica, arial, sans-serif; font-size: 10pt;\">Entrenadora Universitaria &#8211;\u00a0<\/span><span style=\"font-family: helvetica, arial, sans-serif; font-size: 10pt;\">Profesora Honoraria de la Facultad de Psicolog\u00eda de la U. Sr. de Sip\u00e1n \u2013 Per\u00fa<\/span><br \/>\n<span style=\"font-family: helvetica, arial, sans-serif; font-size: 10pt;\">Ex-Faculty Member del EMDR Institute Inc. USA (1996 \u2013 2016)<\/span><\/p>\n<p><span style=\"font-family: helvetica, arial, sans-serif; font-size: 10pt;\"><strong>Auspiciado por:<\/strong><strong><br \/>\n<\/strong>Universidad Maim\u00f3nides \u2013 Departamento de Psiquiatr\u00eda y Neurociencias y\u00a0<\/span><span style=\"font-family: helvetica, arial, sans-serif; font-size: 10pt;\">Emdria Latinoam\u00e9rica\u00ae Asoc. Civil<\/span><\/p>\n<p><span style=\"font-family: helvetica, arial, sans-serif; font-size: 10pt;\"><strong>Organizador<\/strong>: Terapias de Avanzada &#8211;\u00a0<\/span><span style=\"font-family: helvetica, arial, sans-serif; font-size: 10pt;\">Lugar: F. Lacroze 1820 \u2013 4\u00ba B \u2013 C.A.B.A. \/\u00a0<\/span><span style=\"font-family: helvetica, arial, sans-serif; font-size: 10pt;\">Horarios: viernes, s\u00e1bado y domingo de 10,00 a 19,00 hs.<\/span><br \/>\n<span style=\"font-family: helvetica, arial, sans-serif; font-size: 10pt;\">Costo:\u00a0$ 10.000\u00a0 hasta el 30 de julio y\u00a0$11.000 del\u00a0 30\/7 al d\u00eda del curso.\u00a0 \u00a0 \u00a0 \u00a0 \u00a0 \u00a0<\/span><br \/>\n<span style=\"font-family: helvetica, arial, sans-serif; font-size: 10pt;\">Recursantes 50%<\/span><\/p>\n<p><span style=\"font-family: helvetica, arial, sans-serif; font-size: 10pt;\"><strong>Informes e inscripci\u00f3n &#8211;\u00a0<\/strong><\/span><span style=\"font-family: helvetica, arial, sans-serif; font-size: 10pt;\">F. Lacroze 1820 7\u00baB\u00a0 \u2013 C.A.B.A. \/\u00a0<\/span><span style=\"font-size: 10pt;\"><span style=\"font-family: helvetica, arial, sans-serif;\">(54 11) 4775-1691 \/\u00a0<\/span><span style=\"font-family: helvetica, arial, sans-serif;\">Whattsapp<\/span><span style=\"font-family: helvetica, arial, sans-serif;\">\u00a0 <\/span><span style=\"font-family: helvetica, arial, sans-serif;\">+54 9 11 5809 552<\/span><span style=\"font-family: helvetica, arial, sans-serif;\">6<br \/>\n<\/span><span style=\"font-family: helvetica, arial, sans-serif;\">prsolvey@sion.com\u00a0 \/ terapiasdeavanzada@gmail.com<\/span><\/span><\/p>\n<h2><\/h2>\n<p style=\"text-align: center;\"><span style=\"font-family: helvetica, arial, sans-serif; color: #008000;\"><strong>JUNIO 2019<\/strong><\/span><\/p>\n<p style=\"text-align: center;\"><strong><span style=\"font-size: 12pt;\"><span style=\"font-family: helvetica, arial, sans-serif; color: #ff0000;\">8 de Junio &#8211; Buenos Aires<br \/>\n<\/span><span style=\"font-family: helvetica, arial, sans-serif; color: #ff0000;\">LIMPIEZA DEL ALMA (Basado en BSFF)<\/span><\/span><\/strong><\/p>\n<p style=\"text-align: center;\"><span style=\"font-family: helvetica, arial, sans-serif; font-size: 10pt;\"><strong>Trabajo de limpieza en todos los planos de las personas<br \/>\nF\u00edsico, mental y emocional<br \/>\nApto para trabajar en grupos<\/strong><\/span><\/p>\n<p><span style=\"font-family: helvetica, arial, sans-serif; font-size: 10pt;\"><strong>Entrenadora:<\/strong><strong><br \/>\nDra. Raquel C. Ferrazzano de Solvey<br \/>\n<\/strong>Entrenadora Universitaria &#8211;\u00a0<\/span><span style=\"font-family: helvetica, arial, sans-serif; font-size: 10pt;\">Profesora Honoraria de la Facultad de Psicolog\u00eda de la U. Sr. de Sip\u00e1n \u2013 Per\u00fa<\/span><br \/>\n<span style=\"font-family: helvetica, arial, sans-serif; font-size: 10pt;\">Ex-Faculty Member del EMDR Institute Inc. USA (1996 \u2013 2016)<strong><br \/>\n<\/strong><strong>Auspiciados por:<\/strong><strong><br \/>\n<\/strong>Universidad Maim\u00f3nides \u2013 Departamento de Psiquiatr\u00eda y Neurociencias y\u00a0<\/span><span style=\"font-family: helvetica, arial, sans-serif; font-size: 10pt;\">Emdria Latinoam\u00e9rica\u00ae Asoc. Civil<\/span><\/p>\n<p><span style=\"font-size: 10pt;\"><span style=\"font-family: helvetica, arial, sans-serif;\"><strong>Costo:\u00a0 <\/strong>$3.000.-\u00a0<\/span><span style=\"font-family: helvetica, arial, sans-serif;\"><strong>Horario: <\/strong>de 10,00 a 19,00 hs.\u00a0<\/span><\/span><span style=\"font-family: helvetica, arial, sans-serif; font-size: 10pt;\"><strong>Lugar:\u00a0 <\/strong>Federico Lacroze 1820 &#8211; 4\u00ba \u00abB\u00bb &#8211; Buenos Aires<\/span><\/p>\n<p><span style=\"font-size: 10pt;\"><span style=\"font-family: helvetica, arial, sans-serif;\"><strong>Informes e inscripci\u00f3n<br \/>\n<\/strong>Terapias de Avanzada\u00a0<\/span><span style=\"font-family: helvetica, arial, sans-serif;\">(54 11) 4775-1691 \/\u00a0<\/span><\/span><span style=\"font-family: helvetica, arial, sans-serif; font-size: 10pt;\">+ 54 9 11 5809-5526 \/\u00a0<\/span><span style=\"font-family: helvetica, arial, sans-serif; font-size: 10pt;\"><a href=\"mailto:terapiasdeavanzada@gmail.com\">terapiasdeavanzada@gmail.com<\/a><\/span><\/p>\n<p>&nbsp;<\/p>\n<p style=\"text-align: center;\">***<\/p>\n<p style=\"text-align: center;\"><span style=\"font-family: helvetica, arial, sans-serif; color: #ff0000; font-size: 12pt;\"><strong>25, 26 y 27 de Junio \u2013 Antioqu\u00eda &#8211; Colombia<br \/>\nTdeA-EMDR-Argentina<sup>\u00ae<\/sup>\u00a0\u2013 Parte 1<\/strong><\/span><\/p>\n<p style=\"text-align: center;\"><span style=\"font-family: helvetica, arial, sans-serif; font-size: 10pt;\"><strong>(Movimientos oculares ,desensibilizaci\u00f3n y reprocesamiento)<\/strong>\u00a0es un m\u00e9todo nuevo y poderoso de hacer psicoterapia que ha ayudado a miles de personas de todo el mundo en diferentes cuadros cl\u00ednicos, trastornos de personalidad y traumas. Su herramienta es la\u00a0<strong>ESB\u00ae<\/strong>\u00a0\u2013 Estimulaci\u00f3n Sensorial Bilateral\u00a0<sup>\u00ae<\/sup>\u00a0que acelera las funciones de procesamiento de la informaci\u00f3n disfuncional en el cerebro, estimulando el intercambio de informaci\u00f3n entre ambos hemisferios.<\/span><\/p>\n<p style=\"text-align: center;\"><span style=\"font-family: helvetica, arial, sans-serif; font-size: 10pt;\"><strong>Entrenamiento abierto a los Profesionales de la Salud Mental<\/strong><\/span><\/p>\n<p><span style=\"font-family: helvetica, arial, sans-serif; font-size: 10pt;\">Entrenadora:<\/span><br \/>\n<span style=\"font-family: helvetica, arial, sans-serif; font-size: 10pt;\"><strong>Dra. Raquel C. Ferrazzano de Solvey<\/strong><\/span><br \/>\n<span style=\"font-family: helvetica, arial, sans-serif; font-size: 10pt;\">Entrenadora Universitaria &#8211;\u00a0<\/span><span style=\"font-family: helvetica, arial, sans-serif; font-size: 10pt;\">Profesora Honoraria de la Facultad de Psicolog\u00eda de la U. Sr. de Sip\u00e1n \u2013 Per\u00fa<\/span><br \/>\n<span style=\"font-family: helvetica, arial, sans-serif; font-size: 10pt;\">Ex-Faculty Member del EMDR Institute Inc. USA (1996 \u2013 2016)<\/span><\/p>\n<p><span style=\"font-size: 10pt;\"><strong>Auspiciado por:<br \/>\n<\/strong><span style=\"font-family: helvetica, arial, sans-serif;\">Universidad Maim\u00f3nides \u2013 Departamento de Psiquiatr\u00eda y Neurociencias y\u00a0<\/span><\/span><span style=\"font-family: helvetica, arial, sans-serif; font-size: 10pt;\">Emdria Latinoam\u00e9rica\u00ae Asoc. Civil<\/span><\/p>\n<p><span style=\"font-family: helvetica, arial, sans-serif; font-size: 10pt;\"><strong>Coordina: Self Asesores\u00a0<\/strong><\/span><br \/>\n<span style=\"font-family: helvetica, arial, sans-serif; font-size: 10pt;\"><strong>Informes e inscripci\u00f3n &#8211;\u00a0<\/strong><\/span><span style=\"font-family: helvetica, arial, sans-serif; font-size: 10pt;\">+ 57 320 215 2039 \/\u00a0<\/span><span style=\"font-family: helvetica, arial, sans-serif; font-size: 10pt;\">+ 57 315 374 4011<\/span><\/p>\n<p>&nbsp;<\/p>\n<p style=\"text-align: center;\">***<\/p>\n<p style=\"text-align: center;\"><span style=\"font-size: 12pt;\"><span style=\"font-family: helvetica, arial, sans-serif;\"><span style=\"color: #ff0000;\"><strong>28, 29 y 30 de Junio \u2013\u00a0T\u00e9cnicas de Integraci\u00f3n Cerebral<\/strong><strong><sup>\u00ae <\/sup><\/strong><strong><sub>&#8211;\u00a0<\/sub><\/strong><strong>Colombia<\/strong><\/span><strong><br \/>\n<\/strong><\/span><span style=\"font-family: helvetica, arial, sans-serif;\"><span style=\"color: #ff0000;\"><strong>28 y 29 de junio &#8211; Entrenamiento en TIC<\/strong><strong><sup>\u00ae<\/sup><\/strong><strong>(T\u00e9cnicas de Anteojos Hemisf\u00e9ricos<\/strong><strong><sup>\u00ae<\/sup><\/strong><strong>\u00a0y Un ojo por Vez\u00a0<sup>\u00ae<\/sup>)<br \/>\n<\/strong><\/span><span style=\"color: #ff0000;\"><strong>de 10,00 a 19,00 hrs<br \/>\n<\/strong><\/span><\/span><\/span><span style=\"font-family: helvetica, arial, sans-serif; font-size: 12pt; color: #ff0000;\"><strong>30 de Junio &#8211; Entrenamiento en PET<\/strong><strong><sup>\u00ae<\/sup><\/strong><strong>\u00a0(Pain Erasing Technique \u2013 Borrado del dolor\u2026y mas all\u00e1!)<\/strong><strong><br \/>\nde 10,00 a 13,00 hrs<\/strong><\/span><\/p>\n<p style=\"text-align: center;\"><span style=\"font-family: helvetica, arial, sans-serif; font-size: 10pt;\"><strong>Entrenamiento abierto a los Profesionales de la Salud Mental<\/strong><\/span><\/p>\n<p><span style=\"font-family: helvetica, arial, sans-serif; font-size: 10pt;\"><strong>T\u00c9CNICAS FUNDAMENTADAS Y EXPLICADAS POR LAS NEUROCIENCIAS<\/strong><\/span><\/p>\n<p><span style=\"font-family: helvetica, arial, sans-serif; font-size: 10pt;\"><strong>TIC<\/strong><sup>\u00ae<\/sup><strong>\u00a0:<\/strong><strong>T\u00e9cnicas de Integraci\u00f3n Cerebral,<\/strong>\u00a0act\u00faan sobre\u00a0 la integraci\u00f3n de la informaci\u00f3n en los hemisferios cerebrales, resolviendo distintas patolog\u00edas\u00a0r\u00e1pida y eficazmente.<\/span><\/p>\n<p><span style=\"font-family: helvetica, arial, sans-serif; font-size: 10pt;\"><strong>PET<\/strong><strong><sup>\u00a0\u00ae\u00a0<\/sup><\/strong><strong>\u2013 Pain Erasing Technique \u2013 Borrado del dolor.\u00a0<\/strong>T\u00e9cnica para todo tipo de dolores y s\u00edntomas f\u00edsicos.<\/span><\/p>\n<p><span style=\"font-family: helvetica, arial, sans-serif; font-size: 10pt;\"><strong>Entrenadora:<\/strong><strong><br \/>\nDra. Raquel C. Ferrazzano de Solvey<br \/>\n<\/strong>Entrenadora Universitaria &#8211;\u00a0<\/span><span style=\"font-family: helvetica, arial, sans-serif; font-size: 10pt;\">Profesora Honoraria de la Facultad de Psicolog\u00eda de la U. Sr. de Sip\u00e1n \u2013 Per\u00fa<\/span><br \/>\n<span style=\"font-family: helvetica, arial, sans-serif; font-size: 10pt;\">Ex-Faculty Member del EMDR Institute Inc. USA (1996 \u2013 2016)<\/span><\/p>\n<p><span style=\"font-family: helvetica, arial, sans-serif; font-size: 10pt;\"><strong>Auspiciados por:<\/strong><strong><br \/>\n<\/strong>Universidad Maim\u00f3nides \u2013 Departamento de Psiquiatr\u00eda y Neurociencias y\u00a0<\/span><span style=\"font-family: helvetica, arial, sans-serif; font-size: 10pt;\">Emdria Latinoam\u00e9rica\u00ae Asoc. Civil<\/span><\/p>\n<p><span style=\"font-family: helvetica, arial, sans-serif; font-size: 10pt;\"><strong>Coordina: Self Asesores<\/strong><\/span><br \/>\n<span style=\"font-family: helvetica, arial, sans-serif; font-size: 10pt;\"><strong>Informes e inscripci\u00f3n\u00a0<\/strong><\/span><span style=\"font-family: helvetica, arial, sans-serif; font-size: 10pt;\">+ 57 320 215 2039 \/\u00a0<\/span><span style=\"font-family: helvetica, arial, sans-serif; font-size: 10pt;\">+ 57 315 374 4011<\/span><\/p>\n<p>&nbsp;<\/p>\n<p style=\"text-align: center;\">***<\/p>\n<p style=\"text-align: center;\"><span style=\"font-family: helvetica, arial, sans-serif; color: #ff0000;\"><strong><span style=\"font-size: 12pt;\">30 de Junio &#8211; ESCENA FUNDANTE Y OTRAS ESCENAS SIGNIFICATIVAS &#8211; Bogot\u00e1 &#8211; Colombia<\/span><br \/>\n<\/strong><\/span><span style=\"font-family: helvetica, arial, sans-serif; font-size: 10pt;\"><strong>(Requiere entrenamiento en Terapias de Avanzada)<\/strong><\/span><\/p>\n<p><span style=\"font-family: helvetica, arial, sans-serif; font-size: 10pt;\"><strong>La Escena Fundante\u00ae,\u00a0<\/strong>tambi\u00e9n llamada \u201cproto-escena\u201d es una escena de los primeros a\u00f1os de vida, a veces pre-natal, que se constituye en los cimientos del edificio sintom\u00e1tico. Hallarla y desactivarla permite colapsar en poco tiempo, a veces pocos minutos, todos los s\u00edntomas derivados de ella. Es una manera profunda y veloz de tratamiento.<\/span><\/p>\n<p><span style=\"font-family: helvetica, arial, sans-serif; font-size: 10pt;\">La E. F. es muy \u00fatil y exitosa en el tratamiento de todo tipo de patolog\u00edas, tanto psicol\u00f3gicas como \u00a0org\u00e1nicas, permitiendo su alivio o resoluci\u00f3n de una manera profunda y radical.<\/span><\/p>\n<p><span style=\"font-family: helvetica, arial, sans-serif; font-size: 10pt;\"><strong>Entrenadora:<\/strong><strong><br \/>\nDra. Raquel C. Ferrazzano de Solvey<br \/>\n<\/strong>Entrenadora Universitaria &#8211;\u00a0<\/span><span style=\"font-family: helvetica, arial, sans-serif; font-size: 10pt;\">Profesora Honoraria de la Facultad de Psicolog\u00eda de la U. Sr. de Sip\u00e1n \u2013 Per\u00fa<\/span><br \/>\n<span style=\"font-family: helvetica, arial, sans-serif; font-size: 10pt;\">Ex-Faculty Member del EMDR Institute Inc. USA (1996 \u2013 2016)<\/span><\/p>\n<p><span style=\"font-family: helvetica, arial, sans-serif; font-size: 10pt;\"><strong>Auspiciado por:<\/strong><strong><br \/>\n<\/strong>Universidad Maim\u00f3nides \u2013 Departamento de Psiquiatr\u00eda y Neurociencias y\u00a0<\/span><span style=\"font-family: helvetica, arial, sans-serif; font-size: 10pt;\">Emdria Latinoam\u00e9rica\u00ae Asoc. Civil<\/span><\/p>\n<p><span style=\"font-size: 10pt;\"><span style=\"font-family: helvetica, arial, sans-serif;\"><strong>Organizador:<\/strong> Self Asesores<br \/>\n<\/span><\/span><span style=\"font-family: helvetica, arial, sans-serif; font-size: 10pt;\"><strong>Informes e inscripci\u00f3n\u00a0<\/strong>+ 57 320 215 2039 \/\u00a0<\/span><span style=\"font-family: helvetica, arial, sans-serif; font-size: 10pt;\">+ 57 315 374 4011<\/span><\/p>\n<hr \/>\n<p style=\"text-align: center;\"><span style=\"color: #008000; font-size: 12pt;\"><span style=\"font-family: helvetica, arial, sans-serif;\"><strong>JULIO 2019<\/strong><\/span><\/span><\/p>\n<p style=\"text-align: center;\"><strong><span style=\"font-family: helvetica, arial, sans-serif; font-size: 12pt; color: #ff0000;\">1\u00ba de Julio &#8211; Los Dibujos de Simonton &#8211; Para diagn\u00f3stico de trastornos f\u00edsicos y emocionales &#8211;<br \/>\nRIONEGRO &#8211; Colombia<\/span><\/strong><\/p>\n<p><span style=\"font-family: helvetica, arial, sans-serif; font-size: 10pt;\"><strong>SISTEMA SIMONTON\u00a0<\/strong>: En la d\u00e9cada del \u00b480 el\u00a0<strong>Dr. Carl Simonton<\/strong>, MD (Radi\u00f3logo) onc\u00f3logo de EE UU, y su esposa\u00a0<strong>Stephanie Mathew Simonton<\/strong>, PhD,\u00a0 dise\u00f1aron un protocolo de abordaje CON DIBUJOS Y UN BREVE CUESTIONARIO, para pacientes oncol\u00f3gicos, que posteriormente hemos adaptado a todo tipo de enfermedades f\u00edsicas y problemas emocionales.<\/span><\/p>\n<p><span style=\"font-family: helvetica, arial, sans-serif; font-size: 10pt;\"><strong>Entrenadora:<\/strong><strong><br \/>\nDra. Raquel C. Ferrazzano de Solvey<br \/>\n<\/strong>Entrenadora Universitaria &#8211;\u00a0<\/span><span style=\"font-family: helvetica, arial, sans-serif; font-size: 10pt;\">Profesora Honoraria de la Facultad de Psicolog\u00eda de la U. Sr. de Sip\u00e1n \u2013 Per\u00fa<\/span><br \/>\n<span style=\"font-family: helvetica, arial, sans-serif; font-size: 10pt;\">Ex-Faculty Member del EMDR Institute Inc. USA (1996 \u2013 2016)<\/span><\/p>\n<p><span style=\"font-family: helvetica, arial, sans-serif; font-size: 10pt;\"><strong>Auspiciado por:<\/strong><strong><br \/>\n<\/strong>Universidad Maim\u00f3nides \u2013 Departamento de Psiquiatr\u00eda y Neurociencias y\u00a0<\/span><span style=\"font-family: helvetica, arial, sans-serif; font-size: 10pt;\">Emdria Latinoam\u00e9rica\u00ae Asoc. Civil<\/span><\/p>\n<p><span style=\"font-size: 10pt;\"><span style=\"font-family: helvetica, arial, sans-serif;\"><strong>Organizador<\/strong>: Self Asesores<br \/>\n<\/span><\/span><span style=\"font-family: helvetica, arial, sans-serif; font-size: 10pt;\"><strong>Informes e inscripci\u00f3n\u00a0<\/strong>+ 57 320 215 2039 \/\u00a0<\/span><span style=\"font-family: helvetica, arial, sans-serif; font-size: 10pt;\">+ 57 315 374 4011<\/span><\/p>\n<p>&nbsp;<\/p>\n<p style=\"text-align: center;\">***<\/p>\n<p style=\"text-align: center;\"><strong><span style=\"font-size: 12pt;\"><span style=\"font-family: helvetica, arial, sans-serif; color: #ff0000;\">2 de Julio &#8211;\u00a0<\/span><span style=\"font-family: helvetica, arial, sans-serif; color: #ff0000;\">LIMPIEZA DEL ALMA (Basado en BSFF y Z-Point)<br \/>\n<\/span><span style=\"font-family: helvetica, arial, sans-serif; color: #ff0000;\">RIONEGRO &#8211; Colombia<\/span><\/span><\/strong><\/p>\n<p style=\"text-align: center;\"><span style=\"font-family: helvetica, arial, sans-serif; font-size: 10pt;\"><strong>Trabajo de limpieza en todos los planos de las personas\u00a0 F\u00edsico, mental y emocional<br \/>\nApto para trabajar en grupos<\/strong><\/span><\/p>\n<p><span style=\"font-family: helvetica, arial, sans-serif; font-size: 10pt;\"><strong>Entrenadora:<\/strong><strong><br \/>\nDra. Raquel C. Ferrazzano de Solvey<br \/>\n<\/strong>Entrenadora Universitaria &#8211;\u00a0<\/span><span style=\"font-family: helvetica, arial, sans-serif; font-size: 10pt;\">Profesora Honoraria de la Facultad de Psicolog\u00eda de la U. Sr. de Sip\u00e1n \u2013 Per\u00fa<\/span><br \/>\n<span style=\"font-family: helvetica, arial, sans-serif; font-size: 10pt;\">Ex-Faculty Member del EMDR Institute Inc. USA (1996 \u2013 2016)<\/span><\/p>\n<p><span style=\"font-family: helvetica, arial, sans-serif; font-size: 10pt;\"><strong>Auspiciados por:<\/strong><strong><br \/>\n<\/strong>Universidad Maim\u00f3nides \u2013 Departamento de Psiquiatr\u00eda y Neurociencias y\u00a0<\/span><span style=\"font-family: helvetica, arial, sans-serif; font-size: 10pt;\">Emdria Latinoam\u00e9rica\u00ae Asoc. Civil<\/span><\/p>\n<p><span style=\"font-size: 10pt;\"><span style=\"font-family: helvetica, arial, sans-serif;\"><strong>Organizador<\/strong>: Self Asesores<br \/>\n<\/span><\/span><span style=\"font-family: helvetica, arial, sans-serif; font-size: 10pt;\"><strong>Informes e inscripci\u00f3n\u00a0<\/strong>+ 57 320 215 2039 \/\u00a0<\/span><span style=\"font-family: helvetica, arial, sans-serif; font-size: 10pt;\">+ 57 315 374 4011<\/span><\/p>\n<p>&nbsp;<\/p>\n<p style=\"text-align: center;\">***<\/p>\n<p style=\"text-align: center;\"><span style=\"font-size: 12pt;\"><strong><span style=\"color: #ff0000;\"><span style=\"font-family: helvetica, arial, sans-serif;\">3 de Julio &#8211;\u00a0<\/span><span style=\"font-family: helvetica, arial, sans-serif;\">CROMO PSICOTERAPIAS (Cromo-TIC y Cromoterapia auricular)<br \/>\n<\/span><span style=\"font-family: helvetica, arial, sans-serif;\">\u00a0RIONEGRO &#8211; Colombia<\/span><\/span><\/strong><\/span><\/p>\n<p><span style=\"font-family: helvetica, arial, sans-serif; font-size: 10pt;\">2 T\u00c9CNICAS DE COLOR DE <span style=\"font-family: helvetica, arial, sans-serif;\">\u00daLTIMA<\/span>\u00a0GENERACI\u00d3N, \u00fanicas en el mundo, presentadas por el Dr. Daniel As\u00eds y la Dra. Raquel C. Ferrazzano de Solvey en el Congreso de la International Light Association \u2013 ILA \u2013 Viena el 23 de marzo de 2016.<\/span><\/p>\n<p><span style=\"font-family: helvetica, arial, sans-serif; font-size: 10pt;\">PARA <span style=\"font-family: helvetica, arial, sans-serif;\">M\u00c9DICOS<\/span>, PSIC\u00d3LOGOS, PSIQUIATRAS, KINESI\u00d3LOGOS, TERAPEUTAS CORPORALES, COUNSELORS, PSICOPEDAGOGOS<br \/>\nIndicaciones: trauma ps\u00edquico y patolog\u00edas varias<\/span><\/p>\n<p><span style=\"font-family: helvetica, arial, sans-serif; font-size: 10pt;\">Para Cromo-TIC precisa un juego de 10 anteojos de colores que se venden aparte, por encargo<br \/>\n<\/span><span style=\"font-size: 10pt;\"><span style=\"font-family: helvetica, arial, sans-serif;\">Para Cromoterapia auricular se usa un cromopuntor que se vende aparte, por encargo &#8211;\u00a0<\/span><span style=\"font-family: helvetica, arial, sans-serif;\">Consultar costos<\/span><\/span><\/p>\n<p><span style=\"font-family: helvetica, arial, sans-serif; font-size: 10pt;\"><strong>Entrenadora:<\/strong><strong><br \/>\nDra. Raquel C. Ferrazzano de Solvey<br \/>\n<\/strong>Entrenadora Universitaria &#8211;\u00a0<\/span><span style=\"font-family: helvetica, arial, sans-serif; font-size: 10pt;\">Profesora Honoraria de la Facultad de Psicolog\u00eda de la U. Sr. de Sip\u00e1n \u2013 Per\u00fa<\/span><br \/>\n<span style=\"font-family: helvetica, arial, sans-serif; font-size: 10pt;\">Ex-Faculty Member del EMDR Institute Inc. USA (1996 \u2013 2016)<\/span><\/p>\n<p><span style=\"font-family: helvetica, arial, sans-serif; font-size: 10pt;\"><strong>Auspiciados por:<\/strong><strong><br \/>\n<\/strong>Universidad Maim\u00f3nides \u2013 Departamento de Psiquiatr\u00eda y Neurociencias y\u00a0<\/span><span style=\"font-family: helvetica, arial, sans-serif; font-size: 10pt;\">Emdria Latinoam\u00e9rica\u00ae Asoc. Civil<\/span><\/p>\n<p><span style=\"font-size: 10pt;\"><span style=\"font-family: helvetica, arial, sans-serif;\"><strong>Organizador<\/strong>: Self Asesores &#8211;<br \/>\n<\/span><\/span><span style=\"font-family: helvetica, arial, sans-serif; font-size: 10pt;\"><strong>Informes e inscripci\u00f3n &#8211;\u00a0<\/strong>+ 57 320 215 2039 \/\u00a0<\/span><span style=\"font-family: helvetica, arial, sans-serif; font-size: 10pt;\">+ 57 315 374 4011<\/span><\/p>\n<p>&nbsp;<\/p>\n<p style=\"text-align: center;\">***<\/p>\n<p style=\"text-align: center;\"><strong><span style=\"color: #ff0000; font-size: 12pt;\"><span style=\"font-family: helvetica, arial, sans-serif;\">3 de Julio &#8211; E<\/span><span style=\"font-family: helvetica, arial, sans-serif;\">ntrenamiento en TAT (Tapas\u00a0Accupresure\u00a0Technique)<br \/>\n<\/span><span style=\"font-family: helvetica, arial, sans-serif;\">RIONEGRO &#8211; Colombia<\/span><\/span><\/strong><\/p>\n<p><span style=\"font-family: helvetica, arial, sans-serif; font-size: 10pt;\"><strong>TAT<\/strong>\u00a0es una t\u00e9cnica de tratamiento, suave, simple y muy efectiva. &#8211;\u00a0<\/span><span style=\"font-family: helvetica, arial, sans-serif; font-size: 10pt;\">Emocional aplicable a todo tipo de s\u00edntomas, tanto mentales como\u00a0f\u00edsicos. Se usa una posici\u00f3n de las manos especial\u00a0<\/span><span style=\"font-family: helvetica, arial, sans-serif; font-size: 10pt;\">y\u00a0sus resultados son r\u00e1pidos, suaves y duraderos y no invasivos.\u00a0<\/span><span style=\"font-family: helvetica, arial, sans-serif; font-size: 10pt;\">Muy eficaz para tratar alergias.<\/span><\/p>\n<p><span style=\"font-family: helvetica, arial, sans-serif; font-size: 10pt;\"><strong>Entrenadora:<\/strong><strong><br \/>\nDra. Raquel C. Ferrazzano de Solvey<br \/>\n<\/strong>Entrenadora Universitaria &#8211;\u00a0<\/span><span style=\"font-family: helvetica, arial, sans-serif; font-size: 10pt;\">Profesora Honoraria de la Facultad de Psicolog\u00eda de la U. Sr. de Sip\u00e1n \u2013 Per\u00fa<\/span><br \/>\n<span style=\"font-family: helvetica, arial, sans-serif; font-size: 10pt;\">Ex-Faculty Member del EMDR Institute Inc. USA (1996 \u2013 2016)<\/span><\/p>\n<p><span style=\"font-family: helvetica, arial, sans-serif; font-size: 10pt;\"><strong>Auspiciados por:<\/strong><strong><br \/>\n<\/strong>Universidad Maim\u00f3nides \u2013 Departamento de Psiquiatr\u00eda y Neurociencias y\u00a0<\/span><span style=\"font-family: helvetica, arial, sans-serif; font-size: 10pt;\">Emdria Latinoam\u00e9rica\u00ae Asoc. Civil<\/span><\/p>\n<p><span style=\"font-size: 10pt;\"><span style=\"font-family: helvetica, arial, sans-serif;\"><strong>Organizador<\/strong>: Self Asesores<br \/>\n<\/span><\/span><span style=\"font-family: helvetica, arial, sans-serif; font-size: 10pt;\"><strong>Informes e inscripci\u00f3n &#8211;\u00a0<\/strong>+ 57 320 215 2039 \/\u00a0<\/span><span style=\"font-family: helvetica, arial, sans-serif; font-size: 10pt;\">+ 57 315 374 4011<\/span><\/p>\n<p>&nbsp;<\/p>\n<p style=\"text-align: center;\">***<\/p>\n<p style=\"text-align: center;\"><span style=\"font-family: helvetica, arial, sans-serif; font-size: 12pt;\"><strong><span style=\"color: #ff0000;\">5, 6 y 7 de Julio &#8211; TdeA-EMDR-Argentina\u00ae\u00a0 Parte 1<br \/>\nRosario \u2013 Santa Fe<\/span><\/strong><\/span><\/p>\n<p><span style=\"font-family: helvetica, arial, sans-serif; font-size: 10pt;\"><strong>(Movimientos oculares ,desensibilizaci\u00f3n y reprocesamiento)<\/strong>\u00a0es un m\u00e9todo nuevo y poderoso de hacer psicoterapia que ha ayudado a miles de personas de todo el mundo en diferentes cuadros cl\u00ednicos, trastornos de personalidad y traumas. Su herramienta es la\u00a0<strong>ESB\u00ae<\/strong>\u00a0\u2013 Estimulaci\u00f3n Sensorial Bilateral\u00a0<sup>\u00ae<\/sup>\u00a0que acelera las funciones de procesamiento de la informaci\u00f3n disfuncional en el cerebro, estimulando el intercambio de informaci\u00f3n entre ambos hemisferios.<\/span><\/p>\n<p style=\"text-align: center;\"><span style=\"font-family: helvetica, arial, sans-serif; font-size: 10pt;\"><strong>Entrenamiento abierto a los Profesionales de la Salud Mental<\/strong><\/span><\/p>\n<p><span style=\"font-family: helvetica, arial, sans-serif; font-size: 10pt;\">Entrenadora:<\/span><br \/>\n<span style=\"font-family: helvetica, arial, sans-serif; font-size: 10pt;\"><strong>Dra. Raquel C. Ferrazzano de Solvey<\/strong><\/span><br \/>\n<span style=\"font-family: helvetica, arial, sans-serif; font-size: 10pt;\">Entrenadora Universitaria &#8211;\u00a0<\/span><span style=\"font-family: helvetica, arial, sans-serif; font-size: 10pt;\">Profesora Honoraria de la Facultad de Psicolog\u00eda de la U. Sr. de Sip\u00e1n \u2013 Per\u00fa<\/span><br \/>\n<span style=\"font-family: helvetica, arial, sans-serif; font-size: 10pt;\">Ex-Faculty Member del EMDR Institute Inc. USA (1996 \u2013 2016)<\/span><\/p>\n<p><span style=\"font-family: helvetica, arial, sans-serif; font-size: 10pt;\"><strong>Auspiciados por:<\/strong><strong><br \/>\n<\/strong>Universidad Maim\u00f3nides \u2013 Departamento de Psiquiatr\u00eda y Neurociencias y\u00a0<\/span><span style=\"font-family: helvetica, arial, sans-serif; font-size: 10pt;\">Emdria Latinoam\u00e9rica\u00ae Asoc. Civil<\/span><\/p>\n<p><span style=\"font-family: helvetica, arial, sans-serif; font-size: 10pt;\"><strong>Coordina: Lic. Rosana Romano<\/strong><\/span><br \/>\n<span style=\"font-family: helvetica, arial, sans-serif; font-size: 10pt;\"><strong>Informes e inscripci\u00f3n &#8211;\u00a0<\/strong><\/span><span style=\"font-size: 10pt;\"><a href=\"mailto:info@fundacionsinapsis.org.ar\"><span style=\"font-family: helvetica, arial, sans-serif;\">info@fundacionsinapsis.org.ar\u00a0<\/span><\/a>\u00a0<\/span><span style=\"font-family: helvetica, arial, sans-serif; font-size: 10pt;\">Whatsapp + 54 9 341 665 0591 \/\u00a0<\/span><span style=\"font-family: helvetica, arial, sans-serif; font-size: 10pt;\">www.fundacionsinapsis.org.ar<\/span><\/p>\n<p>&nbsp;<\/p>\n<p>&nbsp;<\/p>\n<p style=\"text-align: center;\"><strong><span style=\"font-family: helvetica, arial, sans-serif; color: #008000;\">MARZO 2019<\/span><\/strong><\/p>\n<p style=\"text-align: center;\"><b><span style=\"font-family: helvetica, arial, sans-serif; font-size: 14pt;\"><span style=\"color: #ff0000;\"><span lang=\"es-ES\">23 de Marzo de 2019 \u2013 Buenos Aires<br \/>\n<\/span><\/span><\/span><\/b><span style=\"font-family: helvetica, arial, sans-serif; color: #ff0000;\"><strong>La<\/strong> <b>Escena Fundante<\/b><b>\u00ae<\/b><b> y otras <\/b><b>escenas significativas <\/b><b>en p<\/b><b>sicoterapia y<br \/>\nC\u00f3mo\u00a0trabajar con las Terapias de Avanzada<\/b><b>\u00ae<\/b><\/span><\/p>\n<p><span style=\"font-family: helvetica, arial, sans-serif; font-size: 10pt;\">La <strong>Escena Fundante\u00ae<\/strong>, tambi\u00e9n llamada \u201cproto-escena\u201d es una escena de los primeros a\u00f1os de vida, a veces pre-natal, que se constituye en los cimientos del edificio sintom\u00e1tico.<br \/>\n<\/span><span style=\"font-family: helvetica, arial, sans-serif; font-size: 10pt;\">En <strong>C\u00f3mo trabajar con las T de Avanzada\u00ae<\/strong> mostraremos como abordar un tratamiento y encontrar las escenas a trabajar con las Terapias de Avanzada.<\/span><\/p>\n<p><span style=\"font-family: helvetica, arial, sans-serif; font-size: 10pt;\">Entrenadora:<br \/>\n<strong>Dra. Raquel C. Ferrazzano de Solvey<\/strong><br \/>\nProfesora Honoraria de la Ftad. de Psicolog\u00eda de la Universidad Sr de Sipan- Per\u00fa<\/span><\/p>\n<p><span style=\"font-size: 10pt;\"><span style=\"font-family: helvetica, arial, sans-serif;\"><strong>Informes e inscripci\u00f3n:<\/strong><br \/>\nTerapias de Avanzada &#8211;\u00a0terapiasdeavanzada@gmail.com\u00a0 &#8211;\u00a0 prsolvey@sion.com \/\u00a0<\/span><span style=\"font-family: helvetica, arial, sans-serif;\">TEL\u00a0 &#8211;\u00a0 (54 11)\u00a0 4 775 1690 \/ 91 &#8211;<br \/>\n<\/span><span style=\"font-family: helvetica, arial, sans-serif;\">Whattsapp<\/span><span style=\"font-family: helvetica, arial, sans-serif;\">\u00a0 <\/span><span style=\"font-family: helvetica, arial, sans-serif;\">+54 9 11 5809 552<\/span><span style=\"font-family: helvetica, arial, sans-serif;\">6<\/span><\/span><\/p>\n<p>&nbsp;<\/p>\n<p style=\"text-align: center;\"><span style=\"font-size: 12pt;\"><b><span style=\"font-family: helvetica, arial, sans-serif;\"><span style=\"color: #ff0000;\"><span lang=\"es-ES\">23 de Marzo de 2019 \u2013 Buenos Aires<br \/>\n<\/span><\/span><\/span><\/b><span style=\"font-family: helvetica, arial, sans-serif; color: #ff0000;\"><b>PET: PAIN ERASING TECHNIQUE &#8211;\u00a0Borrado del dolor y\u2026 m\u00e1s\u00a0all\u00e1!<\/b><\/span><\/span><\/p>\n<p style=\"text-align: center;\"><span style=\"font-family: helvetica, arial, sans-serif; font-size: 12pt;\"><b>T\u00e9cnica <\/b><b>para todo tipo de dolores f\u00edsicos y emocionales<\/b><\/span><\/p>\n<p><span style=\"font-size: 10pt;\"><span style=\"font-family: helvetica, arial, sans-serif;\">Entrenadora:<br \/>\n<\/span><strong><span style=\"font-family: helvetica, arial, sans-serif;\">Dra. Raquel C. <\/span><span style=\"font-family: helvetica, arial, sans-serif;\">Ferrazzano<\/span><span style=\"font-family: helvetica, arial, sans-serif;\"> de <\/span><span style=\"font-family: helvetica, arial, sans-serif;\">Solvey<\/span><\/strong><span style=\"font-family: helvetica, arial, sans-serif;\"><strong>\u00a0<\/strong><br \/>\n<\/span><span style=\"font-family: helvetica, arial, sans-serif;\">Profesora Honoraria de la Ftad. de Psicolog\u00eda de la Universidad Sr. de Sip\u00e1n- PER\u00da<\/span><\/span><\/p>\n<p><span style=\"font-size: 10pt;\"><span style=\"font-family: helvetica, arial, sans-serif;\"><strong>Informes e inscripci\u00f3n:<\/strong><br \/>\nTerapias de Avanzada &#8211;\u00a0terapiasdeavanzada@gmail.com\u00a0 \u00a0prsolvey@sion.com \/\u00a0<\/span><span style=\"font-family: helvetica, arial, sans-serif;\">TEL\u00a0 &#8211;\u00a0 (54 11)\u00a0 4 775 1690 \/ 91 &#8211;<br \/>\n<\/span><span style=\"font-family: helvetica, arial, sans-serif;\">Whattsapp<\/span><span style=\"font-family: helvetica, arial, sans-serif;\">\u00a0 <\/span><span style=\"font-family: helvetica, arial, sans-serif;\">+54 9 11 5809 552<\/span><span style=\"font-family: helvetica, arial, sans-serif;\">6<\/span><\/span><\/p>\n<p>&nbsp;<\/p>\n<p style=\"text-align: center;\"><span style=\"font-size: 12pt;\"><b><span style=\"font-family: helvetica, arial, sans-serif;\"><span style=\"color: #ff0000;\"><span lang=\"es-ES\">22 de Marzo de 2019 \u2013 Buenos Aires<br \/>\n<\/span><\/span><\/span><\/b><span style=\"font-family: helvetica, arial, sans-serif; color: #ff0000;\"><b>ENTRENAMIENTO EN\u00a0<\/b><b>CROMO-TIC\u00ae y CROMO-AURICULO\u00ae<br \/>\n<\/b><b>p<\/b><b>ara el trauma ps\u00edquico<\/b><\/span><\/span><\/p>\n<p><span style=\"font-family: helvetica, arial, sans-serif; font-size: 10pt;\">Las Cromoterapias usan el color por sus efectos curativos sobre la mente y el cuerpo con t\u00e9cnicas suaves, simples y muy efectivas<br \/>\nPara trabajar con ellas se necesita un juego de anteojos de 10 colores y\u00a0una linterna crom\u00e1tica, que se venden aparte y por encargo.<br \/>\nDirigido a profesionales de la salud mental, counselors, psicopedagogos, \u00a0\u00a0\u00a0\u00a0\u00a0terapeutas corporales. coachings, programadores de PNL<\/span><\/p>\n<p><span style=\"font-family: helvetica, arial, sans-serif; font-size: 10pt;\"><b>Entrenadora:<br \/>\nDra<\/b><b>. Raquel C Ferrazzano de Solvey<br \/>\n<\/b>Ex Faculty Member del EMDR Institute, Inc USA (1996 \u2013 2016) &#8211;\u00a0Profesora Honoraria de la Universidad Sr. de Sip\u00e1n \u2013 Per\u00fa<\/span><\/p>\n<p><span style=\"font-family: helvetica, arial, sans-serif; font-size: 10pt;\"><b>\u00a0Auspician:<br \/>\n<\/b>EMDRIA Latinoam\u00e9rica Asoc. Civil y Universidad\u00a0Maim\u00f3nides Dto. de Psiquiatr\u00eda y Neurociencias\u00a0Buenos Aires<\/span><\/p>\n<p><span style=\"font-family: helvetica, arial, sans-serif; font-size: 10pt;\"><strong>Informes\u00a0 e Inscripci\u00f3n:<br \/>\n<\/strong>F. Lacroze 1820 \u2013 7\u00ba B &#8211; CABA &#8211;\u00a0<\/span><span style=\"font-family: helvetica, arial, sans-serif; font-size: 10pt;\">(54 11) 4775-1690\/1691\u00a0 Whattsapp +54 9 11 5809 5526 \/\u00a0prsolvey@sion.com\u00a0 \/ terapiasdeavanzada@gmail.com<\/span><\/p>\n<p>&nbsp;<\/p>\n<hr \/>\n<p style=\"text-align: center;\"><span style=\"font-size: 12pt;\"><b><span style=\"font-family: helvetica, arial, sans-serif;\"><span style=\"color: #ff0000;\"><span lang=\"es-ES\">22 de Marzo de 2019 \u2013 Buenos Aires<br \/>\n<\/span><\/span><span style=\"color: #ff0000;\"><span lang=\"es-ES\">LOS DIBUJOS DE SIMONTON<br \/>\nPara diagn\u00f3stico de Trastornos f\u00edsicos y emocionales<\/span><\/span><\/span><\/b><\/span><\/p>\n<p><span style=\"font-family: helvetica, arial, sans-serif; font-size: 10pt;\"><strong>SISTEMA SIMONTON <\/strong>: En la d\u00e9cada del \u00b480 el <strong>Dr. Carl Simonton<\/strong>, MD (Radi\u00f3logo) onc\u00f3logo de EE UU, y su esposa <strong>Stephanie Mathew Simonton<\/strong>, PhD,\u00a0 dise\u00f1aron un protocolo de abordaje\u00a0 CON DIBUJOS Y UN BREVE CUESTIONARIO, para pacientes oncol\u00f3gicos, que posteriormente hemos adaptado a todo tipo de enfermedades f\u00edsicas y problemas emocionales.<\/span><\/p>\n<p><span style=\"font-family: helvetica, arial, sans-serif; font-size: 10pt;\"><b>Entrenadora:<br \/>\n<\/b><b>Dra. Raquel C. <\/b><b>Ferrazzano<\/b><b> de <\/b><b>Solvey<br \/>\n<\/b>Profesora Honoraria de la Facultad de Psicolog\u00eda de la U. Sr. de Sip\u00e1n Per\u00fa<\/span><\/p>\n<p style=\"text-align: center;\"><span style=\"font-family: helvetica, arial, sans-serif; font-size: 10pt;\"><b>Para profesionales de la Salud y la Salud Mental<\/b><\/span><\/p>\n<p><span style=\"font-family: helvetica, arial, sans-serif; font-size: 10pt;\"><strong>Informes\u00a0 e Inscripci\u00f3n:<br \/>\n<\/strong>F. Lacroze 1820 \u2013 7\u00ba B &#8211; CABA\u00a0 &#8211;\u00a0<\/span><span style=\"font-family: helvetica, arial, sans-serif; font-size: 10pt;\">(54 11) 4775-1690\/1691\u00a0 Whattsapp +54 9 11 5809 5526 \/\u00a0prsolvey@sion.com\u00a0 \/ terapiasdeavanzada@gmail.com<\/span><\/p>\n<p>&nbsp;<\/p>\n<p style=\"text-align: center;\"><span style=\"font-family: helvetica, arial, sans-serif;\"><span style=\"font-size: 14pt;\"><strong><span style=\"color: #ff0000;\"><span style=\"font-size: 12pt;\"><br \/>\nCURSO ANUAL 2019<\/span><br \/>\n<\/span><\/strong><\/span><span style=\"font-size: 12pt;\"><strong><span style=\"color: #ff0000;\">TdeA- EMDR<sup>\u00ae<\/sup> 1 y 2<br \/>\n<\/span><\/strong><strong><span style=\"color: #ff0000;\">TIC<sup>\u00ae<\/sup>: T\u00e9cnicas de Integraci\u00f3n Cerebral &#8211;\u00a0Anteojos Hemisf\u00e9ricos\u00ae y Un ojo x Vez<sup>\u00ae<br \/>\n<\/sup><\/span><\/strong><strong><span style=\"color: #ff0000;\">Escena Fundante &#8211; Como trabajar con Terapias de Avanzada<sup>\u00ae<\/sup><\/span><\/strong><\/span><\/span><\/p>\n<p style=\"text-align: center;\"><span style=\"font-family: helvetica, arial, sans-serif; font-size: 12pt;\"><strong>ABIERTO A TODOS LOS PROFESIONALES DE\u00a0 LA SALUD MENTAL<\/strong><\/span><\/p>\n<p style=\"text-align: center;\"><span style=\"font-family: helvetica, arial, sans-serif; font-size: 12pt;\"><strong>Auspician: Universidad Maim\u00f3nides Departamento de Psiquiatr\u00eda y Neurociencias<br \/>\nEmdria Latinoam\u00e9rica\u00ae Asoc. Civil<\/strong><\/span><\/p>\n<p><span style=\"font-size: 10pt;\"><span style=\"font-family: helvetica, arial, sans-serif;\"><strong>Entrenadores:<br \/>\n<\/strong>Dra. Raquel C. Ferrazzano de Solvey<br \/>\n<\/span><span style=\"font-family: helvetica, arial, sans-serif;\">Entrenadora Universitaria &#8211;\u00a0<\/span><\/span><span style=\"font-size: 10pt;\"><span style=\"font-family: helvetica, arial, sans-serif;\">Ex-Faculty Member EMDR Institute Inc. USA (1996 \u2013 2016)\u00a0<\/span><span style=\"font-family: helvetica, arial, sans-serif;\">Profesora Honoraria de la Facultad de Psicolog\u00eda de la U. Sr. de Sip\u00e1n \u2013 Per\u00fa<br \/>\n<\/span><span style=\"font-family: helvetica, arial, sans-serif;\">Dr. Sergio Solvey<br \/>\nLic. Natalia Solvey<\/span><\/span><\/p>\n<p><span style=\"font-family: helvetica, arial, sans-serif; font-size: 10pt;\"><strong>Comienza el mi\u00e9rcoles 13 de marzo de 16 a 20hrs<\/strong><\/span><\/p>\n<ul>\n<li><span style=\"font-family: helvetica, arial, sans-serif; font-size: 10pt;\"><strong>TdeA-EMDR<sup>\u00ae<\/sup><\/strong> <strong>Niveles\u00a0 1 y 2\u00a0 (Movimientos oculares, desensibilizaci\u00f3n y\u00a0 reprocesamiento\u00ae \u2013 ESB\u00ae \u2013 Estimulaci\u00f3n Sensorial Bilateral)<\/strong>\u00a0 &#8211;<\/span><\/li>\n<li><span style=\"font-family: helvetica, arial, sans-serif; font-size: 10pt;\"><strong>La Escena Fundante\u00ae <\/strong><\/span><\/li>\n<li><span style=\"font-family: helvetica, arial, sans-serif; font-size: 10pt;\"><strong>Como trabajar con las Terapias de Avanzada\u00ae <\/strong><\/span><\/li>\n<li><span style=\"font-family: helvetica, arial, sans-serif; font-size: 10pt;\"><strong>TIC\u00ae: T\u00e9cnicas de Integraci\u00f3n Cerebral : Anteojos Hemisf\u00e9ricos\u00ae \u2013 Un ojo x vez\u00ae<\/strong><\/span><\/li>\n<\/ul>\n<p><span style=\"font-size: 10pt;\"><span style=\"font-family: helvetica, arial, sans-serif;\"><strong>Horario<\/strong>:\u00a0 Mi\u00e9rcoles de 16 a 20 hrs.<br \/>\n<strong>Costo<\/strong>: consultar<br \/>\n<\/span><span style=\"font-family: helvetica, arial, sans-serif;\"><strong>Lugar: <\/strong>F. Lacroze 1820 &#8211; 4\u00ba B\u00a0 &#8211; CABA<br \/>\n<\/span><span style=\"font-family: helvetica, arial, sans-serif;\">Aranceles diferenciales para alumnos de la U. Maim\u00f3nides.<br \/>\n<\/span><span style=\"font-family: helvetica, arial, sans-serif;\">Supervisiones incluidas en el costo total.<\/span><\/span><\/p>\n<p><span style=\"font-family: helvetica, arial, sans-serif; font-size: 10pt;\"><strong><br \/>\nInformes\u00a0 e Inscripci\u00f3n:\u00a0 <\/strong>F. Lacroze 1820 \u2013 7\u00ba B &#8211; CABA\u00a0 <\/span><br \/>\n<span style=\"font-size: 10pt;\"><span style=\"font-family: helvetica, arial, sans-serif;\">(54 11) 4775-1690\/1691\u00a0 Whattsapp +54 9 11 5809 5526<br \/>\n<\/span><span style=\"font-family: helvetica, arial, sans-serif;\">prsolvey@sion.com\u00a0 \/ terapiasdeavanzada@gmail.com<\/span><\/span><\/p>\n<p>&nbsp;<\/p>\n<hr \/>\n<p style=\"text-align: center;\"><span style=\"font-family: helvetica, arial, sans-serif; font-size: 12pt;\"><span style=\"color: #ff0000;\"><span lang=\"es-ES\"><b>8, 9 y 10 de Marzo de 2019 \u2013 Buenos Aires<br \/>\n<\/b><\/span><\/span><span style=\"color: #ff0000;\"><span lang=\"es-ES\"><b>TdeA-EMDR-Argentina\u00ae<\/b><\/span><\/span><span style=\"color: #ff0000;\"><span lang=\"es-ES\"><b> &#8211; Parte 1<\/b><\/span><\/span><\/span><\/p>\n<p><span style=\"font-size: 10pt;\"><span style=\"font-family: Arial, serif;\"><span lang=\"es-ES\"><b>(Movimientos oculares ,desensibilizaci\u00f3n y reprocesamiento)<\/b><\/span><\/span><span style=\"font-family: Arial, serif;\"><span lang=\"es-ES\"> es un m\u00e9todo nuevo y poderoso de hacer psicoterapia que ha ayudado a miles de personas de todo el mundo en diferentes cuadros cl\u00ednicos, trastornos de personalidad y traumas. Su herramienta es la <\/span><\/span><span style=\"font-family: Arial, serif;\"><span lang=\"es-ES\"><b>ESB\u00ae<\/b><\/span><\/span><span style=\"font-family: Arial, serif;\"><span lang=\"es-ES\"> &#8211; Estimulaci\u00f3n Sensorial Bilateral <\/span><\/span><sup><span style=\"font-family: Arial, serif;\"><span lang=\"es-ES\">\u00ae<\/span><\/span><\/sup><span style=\"font-family: Arial, serif;\"><span lang=\"es-ES\"> que acelera las funciones de procesamiento de la informaci\u00f3n disfuncional en el cerebro, estimulando el intercambio de informaci\u00f3n entre ambos hemisferios.<\/span><\/span><\/span><\/p>\n<p><span style=\"font-family: Arial, serif; font-size: 10pt;\"><span lang=\"es-ES\"><b>Entrenamiento abierto a los Profesionales de la Salud Mental<\/b><\/span><\/span><\/p>\n<p><span style=\"font-size: 10pt;\"><span style=\"font-family: Arial, serif;\">Entrenadora:<br \/>\n<strong>Dra. Raquel C. Ferrazzano de Solvey<\/strong><br \/>\n<\/span><span style=\"font-family: helvetica, arial, sans-serif;\">Entrenadora Universitaria &#8211;\u00a0Profesora Honoraria de la Facultad de Psicolog\u00eda de la U. Sr. de Sip\u00e1n \u2013 Per\u00fa<br \/>\nEx-Faculty Member del EMDR Institute Inc. USA (1996 &#8211; 2016)<strong><br \/>\n<\/strong><\/span><\/span><\/p>\n<p><span style=\"font-size: 10pt;\"><span style=\"font-family: helvetica, arial, sans-serif;\"><strong>Auspiciados por:<br \/>\n<\/strong><\/span><span style=\"font-family: helvetica, arial, sans-serif;\">Universidad Maim\u00f3nides \u2013 Departamento de Psiquiatr\u00eda y Neurociencias y\u00a0Emdria Latinoam\u00e9rica\u00ae Asoc. Civil<\/span><\/span><\/p>\n<p><span style=\"font-size: 10pt;\"><span style=\"font-family: Arial, serif;\"><strong>Organizador<\/strong>: Terapias de Avanzada<br \/>\n<\/span><span style=\"font-family: Arial, serif;\"><span lang=\"es-MX\">Lugar<\/span><\/span><span style=\"font-family: Arial, serif;\"><span lang=\"es-MX\">: F. Lacroze 1820 \u2013 4\u00ba B &#8211; C.A.B.A.<br \/>\n<\/span><\/span><span style=\"font-family: Arial, serif;\"><span lang=\"es-MX\">Horarios<\/span><\/span><span style=\"font-family: Arial, serif;\"><span lang=\"es-MX\">: viernes, s\u00e1bado y domingo de 10,00 a 19,00 hs.<br \/>\n<\/span><\/span><span style=\"font-family: Arial, serif;\"><span lang=\"es-MX\">Costo<\/span><\/span><span style=\"font-family: Arial, serif;\"><span lang=\"es-MX\">: Consultar &#8211;\u00a0<\/span><\/span><span style=\"font-family: Arial, serif;\"><span lang=\"es-MX\">Recursantes 50%<\/span><\/span><\/span><\/p>\n<p><span style=\"font-family: Arial, serif; font-size: 10pt;\"><span lang=\"es-ES\"><strong>Informes e inscripci\u00f3n<\/strong><br \/>\nF. Lacroze 1820 \u2013 Capital &#8211;\u00a0(54 11) 4775-1690\/1691\u00a0<span style=\"font-family: helvetica, arial, sans-serif;\">prsolvey@sion.com\u00a0 \/ terapiasdeavanzada@gmail.com<\/span><\/span><\/span><\/p>\n<p>&nbsp;<\/p>\n<p style=\"text-align: center;\"><span style=\"font-size: 12pt; color: #008000;\"><strong><span style=\"font-family: helvetica, arial, sans-serif;\"><br \/>\nFEBRERO 2019<\/span><\/strong><\/span><\/p>\n<p style=\"text-align: center;\"><span style=\"font-size: 12pt;\"><span style=\"font-family: helvetica, arial, sans-serif;\"><span style=\"color: #ff0000;\"><span lang=\"es-ES\"><b>22, 23 y 24 de Febrero de 2019 &#8211;\u00a0<\/b><\/span><\/span><span style=\"color: #ff0000;\"><span lang=\"es-ES\"><b>T\u00c9CNICAS DE INTEGRACI\u00d3N CEREBRAL<sup>\u00ae<\/sup><\/b><\/span><\/span><\/span><span style=\"color: #ff0000;\"><span style=\"font-family: Arial, serif;\"><span lang=\"es-ES\"><b><br \/>\n<\/b><\/span><\/span><\/span><\/span><\/p>\n<p style=\"text-align: center;\"><span style=\"font-family: helvetica, arial, sans-serif; font-size: 12pt;\"><strong>Entrenamiento en TIC<sup>\u00ae\u00a0\u00a0<\/sup>(T\u00e9cnicas de Anteojos Hemisf\u00e9ricos<sup>\u00ae<\/sup>\u00a0 y\u00a0 Un ojo por Vez<sup>\u00ae<sub>)<br \/>\n<\/sub><\/sup>22 y 23 de febrero de 10,00 a 19,00 hrs<\/strong><\/span><\/p>\n<p style=\"text-align: center;\"><span style=\"font-family: helvetica, arial, sans-serif; font-size: 12pt;\"><strong>Entrenamiento en PET<sup>\u00ae<\/sup>\u00a0(Pain Erasing Technique &#8211; Borrado del dolor&#8230;y mas all\u00e1!)<br \/>\n24 de febrero de 10,00 a 13,00 hrs<\/strong><\/span><\/p>\n<p style=\"text-align: center;\"><span style=\"font-family: helvetica, arial, sans-serif; font-size: 10pt;\"><strong>Entrenamiento abierto a los Profesionales de la Salud Mental<\/strong><\/span><\/p>\n<p style=\"text-align: left;\"><span style=\"font-family: helvetica, arial, sans-serif; font-size: 10pt;\"><strong>Entrenadora:<br \/>\nDra. Raquel C. Ferrazzano de Solvey<br \/>\n<\/strong>Entrenadora Universitaria &#8211;\u00a0Profesora Honoraria de la Facultad de Psicolog\u00eda de la U. Sr. de Sip\u00e1n \u2013 Per\u00fa<br \/>\nEx-Faculty Member del EMDR Institute Inc. USA (1996 &#8211; 2016)<strong><br \/>\n<\/strong><\/span><\/p>\n<p><span style=\"font-size: 10pt;\"><span style=\"font-family: helvetica, arial, sans-serif;\"><strong>Auspiciados por:<br \/>\n<\/strong><\/span><span style=\"font-family: helvetica, arial, sans-serif;\">Universidad Maim\u00f3nides \u2013 Departamento de Psiquiatr\u00eda y Neurociencias y\u00a0Emdria Latinoam\u00e9rica\u00ae Asoc. Civil<\/span><\/span><\/p>\n<p><span style=\"font-family: helvetica, arial, sans-serif; font-size: 10pt;\"><strong><br \/>\nT\u00c9CNICAS FUNDAMENTADAS Y EXPLICADAS POR LAS NEUROCIENCIAS<br \/>\n<\/strong><\/span><strong style=\"font-family: helvetica, arial, sans-serif; font-size: 10pt;\">TIC<\/strong><sup style=\"font-family: helvetica, arial, sans-serif;\">\u00ae<\/sup><strong style=\"font-family: helvetica, arial, sans-serif; font-size: 10pt;\"> :<\/strong> <strong style=\"font-family: helvetica, arial, sans-serif; font-size: 10pt;\">T\u00c9CNICAS DE INTEGRACI\u00d3N CEREBRAL,<\/strong><span style=\"font-family: helvetica, arial, sans-serif; font-size: 10pt;\"> act\u00faan sobre\u00a0 la integraci\u00f3n de la informaci\u00f3n en los hemisferios cerebrales, resolviendo distintas patolog\u00edas\u00a0r\u00e1pida y eficazmente.<br \/>\n<\/span><span style=\"font-family: helvetica, arial, sans-serif; font-size: 10pt;\"><strong>PET<\/strong><strong><sup> \u00ae <\/sup>&#8211; PAIN ERASING TECHNIQUE \u2013 Borrado del dolor. <\/strong>T\u00e9cnica para todo tipo de dolores y s\u00edntomas f\u00edsicos.<\/span><\/p>\n<p><span style=\"font-family: helvetica, arial, sans-serif; font-size: 10pt;\"><strong>Lugar<\/strong>: Av. F. Lacroze 1820 \u2013 4to\u201cB\u201d &#8211; CABA<\/span><br \/>\n<span style=\"font-family: helvetica, arial, sans-serif; font-size: 10pt;\"><strong>Costo TIC <\/strong>\u00a0y\u00a0 <strong>Costo PET<\/strong>: Consultar<\/span><br \/>\n<span style=\"font-family: helvetica, arial, sans-serif; font-size: 10pt;\"><strong>Horarios<\/strong>:<\/span><br \/>\n<span style=\"font-size: 10pt;\"><span style=\"font-family: helvetica, arial, sans-serif;\"><strong>TIC<\/strong> <strong>\u00a0<\/strong>viernes 22 y s\u00e1bado 23 de 10,00 a 19,00 hs.<br \/>\n<\/span><span style=\"font-family: helvetica, arial, sans-serif;\"><strong>PET<\/strong>\u00a0 domingo 24 de 10,00 a 13,00 hs.<\/span><\/span><\/p>\n<p><span style=\"font-family: helvetica, arial, sans-serif; font-size: 10pt;\"><strong>Informes e inscripci\u00f3n<br \/>\n<\/strong>F. Lacroze 1820 7B &#8211; CABA &#8211;\u00a0<\/span><span style=\"font-family: helvetica, arial, sans-serif; font-size: 10pt;\">(54 11) 4775-1690\/1691 \/\u00a0<\/span><span style=\"font-family: helvetica, arial, sans-serif; font-size: 10pt;\">prsolvey@sion.com\u00a0 \/ terapiasdeavanzada@gmail.com<\/span><\/p>\n<p>&nbsp;<\/p>\n<p style=\"text-align: center;\"><span style=\"font-size: 12pt;\"><strong><span style=\"font-family: helvetica, arial, sans-serif;\">2018<\/span><\/strong><\/span><\/p>\n<p style=\"text-align: center;\"><strong><span style=\"font-family: arial, helvetica, sans-serif; font-size: 12pt; color: #ff0000;\">8 y 9 de Diciembre de 2018 &#8211; Montevideo &#8211; ROU<br \/>\n<\/span><\/strong><strong><span style=\"color: #ff0000; font-size: 12pt;\"><span style=\"font-family: arial, helvetica, sans-serif;\">Entrenamiento en TdeA-EMDR Parte 2<\/span><\/span><\/strong><\/p>\n<p><span style=\"font-family: helvetica, arial, sans-serif; font-size: 10pt;\">Se completar\u00e1 el entrenamiento comenzado en el Nivel I, para comprender los m\u00faltiples usos de EMDR\/ B\u00fasqueda de la escena fundante \/ Entretejido cognitivo, versi\u00f3n proactiva del EMDR, necesaria para su utilizaci\u00f3n \u00f3ptima.\/ Uso del EMDR en m\u00faltiples diagn\u00f3sticos cl\u00ednicos.\/ Pacientes resistentes\u00a0 \/Modificar el uso del EMDR de acuerdo a las necesidades del paciente. \/ Estrategias para manejar abreacciones y sesiones incompletas \/ EMDR en\u00a0 trastornos som\u00e1ticos, fobias y otros protocolos cl\u00ednicos \/ Protocolos de Trastornos disociativos y Ni\u00f1os.<\/span><\/p>\n<p><span style=\"font-size: 10pt;\"><span style=\"font-family: arial, helvetica, sans-serif;\"><b>Entrenadora<br \/>\n<\/b><\/span><span style=\"font-family: arial, helvetica, sans-serif;\"><b>Dra. Raquel C Ferrazzano de Solvey<br \/>\n<\/b><\/span><span style=\"font-family: arial, helvetica, sans-serif;\">Centro de Terapias de Avanzada &#8211; Buenos Aires &#8211;\u00a0<\/span><span style=\"font-family: arial, helvetica, sans-serif;\">Entrenadora\u00a0 del EMDR Institute, Inc USA (1996 \u2013 2016)<br \/>\n<\/span><span style=\"font-family: arial, helvetica, sans-serif;\">Profesora Honoraria de la Universidad Sr. de Sip\u00e1n \u2013 Per\u00fa<\/span><\/span><\/p>\n<p><span style=\"font-family: arial, helvetica, sans-serif; font-size: 10pt;\"><b>Auspician<br \/>\n<\/b><strong>EMDRIA<\/strong> Latinoam\u00e9rica Asoc. CiviL y\u00a0<\/span><span style=\"font-family: arial, helvetica, sans-serif; font-size: 10pt;\">U. Maim\u00f3nides Dto. de Psiquiatr\u00eda y Neurociencias\u00a0Buenos Aires<\/span><\/p>\n<p><span style=\"font-size: 10pt;\"><span style=\"font-family: arial, helvetica, sans-serif;\"><b>Informes e inscripci\u00f3n<br \/>\n<\/b><\/span><span style=\"font-family: arial, helvetica, sans-serif;\">Lic. Lorena Odacio<br \/>\n<\/span><span style=\"font-family: arial, helvetica, sans-serif;\">Terapias de Avanzada\u00ae\u00a0<\/span><span style=\"font-family: arial, helvetica, sans-serif;\">Directora Filial Uruguay <\/span><span style=\"font-family: arial, helvetica, sans-serif;\"><b>\u00a0 \u00a0 \u00a0 \u00a0 \u00a0 \u00a0 \u00a0 \u00a0 \u00a0 \u00a0 \u00a0<\/b><\/span><\/span><\/p>\n<p><span style=\"font-size: 10pt;\"><a href=\"mailto:terapiasdeavanzadauy@gmail.com\"><span style=\"font-family: arial, helvetica, sans-serif;\"><b>terapiasdeavanzadauy@gmail.com \/\u00a0<\/b><\/span><\/a><\/span><span style=\"font-family: arial, helvetica, sans-serif; font-size: 10pt;\"><b>Tel\u00e9fono: 098 237 485<\/b><\/span><\/p>\n<hr \/>\n<p style=\"text-align: center;\"><strong><span style=\"font-family: arial, helvetica, sans-serif; font-size: 12pt; color: #ff0000;\">23 de Noviembre de 2018 &#8211; Montevideo &#8211; ROU<br \/>\n<\/span><\/strong><strong><span style=\"color: #ff0000; font-size: 12pt;\"><span style=\"font-family: arial, helvetica, sans-serif;\">Entrenamiento en EFT &#8211; (<\/span><span style=\"font-family: arial, helvetica, sans-serif;\">T\u00e9cnica de Liberaci\u00f3n Emocional \u2013 Gary Craig&#x2122;)<\/span><\/span><\/strong><\/p>\n<p><span style=\"font-size: 10pt;\"><span style=\"font-family: arial, helvetica, sans-serif;\">EFT es una t\u00e9cnica de Liberaci\u00f3n Emocional aplicable a todo tipo de s\u00edntomas, tanto mentales como f\u00edsicos.\u00a0<\/span><span style=\"font-family: arial, helvetica, sans-serif;\">Sus resultados son r\u00e1pidos, suaves y duraderos y no invasivos.\u00a0<\/span><span style=\"font-family: arial, helvetica, sans-serif;\">Basada en la Medicina Tradicional China usa los puntos de acupuntura para las correcciones.\u00a0<\/span><span style=\"font-family: arial, helvetica, sans-serif;\">Sus efectos est\u00e1n explicados por las neurociencias.<\/span><\/span><\/p>\n<p><span style=\"font-size: 10pt;\"><span style=\"font-family: arial, helvetica, sans-serif;\"><b>Entrenadora<br \/>\n<\/b><\/span><span style=\"font-family: arial, helvetica, sans-serif;\"><b>Dra. Raquel C Ferrazzano de Solvey<br \/>\n<\/b><\/span><span style=\"font-family: arial, helvetica, sans-serif;\">Centro de Terapias de Avanzada &#8211; Buenos Aires &#8211;\u00a0<\/span><span style=\"font-family: arial, helvetica, sans-serif;\">Entrenadora\u00a0 del EMDR Institute, Inc USA (1996 \u2013 2016)\u00a0\u00a0<\/span><span style=\"font-family: arial, helvetica, sans-serif;\">Profesora Honoraria de la Universidad Sr. de Sip\u00e1n \u2013 Per\u00fa<\/span><\/span><\/p>\n<p><span style=\"font-family: arial, helvetica, sans-serif; font-size: 10pt;\"><b>Auspician<br \/>\n<\/b><strong>EMDRIA<\/strong> Latinoam\u00e9rica Asoc. CiviL y\u00a0<\/span><span style=\"font-family: arial, helvetica, sans-serif; font-size: 10pt;\">U. Maim\u00f3nides Dto. de Psiquiatr\u00eda y Neurociencias\u00a0Buenos Aires<\/span><\/p>\n<p><span style=\"font-size: 10pt;\"><span style=\"font-family: arial, helvetica, sans-serif;\"><b>Informes e inscripci\u00f3n<br \/>\n<\/b><\/span><span style=\"font-family: arial, helvetica, sans-serif;\">Lic. Lorena Odacio<br \/>\n<\/span><span style=\"font-family: arial, helvetica, sans-serif;\">Terapias de Avanzada\u00ae\u00a0<\/span><span style=\"font-family: arial, helvetica, sans-serif;\">Directora Filial Uruguay<\/span><span style=\"font-family: arial, helvetica, sans-serif;\"><b><br \/>\n<\/b><\/span><\/span><span style=\"font-size: 10pt;\"><span style=\"font-family: arial, helvetica, sans-serif;\"><b>terapiasdeavanzadauy@gmail.com &#8211;\u00a0<\/b><\/span><\/span><span style=\"font-family: arial, helvetica, sans-serif; font-size: 10pt;\"><b>Tel\u00e9fono: 098 237 485<\/b><\/span><\/p>\n<hr \/>\n<p style=\"text-align: center;\"><span style=\"font-size: 12pt;\"><span style=\"font-family: arial, helvetica, sans-serif; color: #ff0000;\">24 de Noviembre de 2018 &#8211; Montevideo &#8211; ROU<br \/>\n<\/span><span style=\"font-family: arial, helvetica, sans-serif; color: #ff0000;\"><b>Entrenamiento en TAT (<\/b><b>Tapas <\/b><b>Accupresure<\/b><b> Technique)<\/b><\/span><\/span><\/p>\n<p><span style=\"font-size: 10pt;\"><span style=\"font-family: arial, helvetica, sans-serif;\"><strong>TAT<\/strong> es una t\u00e9cnica de tratamiento, suave, simple y muy efectiva.\u00a0Emocional aplicable a todo tipo de s\u00edntomas, tanto mentales como\u00a0f\u00edsicos. Se usa una posici\u00f3n de las manos especial\u00a0y\u00a0<\/span><span style=\"font-family: arial, helvetica, sans-serif;\">sus resultados son r\u00e1pidos, suaves y duraderos y no invasivos.\u00a0<\/span><span style=\"font-family: arial, helvetica, sans-serif;\">Muy eficaz para tratar alergias.<\/span><\/span><\/p>\n<p><span style=\"font-family: arial, helvetica, sans-serif; font-size: 10pt;\"><b>Entrenadora<br \/>\n<\/b><b>Dra<\/b><b>. Raquel C. Ferrazzano de Solvey<br \/>\n<\/b>Centro de Terapias de Avanzada &#8211; Buenos Aires &#8211;\u00a0Entrenadora\u00a0 del EMDR Institute, Inc USA (1996 \u2013 2016) \/\u00a0Profesora Honoraria de la Universidad Sr. de Sip\u00e1n \u2013 Per\u00fa<\/span><\/p>\n<p><span style=\"font-family: arial, helvetica, sans-serif; font-size: 10pt;\"><b>Auspician<br \/>\n<\/b><b>EMDRIA <\/b>Latinoam\u00e9rica Asoc. Civil y\u00a0<\/span><span style=\"font-family: arial, helvetica, sans-serif; font-size: 10pt;\">U. Maim\u00f3nides Dto. de Psiquiatr\u00eda y Neurociencias\u00a0Buenos Aires<\/span><\/p>\n<p><span style=\"font-family: arial, helvetica, sans-serif; font-size: 10pt;\"><b>Informes e inscripci\u00f3n<br \/>\n<\/b><b>Lic. Lorena Odacio<br \/>\n<\/b>Terapias de Avanzada\u00ae<br \/>\nDirectora Filial Uruguay<br \/>\n<\/span><span style=\"font-size: 10pt;\"><a href=\"mailto:terapiasdeavanzadauy@gmail.com\"><b style=\"font-family: arial, helvetica, sans-serif;\">terapiasdeavanzadauy@gmail.com<\/b><\/a><\/span><\/p>\n<hr \/>\n<p style=\"text-align: center;\"><strong><span style=\"font-size: 12pt;\"><span style=\"font-family: arial, helvetica, sans-serif; color: #ff0000;\">25 y 26 de Noviembre de 2018 &#8211; Montevideo &#8211; ROU<br \/>\n<\/span><span style=\"font-family: arial, helvetica, sans-serif; color: #ff0000;\">Entrenamiento en TREE<sup>\u00ae <\/sup>(T\u00e9cnica de Reprogramaci\u00f3n Energ\u00e9tica Emocional)<\/span><\/span><\/strong><\/p>\n<p><span style=\"font-size: 10pt;\"><span style=\"font-family: arial, helvetica, sans-serif;\">Con <strong>TREE<\/strong> se trabaja con el test de resistencia muscular, una herramienta diagn\u00f3stica de gran fidelidad. Es aplicable a todo tipo de s\u00edntomas, tanto mentales como f\u00edsicos.\u00a0<\/span><span style=\"font-family: arial, helvetica, sans-serif;\">Sus resultados son r\u00e1pidos, suaves y duraderos y no invasivos.\u00a0<\/span><span style=\"font-family: arial, helvetica, sans-serif;\">Pertenece a las t\u00e9cnicas basadas en la energ\u00eda y con ella se ubica y corrige la edad de la causa de los s\u00edntomas.<\/span><\/span><\/p>\n<p><span style=\"font-family: arial, helvetica, sans-serif; font-size: 10pt;\"><b>Entrenadora<br \/>\n<\/b><b>Dra<\/b><b>. Raquel C. Ferrazzano de Solvey<br \/>\n<\/b>Centro de Terapias de Avanzada &#8211; Buenos Aires &#8211;\u00a0Entrenadora\u00a0 del EMDR Institute, Inc USA (1996 \u2013 2016)<br \/>\nProfesora Honoraria de la Universidad Sr. de Sip\u00e1n \u2013 Per\u00fa<\/span><\/p>\n<p><span style=\"font-family: arial, helvetica, sans-serif; font-size: 10pt;\"><b>Auspician<br \/>\n<\/b><b>EMDRIA <\/b>Latinoam\u00e9rica Asoc. Civil y\u00a0<\/span><span style=\"font-family: arial, helvetica, sans-serif; font-size: 10pt;\">U. Maim\u00f3nides Dto. de Psiquiatr\u00eda y Neurociencias\u00a0Buenos Aires<\/span><\/p>\n<p><span style=\"font-family: arial, helvetica, sans-serif; font-size: 10pt;\"><b>Informes e inscripci\u00f3n<br \/>\n<\/b><b>Lic. Lorena Odacio<br \/>\n<\/b>Terapias de Avanzada\u00ae<br \/>\nDirectora Filial Uruguay<br \/>\n<\/span><span style=\"font-size: 10pt;\"><a href=\"mailto:terapiasdeavanzadauy@gmail.com\"><b style=\"font-family: arial, helvetica, sans-serif;\">terapiasdeavanzadauy@gmail.com<\/b><\/a><\/span><\/p>\n<hr \/>\n<p style=\"text-align: center;\"><strong><span style=\"font-size: 12pt;\"><span style=\"font-family: arial, helvetica, sans-serif; color: #ff0000;\">1\u00ba de Diciembre de 2018 &#8211; Buenos Aires &#8211; Argentina<br \/>\n<\/span><span style=\"font-family: arial, helvetica, sans-serif; color: #ff0000;\">Entrenamiento en TAT (Tapas Accupresure Technique)<\/span><\/span><\/strong><\/p>\n<p><span style=\"font-size: 10pt;\"><span style=\"font-family: arial, helvetica, sans-serif;\">TAT es una t\u00e9cnica de tratamiento, suave, simple y muy efectiva.\u00a0Emocional aplicable a todo tipo de s\u00edntomas, tanto mentales como\u00a0f\u00edsicos. Se usa una posici\u00f3n de las manos especial\u00a0y\u00a0<\/span><span style=\"font-family: arial, helvetica, sans-serif;\">sus resultados son r\u00e1pidos, suaves y duraderos y no invasivos.\u00a0<\/span><span style=\"font-family: arial, helvetica, sans-serif;\">Muy eficaz para tratar alergias.<\/span><\/span><\/p>\n<p><span style=\"font-family: arial, helvetica, sans-serif; font-size: 10pt;\"><strong>Entrenadora<\/strong><br \/>\nDra. Raquel C. Ferrazzano de Solvey<br \/>\nCentro de Terapias de Avanzada &#8211; Buenos Aires &#8211;\u00a0Entrenadora\u00a0 del EMDR Institute, Inc USA (1996 \u2013 2016)<br \/>\nProfesora Honoraria de la Universidad Sr. de Sip\u00e1n \u2013 Per\u00fa<\/span><\/p>\n<p><span style=\"font-family: arial, helvetica, sans-serif; font-size: 10pt;\"><strong>Auspician<\/strong><br \/>\nEMDRIA Latinoam\u00e9rica Asoc. Civil y\u00a0<\/span><span style=\"font-family: arial, helvetica, sans-serif; font-size: 10pt;\">U. Maim\u00f3nides Dto. de Psiquiatr\u00eda y Neurociencias\u00a0Buenos Aires<\/span><\/p>\n<p><span style=\"font-size: 10pt;\"><span style=\"font-family: arial, helvetica, sans-serif;\"><strong>Informes e inscripci\u00f3n<\/strong><br \/>\n<\/span><span style=\"font-family: arial, helvetica, sans-serif;\">TERAPIAS DE AVANZADA<br \/>\n<\/span><span style=\"font-family: arial, helvetica, sans-serif;\">Tel\u00e9fono: 54 11 4775-1690\/1691<br \/>\n<\/span><span style=\"font-family: helvetica, arial, sans-serif;\"><a href=\"mailto:terapiasdeavanzada@gmail.com\">terapiasdeavanzada@gmail.com<\/a><\/span><\/span><\/p>\n<hr \/>\n<p style=\"text-align: center;\"><span style=\"font-size: 12pt;\"><span style=\"color: #ff0000;\"><span style=\"font-family: Arial, serif;\"><span lang=\"es-ES\"><b>1\u00ba de Diciembre de 2018 \u2013 Buenos Aires &#8211; Argentina<br \/>\n<\/b><\/span><\/span><\/span><b><\/b><span style=\"font-family: helvetica, arial, sans-serif; color: #ff0000;\"><b>CROMO-TIC y CROMO-AURICULO<br \/>\n<\/b><\/span><span style=\"font-family: helvetica, arial, sans-serif; color: #ff0000;\"><b>p<\/b><b>ara el trauma ps\u00edquico<\/b><\/span><\/span><\/p>\n<p><span style=\"font-size: 10pt;\"><span style=\"font-family: helvetica, arial, sans-serif;\">Las Cromoterapias usan el color por sus efectos curativos\u00a0sobre la mente y el cuerpo . Son t\u00e9cnicas de tratamiento, suave, simple y muy efectivas.\u00a0<\/span><span style=\"font-family: helvetica, arial, sans-serif;\">Para trabajar con ellas se necesita un juego de anteojos de 10 colores que se venden aparte por encargo.<\/span><\/span><\/p>\n<p><span style=\"font-size: 10pt;\"><span style=\"font-family: Arial, serif;\"><strong>Entrenadora:<\/strong><br \/>\nDra. Raquel C. Ferrazzano de Solvey<br \/>\n<\/span><span style=\"font-family: Arial, serif;\">Organizador: Terapias de Avanzada<br \/>\n<\/span><span style=\"font-family: Arial, serif;\"><span lang=\"es-ES\"><strong>Horario<\/strong>: de 15,30 a 19,30 hs.<br \/>\n<\/span><\/span><span style=\"font-family: Arial, serif;\"><span lang=\"es-ES\"><strong>Lugar<\/strong>:\u00a0Terapias de Avanzada \u2013 F. Lacroze 1820 \u2013 4\u00ba \u201cB\u201d \u2013 C.A.B.A.<\/span><\/span><\/span><\/p>\n<p><span style=\"font-family: Arial, serif; font-size: 10pt;\"><span lang=\"es-ES\"><b>Informes e inscripci\u00f3n<br \/>\nF. Lacroze 1820 7B \u2013 CABA &#8211;\u00a0(54 11) 4775-1690\/1691 \/\u00a0prsolvey@sion.com \/ <a href=\"mailto:terapiasdeavanzada@gmail.com\">terapiasdeavanzada@gmail.com<\/a><\/b><\/span><\/span><\/p>\n<hr \/>\n<p style=\"text-align: center;\"><span style=\"color: #ff0000; font-size: 12pt;\"><span style=\"font-family: Arial, serif;\"><span lang=\"es-ES\"><b>23 de JULIO de 2018 \u2013 Montevideo \u2013 ROU<br \/>\nCROMO PSICOTERAPIAS &#8211; Cromo-TIC y Cromoterapia auricular<\/b><\/span><\/span><\/span><\/p>\n<p><span style=\"font-size: 10pt;\"><span style=\"font-family: Arial, serif;\"><span lang=\"es-ES\">2 T\u00c9CNICAS DE COLOR DE ULTIMA GENERACI\u00d3N, \u00fanicas en el mundo, presentadas por el Dr. Daniel Asis y la Dra. Raquel C. Ferrazzano de Solvey en el Congreso de la<\/span><\/span> <span style=\"font-family: Arial, serif;\"><span lang=\"es-ES\">International Light Association \u2013 ILA &#8211; Viena el 23 de marzo de 2016. <\/span><\/span><\/span><\/p>\n<p><span style=\"font-family: Arial, serif; font-size: 10pt;\"><span lang=\"es-ES\">PARA M\u00c9DICOS, PSIC\u00d3LOGOS, PSIQUIATRAS, KINESI\u00d3LOGOS, TERAPEUTAS CORPORALES, COUNSELORS, PSICOPEDAGOGOS<br \/>\nIndicaciones: trauma ps\u00edquico y patolog\u00edas varias<\/span><\/span><\/p>\n<p><span style=\"font-family: Arial, serif; font-size: 10pt;\"><span lang=\"es-ES\">Para Cromo-TIC precisa un juego de 10 anteojos de colores que se venden aparte, por encargo<br \/>\n<\/span><\/span><span style=\"font-family: Arial, serif; font-size: 10pt;\"><span lang=\"es-ES\">Para Cromoterapia auricular se usa un cromopuntor que se vende aparte, por encargo<\/span><\/span><\/p>\n<p><span style=\"font-family: Arial, serif; font-size: 10pt;\"><span lang=\"es-ES\">Consultar costos<\/span><\/span><\/p>\n<p><span style=\"font-family: Arial, serif; font-size: 10pt;\"><strong>Entrenadora<\/strong>: Dra. Raquel C. Ferrazzano de Solvey<\/span><\/p>\n<p><span style=\"font-family: Arial, serif; font-size: 10pt;\">Organizador: Terapias de Avanzada Uruguay<br \/>\n<\/span><span style=\"font-family: Arial, serif; font-size: 10pt;\"><span lang=\"es-ES\">Horario: de 9,00 a 13,00 hs.<br \/>\n<\/span><\/span><span style=\"font-family: Arial, serif; font-size: 10pt;\"><span lang=\"es-ES\">Lugar:\u00a0Centro CREARSE \u2013 Arismendi 1424<\/span><\/span><\/p>\n<p><span style=\"font-family: Arial, serif; font-size: 10pt;\"><span lang=\"es-ES\">Informes e inscripci\u00f3n:<br \/>\nPsic. Lorena Odacio<br \/>\nterapiasdeavanzadauy@gmail.com<br \/>\n<\/span><\/span><span style=\"font-family: Arial, serif; font-size: 10pt;\"><span lang=\"es-ES\">098 237 485<\/span><\/span><\/p>\n<hr \/>\n<hr \/>\n<p style=\"text-align: center;\"><span style=\"color: #ff0000; font-family: helvetica, arial, sans-serif; font-size: 12pt;\"><span lang=\"es-ES\"><b>21 y 22 de Julio de 2018 \u2013 Montevideo \u2013 Uruguay<br \/>\n<\/b><\/span><\/span><span style=\"color: #ff0000; font-family: helvetica, arial, sans-serif; font-size: 12pt;\"><span lang=\"es-ES\"><b>TIC \u00ae: T\u00e9cnicas de Integraci\u00f3n Cerebral <\/b><\/span><\/span><\/p>\n<p><span style=\"font-family: helvetica, arial, sans-serif; font-size: 10pt;\"><span lang=\"es-ES\"><b>TIC <\/b><\/span><sup><span lang=\"es-ES\">\u00ae<\/span><\/sup><span lang=\"es-ES\"><b> :<\/b><\/span> <span lang=\"es-ES\"><b>T\u00c9CNICAS DE INTEGRACI\u00d3N CEREBRAL,<\/b><\/span><span lang=\"es-ES\"> son dos nuevos m\u00e9todos terap\u00e9uticos desarrollados en el a\u00f1o 2000, <\/span><span lang=\"es-ES\"><b>Anteojos Hemisf\u00e9ricos<\/b><\/span><span lang=\"es-ES\">\u00ae y <\/span><span lang=\"es-ES\"><b>Un ojo x Vez<\/b><\/span><span lang=\"es-ES\">\u00ae, que act\u00faan sobre\u00a0 la integraci\u00f3n de la informaci\u00f3n en los hemisferios cerebrales, resolviendo distintas patolog\u00edas\u00a0r\u00e1pida y eficazmente.<\/span><\/span><\/p>\n<p><span style=\"font-family: helvetica, arial, sans-serif; font-size: 10pt;\">Entrenadora: Dra. Raquel C. Ferrazzano de Solvey<br \/>\n<\/span><span style=\"font-family: helvetica, arial, sans-serif; font-size: 10pt;\">Organizador: Terapias de Avanzada Uruguay<br \/>\n<\/span><span style=\"font-family: helvetica, arial, sans-serif; font-size: 10pt;\"><span lang=\"es-ES\">Lugar:\u00a0Centro CREARSE \u2013 Arismendi 1424 \u2013 Montevideo &#8211; Uruguay<br \/>\n<\/span><\/span><span style=\"font-family: helvetica, arial, sans-serif; font-size: 10pt;\"><span lang=\"es-ES\">Informes e inscripci\u00f3n:<br \/>\nPsic. Lorena Odacio<br \/>\nterapiasdeavanzadauy@gmail.com \/\u00a0<\/span><\/span><span style=\"font-family: helvetica, arial, sans-serif; font-size: 10pt;\"><span lang=\"es-ES\">098 237 485<\/span><\/span><\/p>\n<hr \/>\n<hr \/>\n<p style=\"text-align: center;\"><span style=\"color: #ff0000; font-size: 12pt;\"><span style=\"font-family: Arial, serif;\"><span lang=\"es-ES\"><b>22 de Julio de 2018 \u2013 Montevideo \u2013 Uruguay<br \/>\n<\/b><\/span><\/span><\/span><span style=\"color: #ff0000; font-size: 12pt;\"><span style=\"font-family: Arial, serif;\"><span lang=\"es-ES\"><b>PET- PAIN ERASING TECHNIQUE \u2013 Borrado del dolor<\/b><\/span><\/span><\/span><\/p>\n<p><span style=\"font-family: Arial, serif; font-size: 10pt;\"><span lang=\"es-ES\">T\u00e9cnica para todo tipo de dolores y s\u00edntomas f\u00edsicos. Autoaplicable, de muy r\u00e1pida acci\u00f3n, la mayor\u00eda de las veces inmediatos y carece de efectos secundarios.<\/span><\/span><\/p>\n<p><span style=\"font-family: Arial, serif; font-size: 10pt;\"><span lang=\"es-ES\">Entrenamiento abierto a los Profesionales de la Salud Mental<br \/>\n<\/span><\/span><span style=\"font-family: Arial, serif; font-size: 10pt;\">Entrenadora: Dra. Raquel C. Ferrazzano de Solvey<br \/>\n<\/span><span style=\"font-family: Arial, serif; font-size: 10pt;\">Organizador: Terapias de Avanzada Uruguay<br \/>\n<\/span><span style=\"font-family: Arial, serif; font-size: 10pt;\"><span lang=\"es-ES\">Lugar:\u00a0Centro CREARSE \u2013 Arismendi 1424 \u2013 Montevideo \u2013 Uruguay<br \/>\n<\/span><\/span><span style=\"font-family: Arial, serif; font-size: 10pt;\"><span lang=\"es-ES\">Informes e inscripci\u00f3n:<br \/>\nPsic. Lorena Odacio<br \/>\n<a href=\"mailto:terapiasdeavanzadauy@gmail.com\">terapiasdeavanzadauy@gmail.com \/\u00a0\u00a0<\/a><\/span><\/span><span style=\"font-family: Arial, serif; font-size: 10pt;\"><span lang=\"es-ES\">098 237 485<\/span><\/span><\/p>\n<hr \/>\n<hr \/>\n<p style=\"text-align: center;\"><span style=\"color: #ff0000; font-size: 12pt; font-family: helvetica, arial, sans-serif;\"><span lang=\"es-ES\"><b>24 al 26 de Agosto de 2018 \u2013 Buenos Aires<\/b><\/span><\/span><\/p>\n<p style=\"text-align: center;\"><span style=\"font-size: 12pt; font-family: helvetica, arial, sans-serif;\"><span style=\"color: #ff0000;\"><span lang=\"es-ES\"><b>TdeA-EMDR-Argentina\u00ae<\/b><\/span><\/span><span style=\"color: #ff0000;\"><span lang=\"es-ES\"><b> &#8211; Parte 1<\/b><\/span><\/span><\/span><\/p>\n<p><span style=\"font-family: helvetica, arial, sans-serif; font-size: 10pt;\"><span lang=\"es-ES\"><b>(Movimientos oculares ,desensibilizaci\u00f3n y reprocesamiento)<\/b><\/span><span lang=\"es-ES\"> es un m\u00e9todo nuevo y poderoso de hacer psicoterapia que ha ayudado a miles de personas de todo el mundo en diferentes cuadros cl\u00ednicos, trastornos de personalidad y traumas. Su herramienta es la <\/span><span lang=\"es-ES\"><b>ESB\u00ae<\/b><\/span><span lang=\"es-ES\"> &#8211; Estimulaci\u00f3n Sensorial Bilateral <\/span><sup><span lang=\"es-ES\">\u00ae<\/span><\/sup><span lang=\"es-ES\"> que acelera las funciones de procesamiento de la informaci\u00f3n disfuncional en el cerebro, estimulando el intercambio de informaci\u00f3n entre ambos hemisferios.<\/span><\/span><\/p>\n<p><span style=\"font-family: helvetica, arial, sans-serif; font-size: 10pt;\"><span lang=\"es-ES\"><b>Entrenamiento abierto a los Profesionales de la Salud Mental<\/b><\/span><\/span><\/p>\n<p><span style=\"font-family: helvetica, arial, sans-serif; font-size: 10pt;\"><strong>Entrenadora<\/strong>: Dra. Raquel C. Ferrazzano de Solvey<\/span><\/p>\n<p><span style=\"font-family: helvetica, arial, sans-serif; font-size: 10pt;\"><strong>Organizador<\/strong>: Terapias de Avanzada<br \/>\n<\/span><span lang=\"es-MX\" style=\"font-family: helvetica, arial, sans-serif; font-size: 10pt;\">Lugar<\/span><span lang=\"es-MX\" style=\"font-family: helvetica, arial, sans-serif; font-size: 10pt;\">: F. Lacroze 1820 \u2013 4\u00ba B &#8211; C.A.B.A.<br \/>\n<\/span><span style=\"font-family: helvetica, arial, sans-serif; font-size: 10pt;\"><span lang=\"es-MX\">Horarios<\/span><span lang=\"es-MX\">: viernes, s\u00e1bado y domingo de 10,00 a 19,00 hs.<br \/>\n<\/span><\/span><span style=\"font-family: helvetica, arial, sans-serif; font-size: 10pt;\"><span lang=\"es-MX\">Costo<\/span><span lang=\"es-MX\">: $7.000.-<br \/>\n<\/span><\/span><span style=\"font-family: helvetica, arial, sans-serif; font-size: 10pt;\"><span lang=\"es-MX\">Recursantes 50%<\/span><\/span><\/p>\n<p><span style=\"font-family: Arial, serif; font-size: 10pt;\"><span lang=\"es-ES\"><span style=\"font-family: helvetica, arial, sans-serif;\">Informes e inscripci\u00f3n<\/span><br \/>\n<span style=\"font-family: helvetica, arial, sans-serif;\">F. Lacroze 1820 \u2013 Capital \/\u00a0<\/span><span style=\"font-family: helvetica, arial, sans-serif;\">(54 11) 4775-1690\/1691 \/ terapiasdeavanzada@gmail.com<\/span> <\/span><\/span><\/p>\n<hr \/>\n<hr \/>\n<p style=\"text-align: center;\"><span style=\"color: #ff0000; font-size: 12pt; font-family: helvetica, arial, sans-serif;\"><span lang=\"es-ES\"><b>17 y 18 de Agosto de 2018 &#8211; Buenos Aires<br \/>\n<\/b><\/span><\/span><span style=\"color: #ff0000; font-size: 12pt; font-family: helvetica, arial, sans-serif;\"><span lang=\"es-ES\"><b>TIC \u00ae: T\u00e9cnicas de Integraci\u00f3n Cerebral <\/b><\/span><\/span><\/p>\n<p><span style=\"font-size: 10pt; font-family: helvetica, arial, sans-serif;\"><span lang=\"es-ES\"><b>TIC <\/b><\/span><sup><span lang=\"es-ES\">\u00ae<\/span><\/sup><span lang=\"es-ES\"><b> :<\/b><\/span> <span lang=\"es-ES\"><b>T\u00c9CNICAS DE INTEGRACI\u00d3N CEREBRAL,<\/b><\/span><span lang=\"es-ES\"> son dos nuevos m\u00e9todos terap\u00e9uticos desarrollados en el a\u00f1o 2000, <\/span><span lang=\"es-ES\"><b>Anteojos Hemisf\u00e9ricos<\/b><\/span><span lang=\"es-ES\">\u00ae y <\/span><span lang=\"es-ES\"><b>Un ojo x Vez<\/b><\/span><span lang=\"es-ES\">\u00ae, que act\u00faan sobre\u00a0 la integraci\u00f3n de la informaci\u00f3n en los hemisferios cerebrales, resolviendo distintas patolog\u00edas\u00a0r\u00e1pida y eficazmente.<\/span><\/span><\/p>\n<p><span style=\"font-family: helvetica, arial, sans-serif; font-size: 10pt;\">Entrenadora: Dra. Raquel C. Ferrazzano de Solvey<\/span><\/p>\n<p><span style=\"font-family: helvetica, arial, sans-serif; font-size: 10pt;\"><strong>Organizador<\/strong>: Terapias de Avanzada<br \/>\n<\/span><span lang=\"es-MX\" style=\"font-family: helvetica, arial, sans-serif; font-size: 10pt;\">Lugar<\/span><span lang=\"es-MX\" style=\"font-family: helvetica, arial, sans-serif; font-size: 10pt;\">: Federico Lacroze 1820 \u2013 4\u00ba \u201cB\u201d &#8211; Capital<br \/>\n<\/span><span style=\"font-size: 10pt; font-family: helvetica, arial, sans-serif;\"><span lang=\"es-MX\">Costo<\/span><span lang=\"es-MX\">: 6000$ &#8211;\u00a0<\/span><span lang=\"es-MX\">Horarios<\/span><span lang=\"es-MX\">: de 10,00 a 19,00hs.<\/span><\/span><\/p>\n<p><span style=\"font-family: helvetica, arial, sans-serif; font-size: 10pt;\"><span lang=\"es-ES\"><b>Informes e inscripci\u00f3n<br \/>\n<\/b>F. Lacroze 1820 7B &#8211; CABA \/\u00a0(54 11) 4775-1691 \/\u00a0prsolvey@sion.com \/ terapiasdeavanzada@gmail.com<\/span><\/span><\/p>\n<hr \/>\n<hr \/>\n<p style=\"text-align: center;\"><span style=\"color: #ff0000; font-size: 12pt; font-family: helvetica, arial, sans-serif;\"><span lang=\"es-ES\"><b>19 de Agosto de 2018 \u2013 Buenos Aires<br \/>\n<\/b><\/span><\/span><span style=\"color: #ff0000; font-size: 12pt; font-family: helvetica, arial, sans-serif;\"><span lang=\"es-ES\"><b>PET- PAIN ERASING TECHNIQUE \u2013 Borrado del dolor. <\/b><\/span><\/span><\/p>\n<p><span style=\"font-family: helvetica, arial, sans-serif; font-size: 10pt;\"><span lang=\"es-ES\">T\u00e9cnica para todo tipo de dolores y s\u00edntomas f\u00edsicos. Autoaplicable, de muy r\u00e1pida acci\u00f3n, la mayor\u00eda de las veces inmediatos y carece de efectos secundarios.<\/span><\/span><\/p>\n<p><span style=\"font-family: helvetica, arial, sans-serif; font-size: 10pt;\"><span lang=\"es-ES\"><b>Entrenamiento abierto a los Profesionales de la Salud Mental<\/b><\/span><\/span><\/p>\n<p><span style=\"font-family: helvetica, arial, sans-serif; font-size: 10pt;\">Entrenadora: Dra. Raquel C. Ferrazzano de Solvey<br \/>\n<\/span><span style=\"font-family: helvetica, arial, sans-serif; font-size: 10pt;\">Organizador: Terapias de Avanzada<br \/>\n<\/span><span lang=\"es-MX\" style=\"font-family: helvetica, arial, sans-serif; font-size: 10pt;\">Lugar<\/span><span lang=\"es-MX\" style=\"font-family: helvetica, arial, sans-serif; font-size: 10pt;\">: Federico Lacroze 1820 \u2013 4\u00ba \u201cB\u201d \u2013 Capital \/\u00a0<\/span><span style=\"font-size: 10pt; font-family: helvetica, arial, sans-serif;\"><span lang=\"es-MX\">Horario<\/span><span lang=\"es-MX\">: de 15,00 a 19,00 hs.<\/span><\/span><\/p>\n<p><span style=\"font-family: helvetica, arial, sans-serif; font-size: 10pt;\"><span lang=\"es-ES\"><b>Informes e inscripci\u00f3n<br \/>\n<\/b>F. Lacroze 1820 7B \u2013 CABA \/\u00a0(54 11) 4775-1691 \/\u00a0prsolvey@sion.com \/ <a href=\"mailto:terapiasdeavanzada@gmail.com\">terapiasdeavanzada@gmail.com<\/a><\/span><\/span><\/p>\n<hr \/>\n<hr \/>\n<p style=\"text-align: center;\"><span style=\"color: #ff0000; font-size: 12pt; font-family: helvetica, arial, sans-serif;\"><b>7 de Septiembre de 2018 \u2013 Buenos Aires<br \/>\n<\/b><\/span><span style=\"color: #ff0000; font-size: 12pt; font-family: helvetica, arial, sans-serif;\"><span lang=\"es-ES\"><b>PET- PAIN ERASING TECHNIQUE \u2013 Borrado del dolor.<\/b><\/span><\/span><\/p>\n<p><span style=\"font-family: helvetica, arial, sans-serif; font-size: 10pt;\"><span lang=\"es-ES\">T\u00e9cnica para todo tipo de dolores y s\u00edntomas f\u00edsicos. Autoaplicable, de muy r\u00e1pida acci\u00f3n, la mayor\u00eda de las veces inmediatos y carece de efectos secundarios.<\/span><\/span><\/p>\n<p><span style=\"font-family: helvetica, arial, sans-serif; font-size: 10pt;\"><span lang=\"es-ES\"><b>Entrenamiento abierto a los Profesionales de la Salud Mental<\/b><\/span><\/span><\/p>\n<p><span style=\"font-family: helvetica, arial, sans-serif; font-size: 10pt;\">Entrenadora: Dra. Raquel C. Ferrazzano de Solvey<br \/>\n<\/span><span style=\"font-family: helvetica, arial, sans-serif; font-size: 10pt;\">Organizador: Terapias de Avanzada<br \/>\n<\/span><span style=\"font-family: helvetica, arial, sans-serif; font-size: 10pt;\">Costo: $ 1.000.-<br \/>\n<\/span><span style=\"font-family: helvetica, arial, sans-serif; font-size: 10pt;\"><span lang=\"es-ES\">Horario: de 10,00 a 12,00 hs.<br \/>\n<\/span><\/span><span style=\"font-family: helvetica, arial, sans-serif; font-size: 10pt;\"><span lang=\"es-ES\">Lugar:\u00a0Terapias de Avanzada \u2013 F. Lacroze 1820 \u2013 4\u00ba \u201cB\u201d \u2013 C.A.B.A.<\/span><\/span><\/p>\n<hr \/>\n<hr \/>\n<p style=\"text-align: center;\"><span style=\"color: #ff0000; font-size: 12pt; font-family: helvetica, arial, sans-serif;\"><span lang=\"es-ES\"><b>7 de Septiembre de 2018 \u2013 Buenos Aires<\/b><\/span><\/span><\/p>\n<p style=\"text-align: center;\"><span style=\"color: #ff0000; font-size: 12pt; font-family: helvetica, arial, sans-serif;\"><span lang=\"es-ES\"><b>CROMO PSICOTERAPIAS \u2013 Cromo-TIC y Cromoterapia auricular<\/b><\/span><\/span><\/p>\n<p><span style=\"font-size: 10pt; font-family: helvetica, arial, sans-serif;\"><span lang=\"es-ES\">2 T\u00c9CNICAS DE COLOR DE ULTIMA GENERACI\u00d3N, \u00fanicas en el mundo, presentadas por el Dr. Daniel As\u00eds y la Dra. Raquel C. Ferrazzano de Solvey en el Congreso de la<\/span> <span lang=\"es-ES\">International Light Association \u2013 ILA &#8211; Viena el 23 de marzo de 2016.<br \/>\n<\/span><\/span><span style=\"font-family: helvetica, arial, sans-serif; font-size: 10pt;\">PARA M\u00c9DICOS, PSIC\u00d3LOGOS, PSIQUIATRAS, KINESI\u00d3LOGOS, TERAPEUTAS CORPORALES, COUNSELORS, PSICOPEDAGOGOS<br \/>\n<\/span><span style=\"font-family: helvetica, arial, sans-serif; font-size: 10pt;\"><span lang=\"es-ES\">Indicaciones: trauma ps\u00edquico y patolog\u00edas varias<br \/>\n<\/span><\/span><span style=\"font-family: helvetica, arial, sans-serif; font-size: 10pt;\"><span lang=\"es-ES\">Para Cromo-TIC precisa un juego de 10 anteojos de colores que se venden aparte, por encargo<br \/>\n<\/span><\/span><span style=\"font-family: helvetica, arial, sans-serif; font-size: 10pt;\"><span lang=\"es-ES\">Para Cromoterapia auricular se usa un cromopuntor que se vende aparte, por encargo &#8211;\u00a0<\/span><\/span><span style=\"font-family: helvetica, arial, sans-serif; font-size: 10pt;\"><span lang=\"es-ES\">Consultar costos<\/span><\/span><\/p>\n<p><span style=\"font-family: Arial, serif; font-size: 10pt;\">Entrenadora: Dra. Raquel C. Ferrazzano de Solvey<\/span><\/p>\n<p><span style=\"font-family: Arial, serif; font-size: 10pt;\">Organizador: Terapias de Avanzada<br \/>\n<\/span><span style=\"font-family: Arial, serif; font-size: 10pt;\">Costo: $ 3.500.-\u00a0<\/span><span style=\"font-family: Arial, serif; font-size: 10pt;\"><span lang=\"es-ES\">Horario: de 14,00 a 19,00 hs. &#8211;\u00a0<\/span><\/span><span style=\"font-family: Arial, serif; font-size: 10pt;\"><span lang=\"es-ES\">Lugar:\u00a0Terapias de Avanzada \u2013 F. Lacroze 1820 \u2013 4\u00ba \u201cB\u201d \u2013 C.A.B.A.<\/span><\/span><\/p>\n<p><span style=\"font-family: Arial, serif; font-size: 10pt;\"><span lang=\"es-ES\"><b>Informes e inscripci\u00f3n<br \/>\n<\/b>F. Lacroze 1820 7B \u2013 CABA &#8211;\u00a0(54 11) 4775-1691\u00a0prsolvey@sion.com \/ <a href=\"mailto:terapiasdeavanzada@gmail.com\">terapiasdeavanzada@gmail.com<\/a><\/span><\/span><\/p>\n<hr \/>\n<hr \/>\n<p style=\"text-align: center;\"><span style=\"color: #ff0000; font-size: 12pt;\"><span style=\"font-family: Arial, serif;\"><span lang=\"es-CL\"><b>8 de Septiembre de 2018 \u2013 Buenos Aires<br \/>\n<\/b><\/span><\/span><\/span><span style=\"color: #ff0000; font-size: 12pt;\"><span style=\"font-family: Arial, serif;\"><span lang=\"es-CL\"><b>ESCENA FUNDANTE Y COMO TRABAJAR CON LAS TERAPIAS DE AVANZADA<\/b><\/span><\/span><\/span><\/p>\n<p><span style=\"font-size: 10pt; font-family: helvetica, arial, sans-serif;\"><span lang=\"es-CL\"><b>La Escena Fundante\u00ae, <\/b><\/span><span lang=\"es-CL\">tambi\u00e9n llamada \u201cproto-escena\u201d es una escena de los primeros a\u00f1os de vida, a veces pre-natal, que se constituye en los cimientos del edificio sintom\u00e1tico. Hallarla y desactivarla permite colapsar en poco tiempo, a veces pocos minutos, todos los s\u00edntomas derivados de ella. Es una manera profunda y veloz de tratamiento.<\/span><\/span><\/p>\n<p><span style=\"font-family: helvetica, arial, sans-serif; font-size: 10pt;\"><span lang=\"es-ES\">La E. F. es muy \u00fatil y exitosa en el tratamiento de todo tipo de patolog\u00edas, tanto psicol\u00f3gicas como \u00a0org\u00e1nicas, permitiendo su alivio o resoluci\u00f3n de una manera profunda y radical.<\/span><\/span><\/p>\n<p><span style=\"font-size: 10pt; font-family: helvetica, arial, sans-serif;\"><span lang=\"es-ES\">En<\/span><span lang=\"es-ES\"><b> Como trabajar con las T de Avanzada <\/b><\/span><span lang=\"es-ES\">mostraremos como abordar un tratamiento y como llegar a encontrar la escena, en las diferentes patolog\u00edas, a partir de la cual se aplicar\u00e1n las diferentes t\u00e9cnicas. Se ense\u00f1ar\u00e1 la diferencia de abordaje entre un s\u00edntoma y un trauma.<\/span><\/span><\/p>\n<p><span style=\"font-family: helvetica, arial, sans-serif; font-size: 10pt;\">Entrenadora: Dra. Raquel C. Ferrazzano de Solvey<\/span><\/p>\n<p><span style=\"font-family: helvetica, arial, sans-serif; font-size: 10pt;\">Organizador: Terapias de Avanzada<br \/>\n<\/span><span style=\"font-family: helvetica, arial, sans-serif; font-size: 10pt;\">Costo: $ 2.500.-\u00a0<\/span><span style=\"font-family: helvetica, arial, sans-serif; font-size: 10pt;\"><span lang=\"es-ES\">Horario: de 9.00 a 13,00 hs. \/\u00a0<\/span><\/span><span style=\"font-family: helvetica, arial, sans-serif; font-size: 10pt;\"><span lang=\"es-ES\">Lugar:\u00a0Terapias de Avanzada \u2013 F. Lacroze 1820 \u2013 4\u00ba \u201cB\u201d \u2013 C.A.B.A.<\/span><\/span><\/p>\n<p><span style=\"font-family: helvetica, arial, sans-serif; font-size: 10pt;\"><span lang=\"es-ES\"><b>Informes e inscripci\u00f3n<br \/>\n<\/b>F. Lacroze 1820 7B \u2013 CABA &#8211;\u00a0(54 11) 4775-1691 \/\u00a0prsolvey@sion.com \/ <a href=\"mailto:terapiasdeavanzada@gmail.com\">terapiasdeavanzada@gmail.com<\/a><\/span><\/span><a name=\"_GoBack\"><\/a><\/p>\n<hr \/>\n<hr \/>\n<p style=\"text-align: center;\"><span style=\"color: #ff0000; font-size: 12pt; font-family: helvetica, arial, sans-serif;\"><span lang=\"es-CL\"><b>8 de Septiembre de 2018 \u2013 Buenos Aires<br \/>\n<\/b><\/span><\/span><span style=\"color: #ff0000; font-size: 12pt; font-family: helvetica, arial, sans-serif;\"><span lang=\"es-ES\"><b>LOS DIBUJOS DE SIMONTON &#8211; Para diagn\u00f3stico de trastornos f\u00edsicos y emocionales<\/b><\/span><\/span><\/p>\n<p><span style=\"font-size: 10pt;\"><span style=\"font-family: Arial, serif;\"><span lang=\"es-ES\"><b>SISTEMA SIMONTON <\/b><\/span><\/span><span style=\"font-family: Arial, serif;\"><span lang=\"es-ES\">: En la d\u00e9cada del \u00b480 el <\/span><\/span><span style=\"font-family: Arial, serif;\"><span lang=\"es-ES\"><b>Dr. Carl Simonton<\/b><\/span><\/span><span style=\"font-family: Arial, serif;\"><span lang=\"es-ES\">, MD (Radi\u00f3logo) onc\u00f3logo de EE UU, y su esposa <\/span><\/span><span style=\"font-family: Arial, serif;\"><span lang=\"es-ES\"><b>Stephanie Mathew Simonton<\/b><\/span><\/span><span style=\"font-family: Arial, serif;\"><span lang=\"es-ES\">, PhD,\u00a0 dise\u00f1aron un protocolo de abordaje CON DIBUJOS Y UN BREVE CUESTIONARIO, para pacientes oncol\u00f3gicos, que posteriormente hemos adaptado a todo tipo de enfermedades f\u00edsicas y problemas emocionales. <\/span><\/span><\/span><\/p>\n<p><span style=\"font-family: Arial, serif; font-size: 10pt;\">Entrenadora: Dra. Raquel C. Ferrazzano de Solvey<\/span><\/p>\n<p><span style=\"font-family: Arial, serif; font-size: 10pt;\">Organizador: Terapias de Avanzada<br \/>\n<\/span><span style=\"font-family: Arial, serif; font-size: 10pt;\">Costo: $ 2.000.-\u00a0<\/span><span style=\"font-family: Arial, serif; font-size: 10pt;\"><span lang=\"es-ES\">Horario: de 15.00 a 19,00 hs. \/\u00a0<\/span><\/span><span style=\"font-family: Arial, serif; font-size: 10pt;\"><span lang=\"es-ES\">Lugar:\u00a0Terapias de Avanzada \u2013 F. Lacroze 1820 \u2013 4\u00ba \u201cB\u201d \u2013 C.A.B.A.<\/span><\/span><\/p>\n<p><span style=\"font-family: Arial, serif; font-size: 10pt;\"><span lang=\"es-ES\"><b>Informes e inscripci\u00f3n<br \/>\n<\/b>F. Lacroze 1820 7B &#8211; CABA \/\u00a0(54 11) 4775-1690\/1691 \/\u00a0prsolvey@sion.com \/ terapiasdeavanzada@gmail.com<\/span><\/span><\/p>\n","protected":false},"excerpt":{"rendered":"<p>Entrenamientos 2020 Debido a la pandemia los cursos presenciales est\u00e1n por el momento suspendidos \u00a0 27, 28 y 29 de Marzo de 2020 &#8211;\u00a0Montevideo \u2013 Uruguay\u00a0 Entrenamiento en TdeA-EMDR\u00ae\u00a0\u2013 Parte 1 25 a\u00f1os entrenando en EMDR! (Movimientos oculares ,desensibilizaci\u00f3n y reprocesamiento)\u00a0es un m\u00e9todo nuevo y poderoso de hacer psicoterapia que ha ayudado a miles de &hellip;<\/p>\n<p class=\"read-more\"> <a class=\"\" href=\"https:\/\/www.terapiasdeavanzada.org\/web\/entrenamientos-cursos-jornadas\/\"> <span class=\"screen-reader-text\">ENTRENAMIENTOS \/ CURSOS JORNADAS<\/span> Leer m\u00e1s &raquo;<\/a><\/p>\n","protected":false},"author":1,"featured_media":0,"parent":0,"menu_order":0,"comment_status":"closed","ping_status":"closed","template":"","meta":{"site-sidebar-layout":"default","site-content-layout":"default","ast-global-header-display":"","ast-banner-title-visibility":"","ast-main-header-display":"","ast-hfb-above-header-display":"","ast-hfb-below-header-display":"","ast-hfb-mobile-header-display":"","site-post-title":"","ast-breadcrumbs-content":"","ast-featured-img":"","footer-sml-layout":"","theme-transparent-header-meta":"","adv-header-id-meta":"","stick-header-meta":"","header-above-stick-meta":"","header-main-stick-meta":"","header-below-stick-meta":""},"_links":{"self":[{"href":"https:\/\/www.terapiasdeavanzada.org\/web\/wp-json\/wp\/v2\/pages\/920"}],"collection":[{"href":"https:\/\/www.terapiasdeavanzada.org\/web\/wp-json\/wp\/v2\/pages"}],"about":[{"href":"https:\/\/www.terapiasdeavanzada.org\/web\/wp-json\/wp\/v2\/types\/page"}],"author":[{"embeddable":true,"href":"https:\/\/www.terapiasdeavanzada.org\/web\/wp-json\/wp\/v2\/users\/1"}],"replies":[{"embeddable":true,"href":"https:\/\/www.terapiasdeavanzada.org\/web\/wp-json\/wp\/v2\/comments?post=920"}],"version-history":[{"count":25,"href":"https:\/\/www.terapiasdeavanzada.org\/web\/wp-json\/wp\/v2\/pages\/920\/revisions"}],"predecessor-version":[{"id":1507,"href":"https:\/\/www.terapiasdeavanzada.org\/web\/wp-json\/wp\/v2\/pages\/920\/revisions\/1507"}],"wp:attachment":[{"href":"https:\/\/www.terapiasdeavanzada.org\/web\/wp-json\/wp\/v2\/media?parent=920"}],"curies":[{"name":"wp","href":"https:\/\/api.w.org\/{rel}","templated":true}]}}